{"id":1035,"date":"2020-02-03T13:32:31","date_gmt":"2020-02-03T12:32:31","guid":{"rendered":"https:\/\/creena.educacion.navarra.es\/web\/erasmus\/pamplona-march-2019\/"},"modified":"2021-11-15T13:24:32","modified_gmt":"2021-11-15T12:24:32","slug":"pamplona-march-2019","status":"publish","type":"page","link":"https:\/\/creena.educacion.navarra.es\/web\/erasmus\/en\/pamplona-march-2019\/","title":{"rendered":"Pamplona &#8211; march 2019"},"content":{"rendered":"\t\t<div data-elementor-type=\"wp-page\" data-elementor-id=\"1035\" class=\"elementor elementor-1035 elementor-809\">\n\t\t\t\t\t\t\t\t\t<section class=\"elementor-section elementor-top-section elementor-element elementor-element-16b6048 elementor-section-height-min-height elementor-section-content-middle elementor-section-stretched elementor-section-boxed elementor-section-height-default elementor-section-items-middle\" data-id=\"16b6048\" data-element_type=\"section\" data-settings=\"{&quot;background_background&quot;:&quot;classic&quot;,&quot;stretch_section&quot;:&quot;section-stretched&quot;}\">\n\t\t\t\t\t\t<div class=\"elementor-container elementor-column-gap-no\">\n\t\t\t\t\t<div class=\"elementor-column elementor-col-50 elementor-top-column elementor-element elementor-element-8b61d76\" data-id=\"8b61d76\" data-element_type=\"column\">\n\t\t\t<div class=\"elementor-widget-wrap elementor-element-populated\">\n\t\t\t\t\t\t\t\t<div class=\"elementor-element elementor-element-389d1b4 elementor-icon-list--layout-inline elementor-mobile-align-center elementor-hidden-phone elementor-list-item-link-full_width elementor-widget elementor-widget-icon-list\" data-id=\"389d1b4\" data-element_type=\"widget\" data-widget_type=\"icon-list.default\">\n\t\t\t\t<div class=\"elementor-widget-container\">\n\t\t\t\t\t<ul class=\"elementor-icon-list-items elementor-inline-items\">\n\t\t\t\t\t\t\t<li class=\"elementor-icon-list-item elementor-inline-item\">\n\t\t\t\t\t\t\t\t\t\t\t<a href=\"https:\/\/proeducarhezigarri.educacion.navarra.es\/contacto\/\" target=\"_blank\">\n\n\t\t\t\t\t\t\t\t\t\t\t\t<span class=\"elementor-icon-list-icon\">\n\t\t\t\t\t\t\t<i aria-hidden=\"true\" class=\"fas fa-phone\"><\/i>\t\t\t\t\t\t<\/span>\n\t\t\t\t\t\t\t\t\t\t<span class=\"elementor-icon-list-text\">+34 848 43 12 30<\/span>\n\t\t\t\t\t\t\t\t\t\t\t<\/a>\n\t\t\t\t\t\t\t\t\t<\/li>\n\t\t\t\t\t\t\t\t<li class=\"elementor-icon-list-item elementor-inline-item\">\n\t\t\t\t\t\t\t\t\t\t\t<a href=\"https:\/\/proeducarhezigarri.educacion.navarra.es\/contacto\/\" target=\"_blank\">\n\n\t\t\t\t\t\t\t\t\t\t\t\t<span class=\"elementor-icon-list-icon\">\n\t\t\t\t\t\t\t<i aria-hidden=\"true\" class=\"far fa-envelope\"><\/i>\t\t\t\t\t\t<\/span>\n\t\t\t\t\t\t\t\t\t\t<span class=\"elementor-icon-list-text\">CONTACT<\/span>\n\t\t\t\t\t\t\t\t\t\t\t<\/a>\n\t\t\t\t\t\t\t\t\t<\/li>\n\t\t\t\t\t\t<\/ul>\n\t\t\t\t<\/div>\n\t\t\t\t<\/div>\n\t\t\t\t\t<\/div>\n\t\t<\/div>\n\t\t\t\t<div class=\"elementor-column elementor-col-50 elementor-top-column elementor-element elementor-element-cb5852f\" data-id=\"cb5852f\" data-element_type=\"column\">\n\t\t\t<div class=\"elementor-widget-wrap elementor-element-populated\">\n\t\t\t\t\t\t\t\t<div class=\"elementor-element elementor-element-3cfce19 elementor-widget elementor-widget-wpml-language-switcher\" data-id=\"3cfce19\" data-element_type=\"widget\" data-widget_type=\"wpml-language-switcher.default\">\n\t\t\t\t<div class=\"elementor-widget-container\">\n\t\t\t<div class=\"wpml-elementor-ls\">\n<div class=\"wpml-ls-statics-shortcode_actions wpml-ls wpml-ls-legacy-list-horizontal\">\n\t<ul role=\"menu\"><li class=\"wpml-ls-slot-shortcode_actions wpml-ls-item wpml-ls-item-es wpml-ls-first-item wpml-ls-item-legacy-list-horizontal\" role=\"none\">\n\t\t\t\t<a href=\"https:\/\/creena.educacion.navarra.es\/web\/erasmus\/\" class=\"wpml-ls-link\" role=\"menuitem\"  aria-label=\"Switch to Spanish\" title=\"Switch to Spanish\" >\n                    <span class=\"wpml-ls-display\">Spanish<\/span><\/a>\n\t\t\t<\/li><li class=\"wpml-ls-slot-shortcode_actions wpml-ls-item wpml-ls-item-eu wpml-ls-item-legacy-list-horizontal\" role=\"none\">\n\t\t\t\t<a href=\"https:\/\/creena.educacion.navarra.es\/web\/erasmus\/eu\/\" class=\"wpml-ls-link\" role=\"menuitem\"  aria-label=\"Switch to Basque\" title=\"Switch to Basque\" >\n                    <span class=\"wpml-ls-display\">Basque<\/span><\/a>\n\t\t\t<\/li><li class=\"wpml-ls-slot-shortcode_actions wpml-ls-item wpml-ls-item-en wpml-ls-current-language wpml-ls-item-legacy-list-horizontal\" role=\"none\">\n\t\t\t\t<a href=\"https:\/\/creena.educacion.navarra.es\/web\/erasmus\/en\/\" class=\"wpml-ls-link\" role=\"menuitem\" >\n                    <span class=\"wpml-ls-native\" role=\"menuitem\">English<\/span><\/a>\n\t\t\t<\/li><li class=\"wpml-ls-slot-shortcode_actions wpml-ls-item wpml-ls-item-it wpml-ls-item-legacy-list-horizontal\" role=\"none\">\n\t\t\t\t<a href=\"https:\/\/creena.educacion.navarra.es\/web\/erasmus\/it\/\" class=\"wpml-ls-link\" role=\"menuitem\"  aria-label=\"Switch to Italian\" title=\"Switch to Italian\" >\n                    <span class=\"wpml-ls-display\">Italian<\/span><\/a>\n\t\t\t<\/li><li class=\"wpml-ls-slot-shortcode_actions wpml-ls-item wpml-ls-item-pt-pt wpml-ls-last-item wpml-ls-item-legacy-list-horizontal\" role=\"none\">\n\t\t\t\t<a href=\"https:\/\/creena.educacion.navarra.es\/web\/erasmus\/pt-pt\/\" class=\"wpml-ls-link\" role=\"menuitem\"  aria-label=\"Switch to Portuguese (Portugal)\" title=\"Switch to Portuguese (Portugal)\" >\n                    <span class=\"wpml-ls-display\">Portuguese (Portugal)<\/span><\/a>\n\t\t\t<\/li><\/ul>\n<\/div>\n<\/div>\t\t<\/div>\n\t\t\t\t<\/div>\n\t\t\t\t\t<\/div>\n\t\t<\/div>\n\t\t\t\t\t\t\t<\/div>\n\t\t<\/section>\n\t\t\t\t<section class=\"elementor-section elementor-top-section elementor-element elementor-element-2da3819 elementor-section-stretched elementor-section-boxed elementor-section-height-default elementor-section-height-default\" data-id=\"2da3819\" data-element_type=\"section\" data-settings=\"{&quot;stretch_section&quot;:&quot;section-stretched&quot;,&quot;background_background&quot;:&quot;classic&quot;,&quot;sticky&quot;:&quot;top&quot;,&quot;sticky_on&quot;:[&quot;desktop&quot;,&quot;tablet&quot;,&quot;mobile&quot;],&quot;sticky_offset&quot;:0,&quot;sticky_effects_offset&quot;:0}\">\n\t\t\t\t\t\t<div class=\"elementor-container elementor-column-gap-no\">\n\t\t\t\t\t<div class=\"elementor-column elementor-col-50 elementor-top-column elementor-element elementor-element-ccdb89a\" data-id=\"ccdb89a\" data-element_type=\"column\">\n\t\t\t<div class=\"elementor-widget-wrap elementor-element-populated\">\n\t\t\t\t\t\t\t\t<div class=\"elementor-element elementor-element-694a291 elementor-widget elementor-widget-image\" data-id=\"694a291\" data-element_type=\"widget\" data-widget_type=\"image.default\">\n\t\t\t\t<div class=\"elementor-widget-container\">\n\t\t\t\t\t\t\t\t\t\t\t\t\t\t\t\t<a href=\"https:\/\/creena.educacion.navarra.es\/web\/erasmus\/en\/\">\n\t\t\t\t\t\t\t<img width=\"510\" height=\"303\" src=\"https:\/\/creena.educacion.navarra.es\/web\/erasmus\/wp-content\/uploads\/sites\/7\/2021\/08\/Logo_inclus_cabecera-1.jpg\" class=\"attachment-large size-large wp-image-4138\" alt=\"\" loading=\"lazy\" srcset=\"https:\/\/creena.educacion.navarra.es\/web\/erasmus\/wp-content\/uploads\/sites\/7\/2021\/08\/Logo_inclus_cabecera-1.jpg 510w, https:\/\/creena.educacion.navarra.es\/web\/erasmus\/wp-content\/uploads\/sites\/7\/2021\/08\/Logo_inclus_cabecera-1-300x178.jpg 300w\" sizes=\"(max-width: 510px) 100vw, 510px\" \/>\t\t\t\t\t\t\t\t<\/a>\n\t\t\t\t\t\t\t\t\t\t\t\t\t\t\t<\/div>\n\t\t\t\t<\/div>\n\t\t\t\t\t<\/div>\n\t\t<\/div>\n\t\t\t\t<div class=\"elementor-column elementor-col-50 elementor-top-column elementor-element elementor-element-a447ce0\" data-id=\"a447ce0\" data-element_type=\"column\">\n\t\t\t<div class=\"elementor-widget-wrap elementor-element-populated\">\n\t\t\t\t\t\t\t\t<div class=\"elementor-element elementor-element-96a6fab elementor-nav-menu__align-center elementor-nav-menu--stretch elementor-nav-menu--dropdown-tablet elementor-nav-menu__text-align-aside elementor-nav-menu--toggle elementor-nav-menu--burger elementor-widget elementor-widget-nav-menu\" data-id=\"96a6fab\" data-element_type=\"widget\" data-settings=\"{&quot;full_width&quot;:&quot;stretch&quot;,&quot;layout&quot;:&quot;horizontal&quot;,&quot;submenu_icon&quot;:{&quot;value&quot;:&quot;&lt;i class=\\&quot;fas fa-caret-down\\&quot;&gt;&lt;\\\/i&gt;&quot;,&quot;library&quot;:&quot;fa-solid&quot;},&quot;toggle&quot;:&quot;burger&quot;}\" data-widget_type=\"nav-menu.default\">\n\t\t\t\t<div class=\"elementor-widget-container\">\n\t\t\t\t\t\t<nav migration_allowed=\"1\" migrated=\"0\" role=\"navigation\" class=\"elementor-nav-menu--main elementor-nav-menu__container elementor-nav-menu--layout-horizontal e--pointer-background e--animation-fade\"><ul id=\"menu-1-96a6fab\" class=\"elementor-nav-menu\"><li class=\"menu-item menu-item-type-post_type menu-item-object-page menu-item-home menu-item-4675\"><a class=\"elementor-item\" href=\"https:\/\/creena.educacion.navarra.es\/web\/erasmus\/en\/\" itemprop=\"url\">Beginning<\/a><\/li>\n<li class=\"menu-item menu-item-type-post_type menu-item-object-page menu-item-4676\"><a class=\"elementor-item\" href=\"https:\/\/creena.educacion.navarra.es\/web\/erasmus\/en\/project\/\" itemprop=\"url\">Project<\/a><\/li>\n<li class=\"menu-item menu-item-type-custom menu-item-object-custom menu-item-has-children menu-item-1023\"><a class=\"elementor-item elementor-item-anchor\" href=\"#\" itemprop=\"url\">Transnational meetings<\/a>\n<ul class=\"sub-menu elementor-nav-menu--dropdown\">\n\t<li class=\"menu-item menu-item-type-post_type menu-item-object-page menu-item-4677\"><a class=\"elementor-sub-item\" href=\"https:\/\/creena.educacion.navarra.es\/web\/erasmus\/en\/pamplona-march-2019\/\" itemprop=\"url\">Pamplona \u2013 March 2019<\/a><\/li>\n\t<li class=\"menu-item menu-item-type-post_type menu-item-object-page menu-item-4678\"><a class=\"elementor-sub-item\" href=\"https:\/\/creena.educacion.navarra.es\/web\/erasmus\/en\/modena-october-20192\/\" itemprop=\"url\">Modena \u2013 October 2019<\/a><\/li>\n\t<li class=\"menu-item menu-item-type-post_type menu-item-object-page menu-item-4689\"><a class=\"elementor-sub-item\" href=\"https:\/\/creena.educacion.navarra.es\/web\/erasmus\/en\/vilela-january-20202\/\" itemprop=\"url\">Vilela \u2013 January 2020<\/a><\/li>\n\t<li class=\"menu-item menu-item-type-post_type menu-item-object-page menu-item-1034\"><a class=\"elementor-sub-item\" href=\"https:\/\/creena.educacion.navarra.es\/web\/erasmus\/en\/barcelona-november-2020\/\" itemprop=\"url\">Barcelona \u2013 November 2020<\/a><\/li>\n\t<li class=\"menu-item menu-item-type-post_type menu-item-object-page menu-item-1031\"><a class=\"elementor-sub-item\" href=\"https:\/\/creena.educacion.navarra.es\/web\/erasmus\/en\/pamplona-april-2021\/\" itemprop=\"url\">Pamplona \u2013 April 2021<\/a><\/li>\n\t<li class=\"menu-item menu-item-type-post_type menu-item-object-page menu-item-5459\"><a class=\"elementor-sub-item\" href=\"https:\/\/creena.educacion.navarra.es\/web\/erasmus\/en\/brussels-june-2021\/\" itemprop=\"url\">Brussels \u2013 September 2021<\/a><\/li>\n<\/ul>\n<\/li>\n<li class=\"menu-item menu-item-type-custom menu-item-object-custom menu-item-has-children menu-item-1024\"><a class=\"elementor-item elementor-item-anchor\" href=\"#\" itemprop=\"url\">Intellectual products<\/a>\n<ul class=\"sub-menu elementor-nav-menu--dropdown\">\n\t<li class=\"menu-item menu-item-type-post_type menu-item-object-page menu-item-1076\"><a class=\"elementor-sub-item\" href=\"https:\/\/creena.educacion.navarra.es\/web\/erasmus\/en\/teaching-guide\/\" itemprop=\"url\">Teaching guide<\/a><\/li>\n\t<li class=\"menu-item menu-item-type-post_type menu-item-object-page menu-item-1092\"><a class=\"elementor-sub-item\" href=\"https:\/\/creena.educacion.navarra.es\/web\/erasmus\/en\/mooc\/\" itemprop=\"url\">MOOC<\/a><\/li>\n<\/ul>\n<\/li>\n<li class=\"menu-item menu-item-type-post_type menu-item-object-page menu-item-has-children menu-item-4680\"><a class=\"elementor-item\" href=\"https:\/\/creena.educacion.navarra.es\/web\/erasmus\/en\/dissemination\/\" itemprop=\"url\">Diffusion<\/a>\n<ul class=\"sub-menu elementor-nav-menu--dropdown\">\n\t<li class=\"menu-item menu-item-type-post_type menu-item-object-page menu-item-4681\"><a class=\"elementor-sub-item\" href=\"https:\/\/creena.educacion.navarra.es\/web\/erasmus\/en\/news\/\" itemprop=\"url\">News<\/a><\/li>\n<\/ul>\n<\/li>\n<li class=\"menu-item menu-item-type-post_type menu-item-object-page menu-item-4682\"><a class=\"elementor-item\" href=\"https:\/\/creena.educacion.navarra.es\/web\/erasmus\/en\/contact\/\" itemprop=\"url\">Contact<\/a><\/li>\n<\/ul><\/nav>\n\t\t\t\t\t<div class=\"elementor-menu-toggle\" role=\"button\" tabindex=\"0\" aria-label=\"Menu Toggle\" aria-expanded=\"false\">\n\t\t\t<i aria-hidden=\"true\" role=\"presentation\" class=\"eicon-menu-bar\"><\/i>\t\t\t<span class=\"elementor-screen-only\">Menu<\/span>\n\t\t<\/div>\n\t\t\t<nav class=\"elementor-nav-menu--dropdown elementor-nav-menu__container\" role=\"navigation\" aria-hidden=\"true\"><ul id=\"menu-2-96a6fab\" class=\"elementor-nav-menu\"><li class=\"menu-item menu-item-type-post_type menu-item-object-page menu-item-home menu-item-4675\"><a class=\"elementor-item\" href=\"https:\/\/creena.educacion.navarra.es\/web\/erasmus\/en\/\" itemprop=\"url\" tabindex=\"-1\">Beginning<\/a><\/li>\n<li class=\"menu-item menu-item-type-post_type menu-item-object-page menu-item-4676\"><a class=\"elementor-item\" href=\"https:\/\/creena.educacion.navarra.es\/web\/erasmus\/en\/project\/\" itemprop=\"url\" tabindex=\"-1\">Project<\/a><\/li>\n<li class=\"menu-item menu-item-type-custom menu-item-object-custom menu-item-has-children menu-item-1023\"><a class=\"elementor-item elementor-item-anchor\" href=\"#\" itemprop=\"url\" tabindex=\"-1\">Transnational meetings<\/a>\n<ul class=\"sub-menu elementor-nav-menu--dropdown\">\n\t<li class=\"menu-item menu-item-type-post_type menu-item-object-page menu-item-4677\"><a class=\"elementor-sub-item\" href=\"https:\/\/creena.educacion.navarra.es\/web\/erasmus\/en\/pamplona-march-2019\/\" itemprop=\"url\" tabindex=\"-1\">Pamplona \u2013 March 2019<\/a><\/li>\n\t<li class=\"menu-item menu-item-type-post_type menu-item-object-page menu-item-4678\"><a class=\"elementor-sub-item\" href=\"https:\/\/creena.educacion.navarra.es\/web\/erasmus\/en\/modena-october-20192\/\" itemprop=\"url\" tabindex=\"-1\">Modena \u2013 October 2019<\/a><\/li>\n\t<li class=\"menu-item menu-item-type-post_type menu-item-object-page menu-item-4689\"><a class=\"elementor-sub-item\" href=\"https:\/\/creena.educacion.navarra.es\/web\/erasmus\/en\/vilela-january-20202\/\" itemprop=\"url\" tabindex=\"-1\">Vilela \u2013 January 2020<\/a><\/li>\n\t<li class=\"menu-item menu-item-type-post_type menu-item-object-page menu-item-1034\"><a class=\"elementor-sub-item\" href=\"https:\/\/creena.educacion.navarra.es\/web\/erasmus\/en\/barcelona-november-2020\/\" itemprop=\"url\" tabindex=\"-1\">Barcelona \u2013 November 2020<\/a><\/li>\n\t<li class=\"menu-item menu-item-type-post_type menu-item-object-page menu-item-1031\"><a class=\"elementor-sub-item\" href=\"https:\/\/creena.educacion.navarra.es\/web\/erasmus\/en\/pamplona-april-2021\/\" itemprop=\"url\" tabindex=\"-1\">Pamplona \u2013 April 2021<\/a><\/li>\n\t<li class=\"menu-item menu-item-type-post_type menu-item-object-page menu-item-5459\"><a class=\"elementor-sub-item\" href=\"https:\/\/creena.educacion.navarra.es\/web\/erasmus\/en\/brussels-june-2021\/\" itemprop=\"url\" tabindex=\"-1\">Brussels \u2013 September 2021<\/a><\/li>\n<\/ul>\n<\/li>\n<li class=\"menu-item menu-item-type-custom menu-item-object-custom menu-item-has-children menu-item-1024\"><a class=\"elementor-item elementor-item-anchor\" href=\"#\" itemprop=\"url\" tabindex=\"-1\">Intellectual products<\/a>\n<ul class=\"sub-menu elementor-nav-menu--dropdown\">\n\t<li class=\"menu-item menu-item-type-post_type menu-item-object-page menu-item-1076\"><a class=\"elementor-sub-item\" href=\"https:\/\/creena.educacion.navarra.es\/web\/erasmus\/en\/teaching-guide\/\" itemprop=\"url\" tabindex=\"-1\">Teaching guide<\/a><\/li>\n\t<li class=\"menu-item menu-item-type-post_type menu-item-object-page menu-item-1092\"><a class=\"elementor-sub-item\" href=\"https:\/\/creena.educacion.navarra.es\/web\/erasmus\/en\/mooc\/\" itemprop=\"url\" tabindex=\"-1\">MOOC<\/a><\/li>\n<\/ul>\n<\/li>\n<li class=\"menu-item menu-item-type-post_type menu-item-object-page menu-item-has-children menu-item-4680\"><a class=\"elementor-item\" href=\"https:\/\/creena.educacion.navarra.es\/web\/erasmus\/en\/dissemination\/\" itemprop=\"url\" tabindex=\"-1\">Diffusion<\/a>\n<ul class=\"sub-menu elementor-nav-menu--dropdown\">\n\t<li class=\"menu-item menu-item-type-post_type menu-item-object-page menu-item-4681\"><a class=\"elementor-sub-item\" href=\"https:\/\/creena.educacion.navarra.es\/web\/erasmus\/en\/news\/\" itemprop=\"url\" tabindex=\"-1\">News<\/a><\/li>\n<\/ul>\n<\/li>\n<li class=\"menu-item menu-item-type-post_type menu-item-object-page menu-item-4682\"><a class=\"elementor-item\" href=\"https:\/\/creena.educacion.navarra.es\/web\/erasmus\/en\/contact\/\" itemprop=\"url\" tabindex=\"-1\">Contact<\/a><\/li>\n<\/ul><\/nav>\n\t\t\t\t<\/div>\n\t\t\t\t<\/div>\n\t\t\t\t\t<\/div>\n\t\t<\/div>\n\t\t\t\t\t\t\t<\/div>\n\t\t<\/section>\n\t\t\t\t<section class=\"elementor-section elementor-top-section elementor-element elementor-element-cbc9500 elementor-section-boxed elementor-section-height-default elementor-section-height-default\" data-id=\"cbc9500\" data-element_type=\"section\">\n\t\t\t\t\t\t<div class=\"elementor-container elementor-column-gap-default\">\n\t\t\t\t\t<div class=\"elementor-column elementor-col-50 elementor-top-column elementor-element elementor-element-8c7be69\" data-id=\"8c7be69\" data-element_type=\"column\" data-settings=\"{&quot;background_background&quot;:&quot;classic&quot;}\">\n\t\t\t<div class=\"elementor-widget-wrap elementor-element-populated\">\n\t\t\t\t\t\t\t\t<div class=\"elementor-element elementor-element-da79113 elementor-widget elementor-widget-heading\" data-id=\"da79113\" data-element_type=\"widget\" data-widget_type=\"heading.default\">\n\t\t\t\t<div class=\"elementor-widget-container\">\n\t\t\t<h2 class=\"elementor-heading-title elementor-size-default\">1st Transnational Meeting Erasmus + Project KA201 \"Inclus 4 All\"<\/h2>\t\t<\/div>\n\t\t\t\t<\/div>\n\t\t\t\t<div class=\"elementor-element elementor-element-150d628 elementor-widget-divider--view-line elementor-widget elementor-widget-divider\" data-id=\"150d628\" data-element_type=\"widget\" data-widget_type=\"divider.default\">\n\t\t\t\t<div class=\"elementor-widget-container\">\n\t\t\t\t\t<div class=\"elementor-divider\">\n\t\t\t<span class=\"elementor-divider-separator\">\n\t\t\t\t\t\t<\/span>\n\t\t<\/div>\n\t\t\t\t<\/div>\n\t\t\t\t<\/div>\n\t\t\t\t<section class=\"elementor-section elementor-inner-section elementor-element elementor-element-992302a elementor-section-boxed elementor-section-height-default elementor-section-height-default\" data-id=\"992302a\" data-element_type=\"section\">\n\t\t\t\t\t\t<div class=\"elementor-container elementor-column-gap-default\">\n\t\t\t\t\t<div class=\"elementor-column elementor-col-100 elementor-inner-column elementor-element elementor-element-8e7a280\" data-id=\"8e7a280\" data-element_type=\"column\">\n\t\t\t<div class=\"elementor-widget-wrap elementor-element-populated\">\n\t\t\t\t\t\t\t\t<div class=\"elementor-element elementor-element-bd04755 elementor-widget elementor-widget-image\" data-id=\"bd04755\" data-element_type=\"widget\" data-widget_type=\"image.default\">\n\t\t\t\t<div class=\"elementor-widget-container\">\n\t\t\t\t\t\t\t\t\t\t\t\t\t\t\t<img width=\"429\" height=\"387\" src=\"https:\/\/creena.educacion.navarra.es\/web\/erasmus\/wp-content\/uploads\/sites\/7\/2021\/07\/mapa_navarra-3.jpg\" class=\"attachment-large size-large wp-image-3773\" alt=\"\" loading=\"lazy\" srcset=\"https:\/\/creena.educacion.navarra.es\/web\/erasmus\/wp-content\/uploads\/sites\/7\/2021\/07\/mapa_navarra-3.jpg 429w, https:\/\/creena.educacion.navarra.es\/web\/erasmus\/wp-content\/uploads\/sites\/7\/2021\/07\/mapa_navarra-3-300x271.jpg 300w\" sizes=\"(max-width: 429px) 100vw, 429px\" \/>\t\t\t\t\t\t\t\t\t\t\t\t\t\t\t<\/div>\n\t\t\t\t<\/div>\n\t\t\t\t\t<\/div>\n\t\t<\/div>\n\t\t\t\t\t\t\t<\/div>\n\t\t<\/section>\n\t\t\t\t<div class=\"elementor-element elementor-element-3e4c201 elementor-widget elementor-widget-text-editor\" data-id=\"3e4c201\" data-element_type=\"widget\" data-widget_type=\"text-editor.default\">\n\t\t\t\t<div class=\"elementor-widget-container\">\n\t\t\t\t\t\t\t<p><strong>Place:<\/strong><\/p>\n<ul>\n<li class=\"p1\">Pamplona, \u200b\u200bSpain<\/li>\n<\/ul>\n<p class=\"p1\"><strong>Dates:<\/strong><\/p>\n<ul>\n<li class=\"p1\">March 6, 7 and 8, 2019<\/li>\n<\/ul>\n<p class=\"p1\"><strong>Host::<\/strong><\/p>\n<ul>\n<li class=\"p1\">CREENA<\/li>\n<\/ul>\n<p class=\"p1\"><strong>Meeting participants:<\/strong><\/p>\n<ul>\n<li class=\"p1\">ADE team of Creena-Pamplona<\/li>\n<li class=\"p1\">Navarra \u2013 Educational Inclusion Bureau<\/li>\n<li class=\"p1\">Modena Istituto Comprensivo 1<\/li>\n<li>Vilela Agrupamento Escolas<\/li>\n<\/ul>\n\t\t\t\t\t\t<\/div>\n\t\t\t\t<\/div>\n\t\t\t\t<div class=\"elementor-element elementor-element-0c7d591 elementor-widget-divider--view-line elementor-widget elementor-widget-divider\" data-id=\"0c7d591\" data-element_type=\"widget\" data-widget_type=\"divider.default\">\n\t\t\t\t<div class=\"elementor-widget-container\">\n\t\t\t\t\t<div class=\"elementor-divider\">\n\t\t\t<span class=\"elementor-divider-separator\">\n\t\t\t\t\t\t<\/span>\n\t\t<\/div>\n\t\t\t\t<\/div>\n\t\t\t\t<\/div>\n\t\t\t\t<div class=\"elementor-element elementor-element-c8ba65f elementor-widget elementor-widget-heading\" data-id=\"c8ba65f\" data-element_type=\"widget\" data-widget_type=\"heading.default\">\n\t\t\t\t<div class=\"elementor-widget-container\">\n\t\t\t<h2 class=\"elementor-heading-title elementor-size-default\">Pamplona - March 2019<\/h2>\t\t<\/div>\n\t\t\t\t<\/div>\n\t\t\t\t<div class=\"elementor-element elementor-element-918f74a elementor-widget-divider--view-line elementor-widget elementor-widget-divider\" data-id=\"918f74a\" data-element_type=\"widget\" data-widget_type=\"divider.default\">\n\t\t\t\t<div class=\"elementor-widget-container\">\n\t\t\t\t\t<div class=\"elementor-divider\">\n\t\t\t<span class=\"elementor-divider-separator\">\n\t\t\t\t\t\t<\/span>\n\t\t<\/div>\n\t\t\t\t<\/div>\n\t\t\t\t<\/div>\n\t\t\t\t<div class=\"elementor-element elementor-element-3122c4d elementor-widget elementor-widget-image\" data-id=\"3122c4d\" data-element_type=\"widget\" data-widget_type=\"image.default\">\n\t\t\t\t<div class=\"elementor-widget-container\">\n\t\t\t\t\t\t\t\t\t\t\t\t\t\t\t<img width=\"1024\" height=\"640\" src=\"https:\/\/creena.educacion.navarra.es\/web\/erasmus\/wp-content\/uploads\/sites\/7\/2021\/07\/Dpto_Educa_Navarra2-1.jpg\" class=\"attachment-large size-large wp-image-3645\" alt=\"\" loading=\"lazy\" srcset=\"https:\/\/creena.educacion.navarra.es\/web\/erasmus\/wp-content\/uploads\/sites\/7\/2021\/07\/Dpto_Educa_Navarra2-1.jpg 1024w, https:\/\/creena.educacion.navarra.es\/web\/erasmus\/wp-content\/uploads\/sites\/7\/2021\/07\/Dpto_Educa_Navarra2-1-300x188.jpg 300w, https:\/\/creena.educacion.navarra.es\/web\/erasmus\/wp-content\/uploads\/sites\/7\/2021\/07\/Dpto_Educa_Navarra2-1-768x480.jpg 768w\" sizes=\"(max-width: 1024px) 100vw, 1024px\" \/>\t\t\t\t\t\t\t\t\t\t\t\t\t\t\t<\/div>\n\t\t\t\t<\/div>\n\t\t\t\t<div class=\"elementor-element elementor-element-6dd0a39 elementor-align-center elementor-widget elementor-widget-button\" data-id=\"6dd0a39\" data-element_type=\"widget\" data-widget_type=\"button.default\">\n\t\t\t\t<div class=\"elementor-widget-container\">\n\t\t\t\t\t<div class=\"elementor-button-wrapper\">\n\t\t\t<a class=\"elementor-button elementor-button-link elementor-size-sm\" href=\"https:\/\/creena.educacion.navarra.es\/web\/erasmus\/en\/pamplona-march-20193\/\">\n\t\t\t\t\t\t<span class=\"elementor-button-content-wrapper\">\n\t\t\t\t\t\t<span class=\"elementor-button-text\">KEEP READING<\/span>\n\t\t<\/span>\n\t\t\t\t\t<\/a>\n\t\t<\/div>\n\t\t\t\t<\/div>\n\t\t\t\t<\/div>\n\t\t\t\t\t<\/div>\n\t\t<\/div>\n\t\t\t\t<div class=\"elementor-column elementor-col-50 elementor-top-column elementor-element elementor-element-a472adf\" data-id=\"a472adf\" data-element_type=\"column\" data-settings=\"{&quot;background_background&quot;:&quot;classic&quot;}\">\n\t\t\t<div class=\"elementor-widget-wrap elementor-element-populated\">\n\t\t\t\t\t<div class=\"elementor-background-overlay\"><\/div>\n\t\t\t\t\t\t\t\t<section class=\"elementor-section elementor-inner-section elementor-element elementor-element-94b27cb elementor-section-boxed elementor-section-height-default elementor-section-height-default\" data-id=\"94b27cb\" data-element_type=\"section\" data-settings=\"{&quot;background_background&quot;:&quot;classic&quot;}\">\n\t\t\t\t\t\t<div class=\"elementor-container elementor-column-gap-default\">\n\t\t\t\t\t<div class=\"elementor-column elementor-col-100 elementor-inner-column elementor-element elementor-element-c952f7f\" data-id=\"c952f7f\" data-element_type=\"column\" data-settings=\"{&quot;background_background&quot;:&quot;classic&quot;}\">\n\t\t\t<div class=\"elementor-widget-wrap elementor-element-populated\">\n\t\t\t\t\t\t\t\t<div class=\"elementor-element elementor-element-ed49716 elementor-widget elementor-widget-heading\" data-id=\"ed49716\" data-element_type=\"widget\" data-widget_type=\"heading.default\">\n\t\t\t\t<div class=\"elementor-widget-container\">\n\t\t\t<h4 class=\"elementor-heading-title elementor-size-default\">Transnational Meetings<\/h4>\t\t<\/div>\n\t\t\t\t<\/div>\n\t\t\t\t<div class=\"elementor-element elementor-element-f60c39a elementor-widget-divider--view-line elementor-widget elementor-widget-divider\" data-id=\"f60c39a\" data-element_type=\"widget\" data-widget_type=\"divider.default\">\n\t\t\t\t<div class=\"elementor-widget-container\">\n\t\t\t\t\t<div class=\"elementor-divider\">\n\t\t\t<span class=\"elementor-divider-separator\">\n\t\t\t\t\t\t<\/span>\n\t\t<\/div>\n\t\t\t\t<\/div>\n\t\t\t\t<\/div>\n\t\t\t\t<div class=\"elementor-element elementor-element-eb269bb elementor-widget elementor-widget-image\" data-id=\"eb269bb\" data-element_type=\"widget\" data-widget_type=\"image.default\">\n\t\t\t\t<div class=\"elementor-widget-container\">\n\t\t\t\t\t\t\t\t\t\t\t\t\t\t\t<img width=\"500\" height=\"260\" src=\"https:\/\/creena.educacion.navarra.es\/web\/erasmus\/wp-content\/uploads\/sites\/7\/2020\/05\/modena1.jpg\" class=\"attachment-large size-large wp-image-3531\" alt=\"\" loading=\"lazy\" srcset=\"https:\/\/creena.educacion.navarra.es\/web\/erasmus\/wp-content\/uploads\/sites\/7\/2020\/05\/modena1.jpg 500w, https:\/\/creena.educacion.navarra.es\/web\/erasmus\/wp-content\/uploads\/sites\/7\/2020\/05\/modena1-300x156.jpg 300w\" sizes=\"(max-width: 500px) 100vw, 500px\" \/>\t\t\t\t\t\t\t\t\t\t\t\t\t\t\t<\/div>\n\t\t\t\t<\/div>\n\t\t\t\t<div class=\"elementor-element elementor-element-d693221 elementor-widget elementor-widget-heading\" data-id=\"d693221\" data-element_type=\"widget\" data-widget_type=\"heading.default\">\n\t\t\t\t<div class=\"elementor-widget-container\">\n\t\t\t<h4 class=\"elementor-heading-title elementor-size-default\">Modena, Italy<\/h4>\t\t<\/div>\n\t\t\t\t<\/div>\n\t\t\t\t<div class=\"elementor-element elementor-element-dd8275c elementor-widget elementor-widget-heading\" data-id=\"dd8275c\" data-element_type=\"widget\" data-widget_type=\"heading.default\">\n\t\t\t\t<div class=\"elementor-widget-container\">\n\t\t\t<h4 class=\"elementor-heading-title elementor-size-default\">October 2019<\/h4>\t\t<\/div>\n\t\t\t\t<\/div>\n\t\t\t\t<div class=\"elementor-element elementor-element-ec78fbc elementor-widget elementor-widget-button\" data-id=\"ec78fbc\" data-element_type=\"widget\" data-widget_type=\"button.default\">\n\t\t\t\t<div class=\"elementor-widget-container\">\n\t\t\t\t\t<div class=\"elementor-button-wrapper\">\n\t\t\t<a class=\"elementor-button elementor-button-link elementor-size-sm\" href=\"https:\/\/creena.educacion.navarra.es\/web\/erasmus\/en\/modena-october-20192\/\">\n\t\t\t\t\t\t<span class=\"elementor-button-content-wrapper\">\n\t\t\t\t\t\t<span class=\"elementor-button-text\">SEE MORE<\/span>\n\t\t<\/span>\n\t\t\t\t\t<\/a>\n\t\t<\/div>\n\t\t\t\t<\/div>\n\t\t\t\t<\/div>\n\t\t\t\t<div class=\"elementor-element elementor-element-0bd0a98 elementor-widget elementor-widget-image\" data-id=\"0bd0a98\" data-element_type=\"widget\" data-widget_type=\"image.default\">\n\t\t\t\t<div class=\"elementor-widget-container\">\n\t\t\t\t\t\t\t\t\t\t\t\t\t\t\t<img width=\"1024\" height=\"640\" src=\"https:\/\/creena.educacion.navarra.es\/web\/erasmus\/wp-content\/uploads\/sites\/7\/2020\/05\/agrupamento2.jpg\" class=\"attachment-large size-large wp-image-3376\" alt=\"\" loading=\"lazy\" srcset=\"https:\/\/creena.educacion.navarra.es\/web\/erasmus\/wp-content\/uploads\/sites\/7\/2020\/05\/agrupamento2.jpg 1024w, https:\/\/creena.educacion.navarra.es\/web\/erasmus\/wp-content\/uploads\/sites\/7\/2020\/05\/agrupamento2-300x188.jpg 300w, https:\/\/creena.educacion.navarra.es\/web\/erasmus\/wp-content\/uploads\/sites\/7\/2020\/05\/agrupamento2-768x480.jpg 768w\" sizes=\"(max-width: 1024px) 100vw, 1024px\" \/>\t\t\t\t\t\t\t\t\t\t\t\t\t\t\t<\/div>\n\t\t\t\t<\/div>\n\t\t\t\t<div class=\"elementor-element elementor-element-058b7fd elementor-widget elementor-widget-heading\" data-id=\"058b7fd\" data-element_type=\"widget\" data-widget_type=\"heading.default\">\n\t\t\t\t<div class=\"elementor-widget-container\">\n\t\t\t<h4 class=\"elementor-heading-title elementor-size-default\">Vilela, Portugal<\/h4>\t\t<\/div>\n\t\t\t\t<\/div>\n\t\t\t\t<div class=\"elementor-element elementor-element-4cd07bf elementor-widget elementor-widget-heading\" data-id=\"4cd07bf\" data-element_type=\"widget\" data-widget_type=\"heading.default\">\n\t\t\t\t<div class=\"elementor-widget-container\">\n\t\t\t<h4 class=\"elementor-heading-title elementor-size-default\">January 2020<\/h4>\t\t<\/div>\n\t\t\t\t<\/div>\n\t\t\t\t<div class=\"elementor-element elementor-element-df70d6f elementor-widget elementor-widget-button\" data-id=\"df70d6f\" data-element_type=\"widget\" data-widget_type=\"button.default\">\n\t\t\t\t<div class=\"elementor-widget-container\">\n\t\t\t\t\t<div class=\"elementor-button-wrapper\">\n\t\t\t<a class=\"elementor-button elementor-button-link elementor-size-sm\" href=\"https:\/\/creena.educacion.navarra.es\/web\/erasmus\/en\/vilela-january-20202\/\">\n\t\t\t\t\t\t<span class=\"elementor-button-content-wrapper\">\n\t\t\t\t\t\t<span class=\"elementor-button-text\">SEE MORE<\/span>\n\t\t<\/span>\n\t\t\t\t\t<\/a>\n\t\t<\/div>\n\t\t\t\t<\/div>\n\t\t\t\t<\/div>\n\t\t\t\t<div class=\"elementor-element elementor-element-649ec0a elementor-widget elementor-widget-image\" data-id=\"649ec0a\" data-element_type=\"widget\" data-widget_type=\"image.default\">\n\t\t\t\t<div class=\"elementor-widget-container\">\n\t\t\t\t\t\t\t\t\t\t\t\t\t\t\t<img width=\"500\" height=\"260\" src=\"https:\/\/creena.educacion.navarra.es\/web\/erasmus\/wp-content\/uploads\/sites\/7\/2020\/05\/barcelona1.jpg\" class=\"attachment-large size-large wp-image-3536\" alt=\"\" loading=\"lazy\" srcset=\"https:\/\/creena.educacion.navarra.es\/web\/erasmus\/wp-content\/uploads\/sites\/7\/2020\/05\/barcelona1.jpg 500w, https:\/\/creena.educacion.navarra.es\/web\/erasmus\/wp-content\/uploads\/sites\/7\/2020\/05\/barcelona1-300x156.jpg 300w\" sizes=\"(max-width: 500px) 100vw, 500px\" \/>\t\t\t\t\t\t\t\t\t\t\t\t\t\t\t<\/div>\n\t\t\t\t<\/div>\n\t\t\t\t<div class=\"elementor-element elementor-element-25611b5 elementor-widget elementor-widget-heading\" data-id=\"25611b5\" data-element_type=\"widget\" data-widget_type=\"heading.default\">\n\t\t\t\t<div class=\"elementor-widget-container\">\n\t\t\t<h4 class=\"elementor-heading-title elementor-size-default\">Barcelona, Spain<\/h4>\t\t<\/div>\n\t\t\t\t<\/div>\n\t\t\t\t<div class=\"elementor-element elementor-element-801ceb8 elementor-widget elementor-widget-heading\" data-id=\"801ceb8\" data-element_type=\"widget\" data-widget_type=\"heading.default\">\n\t\t\t\t<div class=\"elementor-widget-container\">\n\t\t\t<h4 class=\"elementor-heading-title elementor-size-default\">November 2020<\/h4>\t\t<\/div>\n\t\t\t\t<\/div>\n\t\t\t\t<div class=\"elementor-element elementor-element-9544da6 elementor-widget elementor-widget-button\" data-id=\"9544da6\" data-element_type=\"widget\" data-widget_type=\"button.default\">\n\t\t\t\t<div class=\"elementor-widget-container\">\n\t\t\t\t\t<div class=\"elementor-button-wrapper\">\n\t\t\t<a class=\"elementor-button elementor-button-link elementor-size-sm\" href=\"https:\/\/creena.educacion.navarra.es\/web\/erasmus\/en\/barcelona-november-2020\/\">\n\t\t\t\t\t\t<span class=\"elementor-button-content-wrapper\">\n\t\t\t\t\t\t<span class=\"elementor-button-text\">SEE MORE<\/span>\n\t\t<\/span>\n\t\t\t\t\t<\/a>\n\t\t<\/div>\n\t\t\t\t<\/div>\n\t\t\t\t<\/div>\n\t\t\t\t<div class=\"elementor-element elementor-element-084d923 elementor-widget elementor-widget-image\" data-id=\"084d923\" data-element_type=\"widget\" data-widget_type=\"image.default\">\n\t\t\t\t<div class=\"elementor-widget-container\">\n\t\t\t\t\t\t\t\t\t\t\t\t\t\t\t<img width=\"500\" height=\"260\" src=\"https:\/\/creena.educacion.navarra.es\/web\/erasmus\/wp-content\/uploads\/sites\/7\/2020\/05\/pamplona2.jpg\" class=\"attachment-large size-large wp-image-3541\" alt=\"\" loading=\"lazy\" srcset=\"https:\/\/creena.educacion.navarra.es\/web\/erasmus\/wp-content\/uploads\/sites\/7\/2020\/05\/pamplona2.jpg 500w, https:\/\/creena.educacion.navarra.es\/web\/erasmus\/wp-content\/uploads\/sites\/7\/2020\/05\/pamplona2-300x156.jpg 300w\" sizes=\"(max-width: 500px) 100vw, 500px\" \/>\t\t\t\t\t\t\t\t\t\t\t\t\t\t\t<\/div>\n\t\t\t\t<\/div>\n\t\t\t\t<div class=\"elementor-element elementor-element-f2a5d2d elementor-widget elementor-widget-heading\" data-id=\"f2a5d2d\" data-element_type=\"widget\" data-widget_type=\"heading.default\">\n\t\t\t\t<div class=\"elementor-widget-container\">\n\t\t\t<h4 class=\"elementor-heading-title elementor-size-default\">Pamplona, Spain<\/h4>\t\t<\/div>\n\t\t\t\t<\/div>\n\t\t\t\t<div class=\"elementor-element elementor-element-10f591d elementor-widget elementor-widget-heading\" data-id=\"10f591d\" data-element_type=\"widget\" data-widget_type=\"heading.default\">\n\t\t\t\t<div class=\"elementor-widget-container\">\n\t\t\t<h4 class=\"elementor-heading-title elementor-size-default\">April 2021<\/h4>\t\t<\/div>\n\t\t\t\t<\/div>\n\t\t\t\t<div class=\"elementor-element elementor-element-395731b elementor-widget elementor-widget-button\" data-id=\"395731b\" data-element_type=\"widget\" data-widget_type=\"button.default\">\n\t\t\t\t<div class=\"elementor-widget-container\">\n\t\t\t\t\t<div class=\"elementor-button-wrapper\">\n\t\t\t<a class=\"elementor-button elementor-button-link elementor-size-sm\" href=\"https:\/\/creena.educacion.navarra.es\/web\/erasmus\/en\/pamplona-april-2021\/\">\n\t\t\t\t\t\t<span class=\"elementor-button-content-wrapper\">\n\t\t\t\t\t\t<span class=\"elementor-button-text\">SEE MORE<\/span>\n\t\t<\/span>\n\t\t\t\t\t<\/a>\n\t\t<\/div>\n\t\t\t\t<\/div>\n\t\t\t\t<\/div>\n\t\t\t\t<div class=\"elementor-element elementor-element-3f5dd22 elementor-widget elementor-widget-image\" data-id=\"3f5dd22\" data-element_type=\"widget\" data-widget_type=\"image.default\">\n\t\t\t\t<div class=\"elementor-widget-container\">\n\t\t\t\t\t\t\t\t\t\t\t\t\t\t\t<img width=\"500\" height=\"260\" src=\"https:\/\/creena.educacion.navarra.es\/web\/erasmus\/wp-content\/uploads\/sites\/7\/2020\/05\/bruselas1.jpg\" class=\"attachment-large size-large wp-image-3546\" alt=\"\" loading=\"lazy\" srcset=\"https:\/\/creena.educacion.navarra.es\/web\/erasmus\/wp-content\/uploads\/sites\/7\/2020\/05\/bruselas1.jpg 500w, https:\/\/creena.educacion.navarra.es\/web\/erasmus\/wp-content\/uploads\/sites\/7\/2020\/05\/bruselas1-300x156.jpg 300w\" sizes=\"(max-width: 500px) 100vw, 500px\" \/>\t\t\t\t\t\t\t\t\t\t\t\t\t\t\t<\/div>\n\t\t\t\t<\/div>\n\t\t\t\t<div class=\"elementor-element elementor-element-c6465b8 elementor-widget elementor-widget-heading\" data-id=\"c6465b8\" data-element_type=\"widget\" data-widget_type=\"heading.default\">\n\t\t\t\t<div class=\"elementor-widget-container\">\n\t\t\t<h4 class=\"elementor-heading-title elementor-size-default\">Brussels, Belgium<\/h4>\t\t<\/div>\n\t\t\t\t<\/div>\n\t\t\t\t<div class=\"elementor-element elementor-element-2885e7a elementor-widget elementor-widget-heading\" data-id=\"2885e7a\" data-element_type=\"widget\" data-widget_type=\"heading.default\">\n\t\t\t\t<div class=\"elementor-widget-container\">\n\t\t\t<h4 class=\"elementor-heading-title elementor-size-default\">September 2021<\/h4>\t\t<\/div>\n\t\t\t\t<\/div>\n\t\t\t\t<div class=\"elementor-element elementor-element-4016850 elementor-widget elementor-widget-button\" data-id=\"4016850\" data-element_type=\"widget\" data-widget_type=\"button.default\">\n\t\t\t\t<div class=\"elementor-widget-container\">\n\t\t\t\t\t<div class=\"elementor-button-wrapper\">\n\t\t\t<a class=\"elementor-button elementor-button-link elementor-size-sm\" href=\"https:\/\/creena.educacion.navarra.es\/web\/erasmus\/en\/brussels-june-2021\/\">\n\t\t\t\t\t\t<span class=\"elementor-button-content-wrapper\">\n\t\t\t\t\t\t<span class=\"elementor-button-text\">SEE MORE<\/span>\n\t\t<\/span>\n\t\t\t\t\t<\/a>\n\t\t<\/div>\n\t\t\t\t<\/div>\n\t\t\t\t<\/div>\n\t\t\t\t\t<\/div>\n\t\t<\/div>\n\t\t\t\t\t\t\t<\/div>\n\t\t<\/section>\n\t\t\t\t\t<\/div>\n\t\t<\/div>\n\t\t\t\t\t\t\t<\/div>\n\t\t<\/section>\n\t\t\t\t<section class=\"elementor-section elementor-top-section elementor-element elementor-element-7b557ea2 elementor-section-full_width elementor-section-content-bottom elementor-section-stretched elementor-section-height-default elementor-section-height-default\" data-id=\"7b557ea2\" data-element_type=\"section\" data-settings=\"{&quot;background_background&quot;:&quot;classic&quot;,&quot;stretch_section&quot;:&quot;section-stretched&quot;}\">\n\t\t\t\t\t\t\t<div class=\"elementor-background-overlay\"><\/div>\n\t\t\t\t\t\t\t<div class=\"elementor-container elementor-column-gap-default\">\n\t\t\t\t\t<div class=\"elementor-column elementor-col-100 elementor-top-column elementor-element elementor-element-ec1ce18\" data-id=\"ec1ce18\" data-element_type=\"column\">\n\t\t\t<div class=\"elementor-widget-wrap elementor-element-populated\">\n\t\t\t\t\t\t\t\t<section class=\"elementor-section elementor-inner-section elementor-element elementor-element-6b0b5805 elementor-section-boxed elementor-section-height-default elementor-section-height-default\" data-id=\"6b0b5805\" data-element_type=\"section\">\n\t\t\t\t\t\t<div class=\"elementor-container elementor-column-gap-default\">\n\t\t\t\t\t<div class=\"elementor-column elementor-col-33 elementor-inner-column elementor-element elementor-element-785d086a\" data-id=\"785d086a\" data-element_type=\"column\">\n\t\t\t<div class=\"elementor-widget-wrap elementor-element-populated\">\n\t\t\t\t\t\t\t\t<div class=\"elementor-element elementor-element-4a17d4da elementor-widget elementor-widget-image\" data-id=\"4a17d4da\" data-element_type=\"widget\" data-widget_type=\"image.default\">\n\t\t\t\t<div class=\"elementor-widget-container\">\n\t\t\t\t\t\t\t\t\t\t\t\t\t\t\t\t<a href=\"https:\/\/creena.educacion.navarra.es\/web\/erasmus\/en\/\">\n\t\t\t\t\t\t\t<img width=\"281\" height=\"303\" src=\"https:\/\/creena.educacion.navarra.es\/web\/erasmus\/wp-content\/uploads\/sites\/7\/2021\/08\/Logo_inclus_footer.jpg\" class=\"attachment-large size-large wp-image-4193\" alt=\"\" loading=\"lazy\" srcset=\"https:\/\/creena.educacion.navarra.es\/web\/erasmus\/wp-content\/uploads\/sites\/7\/2021\/08\/Logo_inclus_footer.jpg 281w, https:\/\/creena.educacion.navarra.es\/web\/erasmus\/wp-content\/uploads\/sites\/7\/2021\/08\/Logo_inclus_footer-278x300.jpg 278w\" sizes=\"(max-width: 281px) 100vw, 281px\" \/>\t\t\t\t\t\t\t\t<\/a>\n\t\t\t\t\t\t\t\t\t\t\t\t\t\t\t<\/div>\n\t\t\t\t<\/div>\n\t\t\t\t\t<\/div>\n\t\t<\/div>\n\t\t\t\t<div class=\"elementor-column elementor-col-33 elementor-inner-column elementor-element elementor-element-7a44ad9\" data-id=\"7a44ad9\" data-element_type=\"column\">\n\t\t\t<div class=\"elementor-widget-wrap elementor-element-populated\">\n\t\t\t\t\t\t\t\t<div class=\"elementor-element elementor-element-3971c86b elementor-widget elementor-widget-heading\" data-id=\"3971c86b\" data-element_type=\"widget\" data-widget_type=\"heading.default\">\n\t\t\t\t<div class=\"elementor-widget-container\">\n\t\t\t<h2 class=\"elementor-heading-title elementor-size-default\">ERASMUS+ KA201<\/h2>\t\t<\/div>\n\t\t\t\t<\/div>\n\t\t\t\t<div class=\"elementor-element elementor-element-2d675969 elementor-tablet-align-left elementor-mobile-align-center elementor-align-center elementor-icon-list--layout-traditional elementor-list-item-link-full_width elementor-widget elementor-widget-icon-list\" data-id=\"2d675969\" data-element_type=\"widget\" data-widget_type=\"icon-list.default\">\n\t\t\t\t<div class=\"elementor-widget-container\">\n\t\t\t\t\t<ul class=\"elementor-icon-list-items\">\n\t\t\t\t\t\t\t<li class=\"elementor-icon-list-item\">\n\t\t\t\t\t\t\t\t\t\t\t<span class=\"elementor-icon-list-icon\">\n\t\t\t\t\t\t\t<i aria-hidden=\"true\" class=\"fas fa-map-marker-alt\"><\/i>\t\t\t\t\t\t<\/span>\n\t\t\t\t\t\t\t\t\t\t<span class=\"elementor-icon-list-text\">CREENA - Calle Tajonar 14, 31006 Pamplona, Navarra<\/span>\n\t\t\t\t\t\t\t\t\t<\/li>\n\t\t\t\t\t\t\t\t<li class=\"elementor-icon-list-item\">\n\t\t\t\t\t\t\t\t\t\t\t<span class=\"elementor-icon-list-icon\">\n\t\t\t\t\t\t\t<i aria-hidden=\"true\" class=\"fas fa-phone\"><\/i>\t\t\t\t\t\t<\/span>\n\t\t\t\t\t\t\t\t\t\t<span class=\"elementor-icon-list-text\">+34 848 43 12 30<\/span>\n\t\t\t\t\t\t\t\t\t<\/li>\n\t\t\t\t\t\t\t\t<li class=\"elementor-icon-list-item\">\n\t\t\t\t\t\t\t\t\t\t\t<span class=\"elementor-icon-list-icon\">\n\t\t\t\t\t\t\t<i aria-hidden=\"true\" class=\"fas fa-envelope\"><\/i>\t\t\t\t\t\t<\/span>\n\t\t\t\t\t\t\t\t\t\t<span class=\"elementor-icon-list-text\">mlopezgi@educacion.navarra.es<\/span>\n\t\t\t\t\t\t\t\t\t<\/li>\n\t\t\t\t\t\t<\/ul>\n\t\t\t\t<\/div>\n\t\t\t\t<\/div>\n\t\t\t\t\t<\/div>\n\t\t<\/div>\n\t\t\t\t<div class=\"elementor-column elementor-col-33 elementor-inner-column elementor-element elementor-element-74094372\" data-id=\"74094372\" data-element_type=\"column\">\n\t\t\t<div class=\"elementor-widget-wrap elementor-element-populated\">\n\t\t\t\t\t\t\t\t<div class=\"elementor-element elementor-element-3eb59ca3 elementor-widget elementor-widget-heading\" data-id=\"3eb59ca3\" data-element_type=\"widget\" data-widget_type=\"heading.default\">\n\t\t\t\t<div class=\"elementor-widget-container\">\n\t\t\t<h5 class=\"elementor-heading-title elementor-size-default\"><a href=\"https:\/\/www.educacion.navarra.es\/web\/dpto\/aviso-legal\" target=\"_blank\">\u2022 Legal warning \u2022<\/a><\/h5>\t\t<\/div>\n\t\t\t\t<\/div>\n\t\t\t\t<div class=\"elementor-element elementor-element-9043387 elementor-widget elementor-widget-heading\" data-id=\"9043387\" data-element_type=\"widget\" data-widget_type=\"heading.default\">\n\t\t\t\t<div class=\"elementor-widget-container\">\n\t\t\t<h5 class=\"elementor-heading-title elementor-size-default\"><a href=\"https:\/\/www.educacion.navarra.es\/web\/dpto\/aviso-legal\" target=\"_blank\">The \"Inclus-4-All\" project is co-financed by the Erasmus + program of the European Union. The content of this website is the sole responsibility of CREENA and neither the European Commission nor the Spanish Service for the Internationalization of Education (SEPIE) are responsible for the use that may be made of the information disseminated here.<\/a><\/h5>\t\t<\/div>\n\t\t\t\t<\/div>\n\t\t\t\t\t<\/div>\n\t\t<\/div>\n\t\t\t\t\t\t\t<\/div>\n\t\t<\/section>\n\t\t\t\t<div class=\"elementor-element elementor-element-e905b80 elementor-widget-divider--view-line elementor-widget elementor-widget-divider\" data-id=\"e905b80\" data-element_type=\"widget\" data-widget_type=\"divider.default\">\n\t\t\t\t<div class=\"elementor-widget-container\">\n\t\t\t\t\t<div class=\"elementor-divider\">\n\t\t\t<span class=\"elementor-divider-separator\">\n\t\t\t\t\t\t<\/span>\n\t\t<\/div>\n\t\t\t\t<\/div>\n\t\t\t\t<\/div>\n\t\t\t\t<section class=\"elementor-section elementor-inner-section elementor-element elementor-element-9545635 elementor-section-boxed elementor-section-height-default elementor-section-height-default\" data-id=\"9545635\" data-element_type=\"section\">\n\t\t\t\t\t\t<div class=\"elementor-container elementor-column-gap-default\">\n\t\t\t\t\t<div class=\"elementor-column elementor-col-100 elementor-inner-column elementor-element elementor-element-69dcb36b\" data-id=\"69dcb36b\" data-element_type=\"column\">\n\t\t\t<div class=\"elementor-widget-wrap elementor-element-populated\">\n\t\t\t\t\t\t\t\t<div class=\"elementor-element elementor-element-5a713d49 elementor-widget elementor-widget-heading\" data-id=\"5a713d49\" data-element_type=\"widget\" data-widget_type=\"heading.default\">\n\t\t\t\t<div class=\"elementor-widget-container\">\n\t\t\t<h4 class=\"elementor-heading-title elementor-size-default\">\u24b8 2020 - All rights reserved<\/h4>\t\t<\/div>\n\t\t\t\t<\/div>\n\t\t\t\t\t<\/div>\n\t\t<\/div>\n\t\t\t\t\t\t\t<\/div>\n\t\t<\/section>\n\t\t\t\t\t<\/div>\n\t\t<\/div>\n\t\t\t\t\t\t\t<\/div>\n\t\t<\/section>\n\t\t\t\t\t\t\t<\/div>\n\t\t","protected":false},"excerpt":{"rendered":"<p>+34 848 43 12 30 CONTACT Espa\u00f1ol Euskera Ingl\u00e9s Italiano Portugu\u00e9s, Portugal 1st Transnational Meeting Erasmus + Project KA201 &#8220;Inclus 4 All&#8221; Place: Pamplona, \u200b\u200bSpain Dates: March 6, 7 and 8, 2019 Host:: CREENA Meeting participants: ADE team of Creena-Pamplona Navarra \u2013 Educational Inclusion Bureau Modena Istituto Comprensivo 1 Vilela Agrupamento Escolas Pamplona &#8211; March [&hellip;]<\/p>\n","protected":false},"author":4,"featured_media":0,"parent":0,"menu_order":0,"comment_status":"closed","ping_status":"closed","template":"","meta":{"_genesis_hide_title":false,"_genesis_hide_breadcrumbs":false,"_genesis_hide_singular_image":false,"_genesis_hide_footer_widgets":false,"_genesis_custom_body_class":"","_genesis_custom_post_class":"","_genesis_layout":""},"_links":{"self":[{"href":"https:\/\/creena.educacion.navarra.es\/web\/erasmus\/en\/wp-json\/wp\/v2\/pages\/1035"}],"collection":[{"href":"https:\/\/creena.educacion.navarra.es\/web\/erasmus\/en\/wp-json\/wp\/v2\/pages"}],"about":[{"href":"https:\/\/creena.educacion.navarra.es\/web\/erasmus\/en\/wp-json\/wp\/v2\/types\/page"}],"author":[{"embeddable":true,"href":"https:\/\/creena.educacion.navarra.es\/web\/erasmus\/en\/wp-json\/wp\/v2\/users\/4"}],"replies":[{"embeddable":true,"href":"https:\/\/creena.educacion.navarra.es\/web\/erasmus\/en\/wp-json\/wp\/v2\/comments?post=1035"}],"version-history":[{"count":6,"href":"https:\/\/creena.educacion.navarra.es\/web\/erasmus\/en\/wp-json\/wp\/v2\/pages\/1035\/revisions"}],"predecessor-version":[{"id":5572,"href":"https:\/\/creena.educacion.navarra.es\/web\/erasmus\/en\/wp-json\/wp\/v2\/pages\/1035\/revisions\/5572"}],"wp:attachment":[{"href":"https:\/\/creena.educacion.navarra.es\/web\/erasmus\/en\/wp-json\/wp\/v2\/media?parent=1035"}],"curies":[{"name":"wp","href":"https:\/\/api.w.org\/{rel}","templated":true}]}}