{"id":1048,"date":"2020-02-03T14:19:47","date_gmt":"2020-02-03T13:19:47","guid":{"rendered":"https:\/\/creena.educacion.navarra.es\/web\/erasmus\/zer-da-nhbbz\/"},"modified":"2021-11-15T13:12:45","modified_gmt":"2021-11-15T12:12:45","slug":"zer-da-nhbbz","status":"publish","type":"page","link":"https:\/\/creena.educacion.navarra.es\/web\/erasmus\/eu\/zer-da-nhbbz\/","title":{"rendered":"NHBBZ Iru\u00f1a"},"content":{"rendered":"\t\t<div data-elementor-type=\"wp-page\" data-elementor-id=\"1048\" class=\"elementor elementor-1048 elementor-726\">\n\t\t\t\t\t\t\t\t\t<section class=\"elementor-section elementor-top-section elementor-element elementor-element-714b8908 elementor-section-height-min-height elementor-section-content-middle elementor-section-stretched elementor-section-boxed elementor-section-height-default elementor-section-items-middle\" data-id=\"714b8908\" data-element_type=\"section\" data-settings=\"{&quot;background_background&quot;:&quot;classic&quot;,&quot;stretch_section&quot;:&quot;section-stretched&quot;}\">\n\t\t\t\t\t\t<div class=\"elementor-container elementor-column-gap-no\">\n\t\t\t\t\t<div class=\"elementor-column elementor-col-50 elementor-top-column elementor-element elementor-element-37a68a77\" data-id=\"37a68a77\" data-element_type=\"column\">\n\t\t\t<div class=\"elementor-widget-wrap elementor-element-populated\">\n\t\t\t\t\t\t\t\t<div class=\"elementor-element elementor-element-cf8c0f1 elementor-icon-list--layout-inline elementor-mobile-align-center elementor-hidden-phone elementor-list-item-link-full_width elementor-widget elementor-widget-icon-list\" data-id=\"cf8c0f1\" data-element_type=\"widget\" data-widget_type=\"icon-list.default\">\n\t\t\t\t<div class=\"elementor-widget-container\">\n\t\t\t\t\t<ul class=\"elementor-icon-list-items elementor-inline-items\">\n\t\t\t\t\t\t\t<li class=\"elementor-icon-list-item elementor-inline-item\">\n\t\t\t\t\t\t\t\t\t\t\t<a href=\"https:\/\/proeducarhezigarri.educacion.navarra.es\/contacto\/\" target=\"_blank\">\n\n\t\t\t\t\t\t\t\t\t\t\t\t<span class=\"elementor-icon-list-icon\">\n\t\t\t\t\t\t\t<i aria-hidden=\"true\" class=\"fas fa-phone\"><\/i>\t\t\t\t\t\t<\/span>\n\t\t\t\t\t\t\t\t\t\t<span class=\"elementor-icon-list-text\">+34 848 43 12 30<\/span>\n\t\t\t\t\t\t\t\t\t\t\t<\/a>\n\t\t\t\t\t\t\t\t\t<\/li>\n\t\t\t\t\t\t\t\t<li class=\"elementor-icon-list-item elementor-inline-item\">\n\t\t\t\t\t\t\t\t\t\t\t<a href=\"https:\/\/proeducarhezigarri.educacion.navarra.es\/contacto\/\" target=\"_blank\">\n\n\t\t\t\t\t\t\t\t\t\t\t\t<span class=\"elementor-icon-list-icon\">\n\t\t\t\t\t\t\t<i aria-hidden=\"true\" class=\"far fa-envelope\"><\/i>\t\t\t\t\t\t<\/span>\n\t\t\t\t\t\t\t\t\t\t<span class=\"elementor-icon-list-text\">KONTAKTUA<\/span>\n\t\t\t\t\t\t\t\t\t\t\t<\/a>\n\t\t\t\t\t\t\t\t\t<\/li>\n\t\t\t\t\t\t<\/ul>\n\t\t\t\t<\/div>\n\t\t\t\t<\/div>\n\t\t\t\t\t<\/div>\n\t\t<\/div>\n\t\t\t\t<div class=\"elementor-column elementor-col-50 elementor-top-column elementor-element elementor-element-2ecfe4a4\" data-id=\"2ecfe4a4\" data-element_type=\"column\">\n\t\t\t<div class=\"elementor-widget-wrap elementor-element-populated\">\n\t\t\t\t\t\t\t\t<div class=\"elementor-element elementor-element-b588a1b elementor-widget elementor-widget-wpml-language-switcher\" data-id=\"b588a1b\" data-element_type=\"widget\" data-widget_type=\"wpml-language-switcher.default\">\n\t\t\t\t<div class=\"elementor-widget-container\">\n\t\t\t<div class=\"wpml-elementor-ls\">\n<div class=\"wpml-ls-statics-shortcode_actions wpml-ls wpml-ls-legacy-list-horizontal\">\n\t<ul role=\"menu\"><li class=\"wpml-ls-slot-shortcode_actions wpml-ls-item wpml-ls-item-es wpml-ls-first-item wpml-ls-item-legacy-list-horizontal\" role=\"none\">\n\t\t\t\t<a href=\"https:\/\/creena.educacion.navarra.es\/web\/erasmus\/\" class=\"wpml-ls-link\" role=\"menuitem\"  aria-label=\"Switch to Spanish\" title=\"Switch to Spanish\" >\n                    <span class=\"wpml-ls-display\">Spanish<\/span><\/a>\n\t\t\t<\/li><li class=\"wpml-ls-slot-shortcode_actions wpml-ls-item wpml-ls-item-eu wpml-ls-current-language wpml-ls-item-legacy-list-horizontal\" role=\"none\">\n\t\t\t\t<a href=\"https:\/\/creena.educacion.navarra.es\/web\/erasmus\/eu\/\" class=\"wpml-ls-link\" role=\"menuitem\" >\n                    <span class=\"wpml-ls-native\" role=\"menuitem\">Euskara<\/span><\/a>\n\t\t\t<\/li><li class=\"wpml-ls-slot-shortcode_actions wpml-ls-item wpml-ls-item-en wpml-ls-item-legacy-list-horizontal\" role=\"none\">\n\t\t\t\t<a href=\"https:\/\/creena.educacion.navarra.es\/web\/erasmus\/en\/\" class=\"wpml-ls-link\" role=\"menuitem\"  aria-label=\"Switch to English\" title=\"Switch to English\" >\n                    <span class=\"wpml-ls-display\">English<\/span><\/a>\n\t\t\t<\/li><li class=\"wpml-ls-slot-shortcode_actions wpml-ls-item wpml-ls-item-it wpml-ls-item-legacy-list-horizontal\" role=\"none\">\n\t\t\t\t<a href=\"https:\/\/creena.educacion.navarra.es\/web\/erasmus\/it\/\" class=\"wpml-ls-link\" role=\"menuitem\"  aria-label=\"Switch to Italian\" title=\"Switch to Italian\" >\n                    <span class=\"wpml-ls-display\">Italian<\/span><\/a>\n\t\t\t<\/li><li class=\"wpml-ls-slot-shortcode_actions wpml-ls-item wpml-ls-item-pt-pt wpml-ls-last-item wpml-ls-item-legacy-list-horizontal\" role=\"none\">\n\t\t\t\t<a href=\"https:\/\/creena.educacion.navarra.es\/web\/erasmus\/pt-pt\/\" class=\"wpml-ls-link\" role=\"menuitem\"  aria-label=\"Switch to Portuguese, Portugal\" title=\"Switch to Portuguese, Portugal\" >\n                    <span class=\"wpml-ls-display\">Portuguese, Portugal<\/span><\/a>\n\t\t\t<\/li><\/ul>\n<\/div>\n<\/div>\t\t<\/div>\n\t\t\t\t<\/div>\n\t\t\t\t\t<\/div>\n\t\t<\/div>\n\t\t\t\t\t\t\t<\/div>\n\t\t<\/section>\n\t\t\t\t<section class=\"elementor-section elementor-top-section elementor-element elementor-element-54f9f248 elementor-section-stretched elementor-section-boxed elementor-section-height-default elementor-section-height-default\" data-id=\"54f9f248\" data-element_type=\"section\" data-settings=\"{&quot;stretch_section&quot;:&quot;section-stretched&quot;,&quot;background_background&quot;:&quot;classic&quot;,&quot;sticky&quot;:&quot;top&quot;,&quot;sticky_on&quot;:[&quot;desktop&quot;,&quot;tablet&quot;,&quot;mobile&quot;],&quot;sticky_offset&quot;:0,&quot;sticky_effects_offset&quot;:0}\">\n\t\t\t\t\t\t<div class=\"elementor-container elementor-column-gap-no\">\n\t\t\t\t\t<div class=\"elementor-column elementor-col-50 elementor-top-column elementor-element elementor-element-22b8b2c2\" data-id=\"22b8b2c2\" data-element_type=\"column\">\n\t\t\t<div class=\"elementor-widget-wrap elementor-element-populated\">\n\t\t\t\t\t\t\t\t<div class=\"elementor-element elementor-element-538d81b5 elementor-widget elementor-widget-image\" data-id=\"538d81b5\" data-element_type=\"widget\" data-widget_type=\"image.default\">\n\t\t\t\t<div class=\"elementor-widget-container\">\n\t\t\t\t\t\t\t\t\t\t\t\t\t\t\t\t<a href=\"https:\/\/creena.educacion.navarra.es\/web\/erasmus\/eu\/\">\n\t\t\t\t\t\t\t<img width=\"510\" height=\"303\" src=\"https:\/\/creena.educacion.navarra.es\/web\/erasmus\/wp-content\/uploads\/sites\/7\/2021\/08\/Logo_inclus_cabecera-1.jpg\" class=\"attachment-large size-large wp-image-4137\" alt=\"\" loading=\"lazy\" srcset=\"https:\/\/creena.educacion.navarra.es\/web\/erasmus\/wp-content\/uploads\/sites\/7\/2021\/08\/Logo_inclus_cabecera-1.jpg 510w, https:\/\/creena.educacion.navarra.es\/web\/erasmus\/wp-content\/uploads\/sites\/7\/2021\/08\/Logo_inclus_cabecera-1-300x178.jpg 300w\" sizes=\"(max-width: 510px) 100vw, 510px\" \/>\t\t\t\t\t\t\t\t<\/a>\n\t\t\t\t\t\t\t\t\t\t\t\t\t\t\t<\/div>\n\t\t\t\t<\/div>\n\t\t\t\t\t<\/div>\n\t\t<\/div>\n\t\t\t\t<div class=\"elementor-column elementor-col-50 elementor-top-column elementor-element elementor-element-139d10\" data-id=\"139d10\" data-element_type=\"column\">\n\t\t\t<div class=\"elementor-widget-wrap elementor-element-populated\">\n\t\t\t\t\t\t\t\t<div class=\"elementor-element elementor-element-74e8bd39 elementor-nav-menu__align-center elementor-nav-menu--stretch elementor-nav-menu--dropdown-tablet elementor-nav-menu__text-align-aside elementor-nav-menu--toggle elementor-nav-menu--burger elementor-widget elementor-widget-nav-menu\" data-id=\"74e8bd39\" data-element_type=\"widget\" data-settings=\"{&quot;full_width&quot;:&quot;stretch&quot;,&quot;layout&quot;:&quot;horizontal&quot;,&quot;submenu_icon&quot;:{&quot;value&quot;:&quot;&lt;i class=\\&quot;fas fa-caret-down\\&quot;&gt;&lt;\\\/i&gt;&quot;,&quot;library&quot;:&quot;fa-solid&quot;},&quot;toggle&quot;:&quot;burger&quot;}\" data-widget_type=\"nav-menu.default\">\n\t\t\t\t<div class=\"elementor-widget-container\">\n\t\t\t\t\t\t<nav migration_allowed=\"1\" migrated=\"0\" role=\"navigation\" class=\"elementor-nav-menu--main elementor-nav-menu__container elementor-nav-menu--layout-horizontal e--pointer-background e--animation-fade\"><ul id=\"menu-1-74e8bd39\" class=\"elementor-nav-menu\"><li class=\"menu-item menu-item-type-post_type menu-item-object-page menu-item-home menu-item-5238\"><a class=\"elementor-item\" href=\"https:\/\/creena.educacion.navarra.es\/web\/erasmus\/eu\/\" itemprop=\"url\">Hasiera<\/a><\/li>\n<li class=\"menu-item menu-item-type-post_type menu-item-object-page menu-item-5240\"><a class=\"elementor-item\" href=\"https:\/\/creena.educacion.navarra.es\/web\/erasmus\/eu\/proiektua\/\" itemprop=\"url\">Proiektua<\/a><\/li>\n<li class=\"menu-item menu-item-type-custom menu-item-object-custom menu-item-has-children menu-item-5241\"><a class=\"elementor-item elementor-item-anchor\" href=\"#\" itemprop=\"url\">Nazioarteko bilerak<\/a>\n<ul class=\"sub-menu elementor-nav-menu--dropdown\">\n\t<li class=\"menu-item menu-item-type-post_type menu-item-object-page menu-item-5256\"><a class=\"elementor-sub-item\" href=\"https:\/\/creena.educacion.navarra.es\/web\/erasmus\/eu\/pamplona-marzo-2019\/\" itemprop=\"url\">Iru\u00f1a \u2013 2019ko martxoan<\/a><\/li>\n\t<li class=\"menu-item menu-item-type-post_type menu-item-object-page menu-item-5250\"><a class=\"elementor-sub-item\" href=\"https:\/\/creena.educacion.navarra.es\/web\/erasmus\/eu\/modena-2019ko-urria-2\/\" itemprop=\"url\">Modena \u2013 2019ko urria<\/a><\/li>\n\t<li class=\"menu-item menu-item-type-post_type menu-item-object-page menu-item-5249\"><a class=\"elementor-sub-item\" href=\"https:\/\/creena.educacion.navarra.es\/web\/erasmus\/eu\/vilela-2020ko-urtarrila-2\/\" itemprop=\"url\">Vilela \u2013 2020ko urtarrila<\/a><\/li>\n\t<li class=\"menu-item menu-item-type-post_type menu-item-object-page menu-item-5246\"><a class=\"elementor-sub-item\" href=\"https:\/\/creena.educacion.navarra.es\/web\/erasmus\/eu\/barcelona-noviembre-2020\/\" itemprop=\"url\">Bartzelona \u2013 2020ko azaroa<\/a><\/li>\n\t<li class=\"menu-item menu-item-type-post_type menu-item-object-page menu-item-5248\"><a class=\"elementor-sub-item\" href=\"https:\/\/creena.educacion.navarra.es\/web\/erasmus\/eu\/pamplona-abril-2021\/\" itemprop=\"url\">Iru\u00f1a \u2013 2021eko apirila<\/a><\/li>\n\t<li class=\"menu-item menu-item-type-post_type menu-item-object-page menu-item-5413\"><a class=\"elementor-sub-item\" href=\"https:\/\/creena.educacion.navarra.es\/web\/erasmus\/eu\/bruselas-junio-2021\/\" itemprop=\"url\">Brusela \u2013 2021eko iraila<\/a><\/li>\n<\/ul>\n<\/li>\n<li class=\"menu-item menu-item-type-custom menu-item-object-custom menu-item-has-children menu-item-5242\"><a class=\"elementor-item elementor-item-anchor\" href=\"#\" itemprop=\"url\">Produktu intelektualak<\/a>\n<ul class=\"sub-menu elementor-nav-menu--dropdown\">\n\t<li class=\"menu-item menu-item-type-post_type menu-item-object-page menu-item-5255\"><a class=\"elementor-sub-item\" href=\"https:\/\/creena.educacion.navarra.es\/web\/erasmus\/eu\/guia-docente\/\" itemprop=\"url\">Irakaskuntza-Gida<\/a><\/li>\n\t<li class=\"menu-item menu-item-type-post_type menu-item-object-page menu-item-5245\"><a class=\"elementor-sub-item\" href=\"https:\/\/creena.educacion.navarra.es\/web\/erasmus\/eu\/mooc\/\" itemprop=\"url\">MOOC<\/a><\/li>\n<\/ul>\n<\/li>\n<li class=\"menu-item menu-item-type-custom menu-item-object-custom menu-item-has-children menu-item-5243\"><a class=\"elementor-item elementor-item-anchor\" href=\"#\" itemprop=\"url\">Hedapena<\/a>\n<ul class=\"sub-menu elementor-nav-menu--dropdown\">\n\t<li class=\"menu-item menu-item-type-post_type menu-item-object-page menu-item-5244\"><a class=\"elementor-sub-item\" href=\"https:\/\/creena.educacion.navarra.es\/web\/erasmus\/eu\/noticias\/\" itemprop=\"url\">Berriak<\/a><\/li>\n<\/ul>\n<\/li>\n<li class=\"menu-item menu-item-type-post_type menu-item-object-page menu-item-5239\"><a class=\"elementor-item\" href=\"https:\/\/creena.educacion.navarra.es\/web\/erasmus\/eu\/contacto\/\" itemprop=\"url\">Kontaktua<\/a><\/li>\n<\/ul><\/nav>\n\t\t\t\t\t<div class=\"elementor-menu-toggle\" role=\"button\" tabindex=\"0\" aria-label=\"Menu Toggle\" aria-expanded=\"false\">\n\t\t\t<i aria-hidden=\"true\" role=\"presentation\" class=\"eicon-menu-bar\"><\/i>\t\t\t<span class=\"elementor-screen-only\">Menu<\/span>\n\t\t<\/div>\n\t\t\t<nav class=\"elementor-nav-menu--dropdown elementor-nav-menu__container\" role=\"navigation\" aria-hidden=\"true\"><ul id=\"menu-2-74e8bd39\" class=\"elementor-nav-menu\"><li class=\"menu-item menu-item-type-post_type menu-item-object-page menu-item-home menu-item-5238\"><a class=\"elementor-item\" href=\"https:\/\/creena.educacion.navarra.es\/web\/erasmus\/eu\/\" itemprop=\"url\" tabindex=\"-1\">Hasiera<\/a><\/li>\n<li class=\"menu-item menu-item-type-post_type menu-item-object-page menu-item-5240\"><a class=\"elementor-item\" href=\"https:\/\/creena.educacion.navarra.es\/web\/erasmus\/eu\/proiektua\/\" itemprop=\"url\" tabindex=\"-1\">Proiektua<\/a><\/li>\n<li class=\"menu-item menu-item-type-custom menu-item-object-custom menu-item-has-children menu-item-5241\"><a class=\"elementor-item elementor-item-anchor\" href=\"#\" itemprop=\"url\" tabindex=\"-1\">Nazioarteko bilerak<\/a>\n<ul class=\"sub-menu elementor-nav-menu--dropdown\">\n\t<li class=\"menu-item menu-item-type-post_type menu-item-object-page menu-item-5256\"><a class=\"elementor-sub-item\" href=\"https:\/\/creena.educacion.navarra.es\/web\/erasmus\/eu\/pamplona-marzo-2019\/\" itemprop=\"url\" tabindex=\"-1\">Iru\u00f1a \u2013 2019ko martxoan<\/a><\/li>\n\t<li class=\"menu-item menu-item-type-post_type menu-item-object-page menu-item-5250\"><a class=\"elementor-sub-item\" href=\"https:\/\/creena.educacion.navarra.es\/web\/erasmus\/eu\/modena-2019ko-urria-2\/\" itemprop=\"url\" tabindex=\"-1\">Modena \u2013 2019ko urria<\/a><\/li>\n\t<li class=\"menu-item menu-item-type-post_type menu-item-object-page menu-item-5249\"><a class=\"elementor-sub-item\" href=\"https:\/\/creena.educacion.navarra.es\/web\/erasmus\/eu\/vilela-2020ko-urtarrila-2\/\" itemprop=\"url\" tabindex=\"-1\">Vilela \u2013 2020ko urtarrila<\/a><\/li>\n\t<li class=\"menu-item menu-item-type-post_type menu-item-object-page menu-item-5246\"><a class=\"elementor-sub-item\" href=\"https:\/\/creena.educacion.navarra.es\/web\/erasmus\/eu\/barcelona-noviembre-2020\/\" itemprop=\"url\" tabindex=\"-1\">Bartzelona \u2013 2020ko azaroa<\/a><\/li>\n\t<li class=\"menu-item menu-item-type-post_type menu-item-object-page menu-item-5248\"><a class=\"elementor-sub-item\" href=\"https:\/\/creena.educacion.navarra.es\/web\/erasmus\/eu\/pamplona-abril-2021\/\" itemprop=\"url\" tabindex=\"-1\">Iru\u00f1a \u2013 2021eko apirila<\/a><\/li>\n\t<li class=\"menu-item menu-item-type-post_type menu-item-object-page menu-item-5413\"><a class=\"elementor-sub-item\" href=\"https:\/\/creena.educacion.navarra.es\/web\/erasmus\/eu\/bruselas-junio-2021\/\" itemprop=\"url\" tabindex=\"-1\">Brusela \u2013 2021eko iraila<\/a><\/li>\n<\/ul>\n<\/li>\n<li class=\"menu-item menu-item-type-custom menu-item-object-custom menu-item-has-children menu-item-5242\"><a class=\"elementor-item elementor-item-anchor\" href=\"#\" itemprop=\"url\" tabindex=\"-1\">Produktu intelektualak<\/a>\n<ul class=\"sub-menu elementor-nav-menu--dropdown\">\n\t<li class=\"menu-item menu-item-type-post_type menu-item-object-page menu-item-5255\"><a class=\"elementor-sub-item\" href=\"https:\/\/creena.educacion.navarra.es\/web\/erasmus\/eu\/guia-docente\/\" itemprop=\"url\" tabindex=\"-1\">Irakaskuntza-Gida<\/a><\/li>\n\t<li class=\"menu-item menu-item-type-post_type menu-item-object-page menu-item-5245\"><a class=\"elementor-sub-item\" href=\"https:\/\/creena.educacion.navarra.es\/web\/erasmus\/eu\/mooc\/\" itemprop=\"url\" tabindex=\"-1\">MOOC<\/a><\/li>\n<\/ul>\n<\/li>\n<li class=\"menu-item menu-item-type-custom menu-item-object-custom menu-item-has-children menu-item-5243\"><a class=\"elementor-item elementor-item-anchor\" href=\"#\" itemprop=\"url\" tabindex=\"-1\">Hedapena<\/a>\n<ul class=\"sub-menu elementor-nav-menu--dropdown\">\n\t<li class=\"menu-item menu-item-type-post_type menu-item-object-page menu-item-5244\"><a class=\"elementor-sub-item\" href=\"https:\/\/creena.educacion.navarra.es\/web\/erasmus\/eu\/noticias\/\" itemprop=\"url\" tabindex=\"-1\">Berriak<\/a><\/li>\n<\/ul>\n<\/li>\n<li class=\"menu-item menu-item-type-post_type menu-item-object-page menu-item-5239\"><a class=\"elementor-item\" href=\"https:\/\/creena.educacion.navarra.es\/web\/erasmus\/eu\/contacto\/\" itemprop=\"url\" tabindex=\"-1\">Kontaktua<\/a><\/li>\n<\/ul><\/nav>\n\t\t\t\t<\/div>\n\t\t\t\t<\/div>\n\t\t\t\t\t<\/div>\n\t\t<\/div>\n\t\t\t\t\t\t\t<\/div>\n\t\t<\/section>\n\t\t\t\t<section class=\"elementor-section elementor-top-section elementor-element elementor-element-2090c36c elementor-section-boxed elementor-section-height-default elementor-section-height-default\" data-id=\"2090c36c\" data-element_type=\"section\" data-settings=\"{&quot;animation&quot;:&quot;none&quot;}\">\n\t\t\t\t\t\t<div class=\"elementor-container elementor-column-gap-default\">\n\t\t\t\t\t<div class=\"elementor-column elementor-col-100 elementor-top-column elementor-element elementor-element-19bd4da\" data-id=\"19bd4da\" data-element_type=\"column\" data-settings=\"{&quot;background_background&quot;:&quot;classic&quot;}\">\n\t\t\t<div class=\"elementor-widget-wrap elementor-element-populated\">\n\t\t\t\t\t\t\t\t<section class=\"elementor-section elementor-inner-section elementor-element elementor-element-4291a8c1 elementor-section-boxed elementor-section-height-default elementor-section-height-default\" data-id=\"4291a8c1\" data-element_type=\"section\">\n\t\t\t\t\t\t<div class=\"elementor-container elementor-column-gap-default\">\n\t\t\t\t\t<div class=\"elementor-column elementor-col-100 elementor-inner-column elementor-element elementor-element-c491f30\" data-id=\"c491f30\" data-element_type=\"column\">\n\t\t\t<div class=\"elementor-widget-wrap elementor-element-populated\">\n\t\t\t\t\t\t\t\t<div class=\"elementor-element elementor-element-b91d89f elementor-widget elementor-widget-image\" data-id=\"b91d89f\" data-element_type=\"widget\" data-widget_type=\"image.default\">\n\t\t\t\t<div class=\"elementor-widget-container\">\n\t\t\t\t\t\t\t\t\t\t\t\t\t\t\t\t<a href=\"https:\/\/creena.educacion.navarra.es\/web\/\" target=\"_blank\">\n\t\t\t\t\t\t\t<img width=\"400\" height=\"400\" src=\"https:\/\/creena.educacion.navarra.es\/web\/erasmus\/wp-content\/uploads\/sites\/7\/2020\/05\/logo_creena_socios.png\" class=\"attachment-large size-large wp-image-2543\" alt=\"\" loading=\"lazy\" srcset=\"https:\/\/creena.educacion.navarra.es\/web\/erasmus\/wp-content\/uploads\/sites\/7\/2020\/05\/logo_creena_socios.png 400w, https:\/\/creena.educacion.navarra.es\/web\/erasmus\/wp-content\/uploads\/sites\/7\/2020\/05\/logo_creena_socios-300x300.png 300w, https:\/\/creena.educacion.navarra.es\/web\/erasmus\/wp-content\/uploads\/sites\/7\/2020\/05\/logo_creena_socios-150x150.png 150w, https:\/\/creena.educacion.navarra.es\/web\/erasmus\/wp-content\/uploads\/sites\/7\/2020\/05\/logo_creena_socios-100x100.png 100w\" sizes=\"(max-width: 400px) 100vw, 400px\" \/>\t\t\t\t\t\t\t\t<\/a>\n\t\t\t\t\t\t\t\t\t\t\t\t\t\t\t<\/div>\n\t\t\t\t<\/div>\n\t\t\t\t\t<\/div>\n\t\t<\/div>\n\t\t\t\t\t\t\t<\/div>\n\t\t<\/section>\n\t\t\t\t<div class=\"elementor-element elementor-element-791f1be4 elementor-widget elementor-widget-text-editor\" data-id=\"791f1be4\" data-element_type=\"widget\" data-widget_type=\"text-editor.default\">\n\t\t\t\t<div class=\"elementor-widget-container\">\n\t\t\t\t\t\t\t<p class=\"p1\"><strong> <a href=\"https:\/\/creena.educacion.navarra.es\/web\/\" target=\"_blank\" rel=\"noopener\">Nafarroako Hezkuntza Bereziko Baliabideen Zentroa\u00a0(NHBBZ)<\/a> Hezkuntza Departamentuaren menpeko erakundea da. Hezkuntza sistemari laguntzeko egitura espezializatua da, eta berariazko hezkuntza premiei buruzko guztia antolatu eta koordinatzen du, ikasleak hezkuntza sisteman hobeto integratzen laguntzeko.<\/strong><\/p>\n<p>Hezkuntzako normalizazioaren eta inklusioaren printzipioekin bat etorriz, hezkuntza komunitateko kide guztiei (irakasleak, ikasleak eta familiak) zuzendutako ez ohiko esku-hartzea eta esku-hartze espezializatuak &#8220;osagarritasun&#8221; eta &#8220;subsidiariotasun&#8221; irizpideak ditu oinarri, eta haien jarduerak, kasu guztietan, formatiboak izan behar dute eta baliabide arrunten autonomia sustatu behar dute.<\/p>\n<p class=\"p1\">\u00a0<\/p>\n<h3>Non dago NHBBZ?\u00a0<\/h3>\n<p><strong>N<\/strong>afarroako\u00a0<strong>H<\/strong>ezkuntza\u00a0<strong>B<\/strong>ereziko\u00a0<strong>B<\/strong>aliabideen  <strong>Z<\/strong>entroa<br \/> Tajonar Kalea, 14B<br \/>31006 Iru\u00f1a &#8211; Nafarroa &#8211;<\/p>\n<p><a href=\"https:\/\/creena.educacion.navarra.es\/web\/\" target=\"_blank\" rel=\"noopener\">www.creena.educacion.navarra.es\/web\/<\/a><\/p>\n<p>creena@educacion.navarra.es<\/p>\n<p><strong>TEL 848 431 230<\/strong><br \/><strong>FAX 848 431 250<\/strong><\/p>\n\t\t\t\t\t\t<\/div>\n\t\t\t\t<\/div>\n\t\t\t\t<div class=\"elementor-element elementor-element-ca3cc9b elementor-widget elementor-widget-heading\" data-id=\"ca3cc9b\" data-element_type=\"widget\" data-widget_type=\"heading.default\">\n\t\t\t\t<div class=\"elementor-widget-container\">\n\t\t\t<h3 class=\"elementor-heading-title elementor-size-default\">Proiektuko Talde Bazkideak:<\/h3>\t\t<\/div>\n\t\t\t\t<\/div>\n\t\t\t\t<section class=\"elementor-section elementor-inner-section elementor-element elementor-element-b7e73d5 elementor-section-boxed elementor-section-height-default elementor-section-height-default\" data-id=\"b7e73d5\" data-element_type=\"section\">\n\t\t\t\t\t\t<div class=\"elementor-container elementor-column-gap-default\">\n\t\t\t\t\t<div class=\"elementor-column elementor-col-33 elementor-inner-column elementor-element elementor-element-f9cb3d1\" data-id=\"f9cb3d1\" data-element_type=\"column\">\n\t\t\t<div class=\"elementor-widget-wrap\">\n\t\t\t\t\t\t\t\t\t<\/div>\n\t\t<\/div>\n\t\t\t\t<div class=\"elementor-column elementor-col-33 elementor-inner-column elementor-element elementor-element-37105e2\" data-id=\"37105e2\" data-element_type=\"column\" data-settings=\"{&quot;background_background&quot;:&quot;classic&quot;}\">\n\t\t\t<div class=\"elementor-widget-wrap elementor-element-populated\">\n\t\t\t\t\t\t\t\t<div class=\"elementor-element elementor-element-d8bf2e7 elementor-widget elementor-widget-text-editor\" data-id=\"d8bf2e7\" data-element_type=\"widget\" data-widget_type=\"text-editor.default\">\n\t\t\t\t<div class=\"elementor-widget-container\">\n\t\t\t\t\t\t\t<p>\u00a0<a href=\"https:\/\/creena.educacion.navarra.es\/web\/erasmus\/eu\/modena\/\" rel=\"noopener\">Modena<\/a>\u00a0 \u00a0\u2022\u00a0 <a href=\"https:\/\/creena.educacion.navarra.es\/web\/erasmus\/eu\/vilela\/\" rel=\"noopener\">Vilela<\/a>\u00a0 \u00a0\u2022\u00a0 \u00a0<a href=\"https:\/\/creena.educacion.navarra.es\/web\/erasmus\/eu\/pamplona-inclusion-educativa\/\">Iru\u00f1eko Hezkuntza Inklusioa<\/a><\/p>\n\t\t\t\t\t\t<\/div>\n\t\t\t\t<\/div>\n\t\t\t\t\t<\/div>\n\t\t<\/div>\n\t\t\t\t<div class=\"elementor-column elementor-col-33 elementor-inner-column elementor-element elementor-element-84ff949\" data-id=\"84ff949\" data-element_type=\"column\">\n\t\t\t<div class=\"elementor-widget-wrap\">\n\t\t\t\t\t\t\t\t\t<\/div>\n\t\t<\/div>\n\t\t\t\t\t\t\t<\/div>\n\t\t<\/section>\n\t\t\t\t<div class=\"elementor-element elementor-element-5f9b348e elementor-widget elementor-widget-spacer\" data-id=\"5f9b348e\" data-element_type=\"widget\" data-widget_type=\"spacer.default\">\n\t\t\t\t<div class=\"elementor-widget-container\">\n\t\t\t\t\t<div class=\"elementor-spacer\">\n\t\t\t<div class=\"elementor-spacer-inner\"><\/div>\n\t\t<\/div>\n\t\t\t\t<\/div>\n\t\t\t\t<\/div>\n\t\t\t\t\t<\/div>\n\t\t<\/div>\n\t\t\t\t\t\t\t<\/div>\n\t\t<\/section>\n\t\t\t\t<section class=\"elementor-section elementor-top-section elementor-element elementor-element-4848f27c elementor-section-full_width elementor-section-content-bottom elementor-section-stretched elementor-section-height-default elementor-section-height-default\" data-id=\"4848f27c\" data-element_type=\"section\" data-settings=\"{&quot;background_background&quot;:&quot;classic&quot;,&quot;stretch_section&quot;:&quot;section-stretched&quot;}\">\n\t\t\t\t\t\t\t<div class=\"elementor-background-overlay\"><\/div>\n\t\t\t\t\t\t\t<div class=\"elementor-container elementor-column-gap-default\">\n\t\t\t\t\t<div class=\"elementor-column elementor-col-100 elementor-top-column elementor-element elementor-element-7f0bc0ce\" data-id=\"7f0bc0ce\" data-element_type=\"column\">\n\t\t\t<div class=\"elementor-widget-wrap elementor-element-populated\">\n\t\t\t\t\t\t\t\t<section class=\"elementor-section elementor-inner-section elementor-element elementor-element-273f85cd elementor-section-boxed elementor-section-height-default elementor-section-height-default\" data-id=\"273f85cd\" data-element_type=\"section\">\n\t\t\t\t\t\t<div class=\"elementor-container elementor-column-gap-default\">\n\t\t\t\t\t<div class=\"elementor-column elementor-col-33 elementor-inner-column elementor-element elementor-element-65df64a5\" data-id=\"65df64a5\" data-element_type=\"column\">\n\t\t\t<div class=\"elementor-widget-wrap elementor-element-populated\">\n\t\t\t\t\t\t\t\t<div class=\"elementor-element elementor-element-4202db7a elementor-widget elementor-widget-image\" data-id=\"4202db7a\" data-element_type=\"widget\" data-widget_type=\"image.default\">\n\t\t\t\t<div class=\"elementor-widget-container\">\n\t\t\t\t\t\t\t\t\t\t\t\t\t\t\t\t<a href=\"https:\/\/creena.educacion.navarra.es\/web\/erasmus\/eu\/\">\n\t\t\t\t\t\t\t<img width=\"281\" height=\"303\" src=\"https:\/\/creena.educacion.navarra.es\/web\/erasmus\/wp-content\/uploads\/sites\/7\/2021\/08\/Logo_inclus_footer.jpg\" class=\"attachment-large size-large wp-image-4192\" alt=\"\" loading=\"lazy\" srcset=\"https:\/\/creena.educacion.navarra.es\/web\/erasmus\/wp-content\/uploads\/sites\/7\/2021\/08\/Logo_inclus_footer.jpg 281w, https:\/\/creena.educacion.navarra.es\/web\/erasmus\/wp-content\/uploads\/sites\/7\/2021\/08\/Logo_inclus_footer-278x300.jpg 278w\" sizes=\"(max-width: 281px) 100vw, 281px\" \/>\t\t\t\t\t\t\t\t<\/a>\n\t\t\t\t\t\t\t\t\t\t\t\t\t\t\t<\/div>\n\t\t\t\t<\/div>\n\t\t\t\t\t<\/div>\n\t\t<\/div>\n\t\t\t\t<div class=\"elementor-column elementor-col-33 elementor-inner-column elementor-element elementor-element-75834b56\" data-id=\"75834b56\" data-element_type=\"column\">\n\t\t\t<div class=\"elementor-widget-wrap elementor-element-populated\">\n\t\t\t\t\t\t\t\t<div class=\"elementor-element elementor-element-4992e42c elementor-widget elementor-widget-heading\" data-id=\"4992e42c\" data-element_type=\"widget\" data-widget_type=\"heading.default\">\n\t\t\t\t<div class=\"elementor-widget-container\">\n\t\t\t<h2 class=\"elementor-heading-title elementor-size-default\">ERASMUS+ KA201<\/h2>\t\t<\/div>\n\t\t\t\t<\/div>\n\t\t\t\t<div class=\"elementor-element elementor-element-370a53f0 elementor-tablet-align-left elementor-mobile-align-center elementor-align-center elementor-icon-list--layout-traditional elementor-list-item-link-full_width elementor-widget elementor-widget-icon-list\" data-id=\"370a53f0\" data-element_type=\"widget\" data-widget_type=\"icon-list.default\">\n\t\t\t\t<div class=\"elementor-widget-container\">\n\t\t\t\t\t<ul class=\"elementor-icon-list-items\">\n\t\t\t\t\t\t\t<li class=\"elementor-icon-list-item\">\n\t\t\t\t\t\t\t\t\t\t\t<span class=\"elementor-icon-list-icon\">\n\t\t\t\t\t\t\t<i aria-hidden=\"true\" class=\"fas fa-map-marker-alt\"><\/i>\t\t\t\t\t\t<\/span>\n\t\t\t\t\t\t\t\t\t\t<span class=\"elementor-icon-list-text\">NHBBZ - Tajonar kalea 14, 31006 Iru\u00f1a, Nafarroa<\/span>\n\t\t\t\t\t\t\t\t\t<\/li>\n\t\t\t\t\t\t\t\t<li class=\"elementor-icon-list-item\">\n\t\t\t\t\t\t\t\t\t\t\t<span class=\"elementor-icon-list-icon\">\n\t\t\t\t\t\t\t<i aria-hidden=\"true\" class=\"fas fa-phone\"><\/i>\t\t\t\t\t\t<\/span>\n\t\t\t\t\t\t\t\t\t\t<span class=\"elementor-icon-list-text\">+34 848 43 12 30<\/span>\n\t\t\t\t\t\t\t\t\t<\/li>\n\t\t\t\t\t\t\t\t<li class=\"elementor-icon-list-item\">\n\t\t\t\t\t\t\t\t\t\t\t<span class=\"elementor-icon-list-icon\">\n\t\t\t\t\t\t\t<i aria-hidden=\"true\" class=\"fas fa-envelope\"><\/i>\t\t\t\t\t\t<\/span>\n\t\t\t\t\t\t\t\t\t\t<span class=\"elementor-icon-list-text\">mlopezgi@educacion.navarra.es<\/span>\n\t\t\t\t\t\t\t\t\t<\/li>\n\t\t\t\t\t\t<\/ul>\n\t\t\t\t<\/div>\n\t\t\t\t<\/div>\n\t\t\t\t\t<\/div>\n\t\t<\/div>\n\t\t\t\t<div class=\"elementor-column elementor-col-33 elementor-inner-column elementor-element elementor-element-1a8a5d7c\" data-id=\"1a8a5d7c\" data-element_type=\"column\">\n\t\t\t<div class=\"elementor-widget-wrap elementor-element-populated\">\n\t\t\t\t\t\t\t\t<div class=\"elementor-element elementor-element-8ad7ae2 elementor-widget elementor-widget-heading\" data-id=\"8ad7ae2\" data-element_type=\"widget\" data-widget_type=\"heading.default\">\n\t\t\t\t<div class=\"elementor-widget-container\">\n\t\t\t<h5 class=\"elementor-heading-title elementor-size-default\"><a href=\"https:\/\/www.educacion.navarra.es\/web\/dpto\/aviso-legal\" target=\"_blank\">\u2022 Lege-oharra \u2022<\/a><\/h5>\t\t<\/div>\n\t\t\t\t<\/div>\n\t\t\t\t<div class=\"elementor-element elementor-element-47c5cbd elementor-widget elementor-widget-heading\" data-id=\"47c5cbd\" data-element_type=\"widget\" data-widget_type=\"heading.default\">\n\t\t\t\t<div class=\"elementor-widget-container\">\n\t\t\t<h5 class=\"elementor-heading-title elementor-size-default\"><a href=\"https:\/\/www.educacion.navarra.es\/web\/dpto\/aviso-legal\" target=\"_blank\">\"Inclus-4-All\" proiektua Europako Batasuneko Erasmus+ programak kofinantzatzen du. Webgune honen edukia CREENAren, Europako Batzordearen eta Hezkuntza Nazioartekotzeko Espainiako Zerbitzuaren (SEPIE) SEPIE) erantzukizuna ere, hemen zabaldutako informazioa nola erabil daitekeen jakiteko.<\/a><\/h5>\t\t<\/div>\n\t\t\t\t<\/div>\n\t\t\t\t\t<\/div>\n\t\t<\/div>\n\t\t\t\t\t\t\t<\/div>\n\t\t<\/section>\n\t\t\t\t<div class=\"elementor-element elementor-element-356eac42 elementor-widget-divider--view-line elementor-widget elementor-widget-divider\" data-id=\"356eac42\" data-element_type=\"widget\" data-widget_type=\"divider.default\">\n\t\t\t\t<div class=\"elementor-widget-container\">\n\t\t\t\t\t<div class=\"elementor-divider\">\n\t\t\t<span class=\"elementor-divider-separator\">\n\t\t\t\t\t\t<\/span>\n\t\t<\/div>\n\t\t\t\t<\/div>\n\t\t\t\t<\/div>\n\t\t\t\t<section class=\"elementor-section elementor-inner-section elementor-element elementor-element-2c4f5958 elementor-section-boxed elementor-section-height-default elementor-section-height-default\" data-id=\"2c4f5958\" data-element_type=\"section\">\n\t\t\t\t\t\t<div class=\"elementor-container elementor-column-gap-default\">\n\t\t\t\t\t<div class=\"elementor-column elementor-col-100 elementor-inner-column elementor-element elementor-element-15d50703\" data-id=\"15d50703\" data-element_type=\"column\">\n\t\t\t<div class=\"elementor-widget-wrap elementor-element-populated\">\n\t\t\t\t\t\t\t\t<div class=\"elementor-element elementor-element-5aa61c4d elementor-widget elementor-widget-heading\" data-id=\"5aa61c4d\" data-element_type=\"widget\" data-widget_type=\"heading.default\">\n\t\t\t\t<div class=\"elementor-widget-container\">\n\t\t\t<h4 class=\"elementor-heading-title elementor-size-default\">\u24b8 2020 - Eskubide guztiak erreserbatuta<\/h4>\t\t<\/div>\n\t\t\t\t<\/div>\n\t\t\t\t\t<\/div>\n\t\t<\/div>\n\t\t\t\t\t\t\t<\/div>\n\t\t<\/section>\n\t\t\t\t\t<\/div>\n\t\t<\/div>\n\t\t\t\t\t\t\t<\/div>\n\t\t<\/section>\n\t\t\t\t\t\t\t<\/div>\n\t\t","protected":false},"excerpt":{"rendered":"<p>+34 848 43 12 30 KONTAKTUA Espa\u00f1ol Euskera Ingl\u00e9s Italiano Portugu\u00e9s, Portugal Nafarroako Hezkuntza Bereziko Baliabideen Zentroa\u00a0(NHBBZ) Hezkuntza Departamentuaren menpeko erakundea da. Hezkuntza sistemari laguntzeko egitura espezializatua da, eta berariazko hezkuntza premiei buruzko guztia antolatu eta koordinatzen du, ikasleak hezkuntza sisteman hobeto integratzen laguntzeko. Hezkuntzako normalizazioaren eta inklusioaren printzipioekin bat etorriz, hezkuntza komunitateko kide guztiei [&hellip;]<\/p>\n","protected":false},"author":4,"featured_media":0,"parent":0,"menu_order":0,"comment_status":"closed","ping_status":"closed","template":"","meta":{"_genesis_hide_title":false,"_genesis_hide_breadcrumbs":false,"_genesis_hide_singular_image":false,"_genesis_hide_footer_widgets":false,"_genesis_custom_body_class":"","_genesis_custom_post_class":"","_genesis_layout":""},"_links":{"self":[{"href":"https:\/\/creena.educacion.navarra.es\/web\/erasmus\/eu\/wp-json\/wp\/v2\/pages\/1048"}],"collection":[{"href":"https:\/\/creena.educacion.navarra.es\/web\/erasmus\/eu\/wp-json\/wp\/v2\/pages"}],"about":[{"href":"https:\/\/creena.educacion.navarra.es\/web\/erasmus\/eu\/wp-json\/wp\/v2\/types\/page"}],"author":[{"embeddable":true,"href":"https:\/\/creena.educacion.navarra.es\/web\/erasmus\/eu\/wp-json\/wp\/v2\/users\/4"}],"replies":[{"embeddable":true,"href":"https:\/\/creena.educacion.navarra.es\/web\/erasmus\/eu\/wp-json\/wp\/v2\/comments?post=1048"}],"version-history":[{"count":16,"href":"https:\/\/creena.educacion.navarra.es\/web\/erasmus\/eu\/wp-json\/wp\/v2\/pages\/1048\/revisions"}],"predecessor-version":[{"id":5535,"href":"https:\/\/creena.educacion.navarra.es\/web\/erasmus\/eu\/wp-json\/wp\/v2\/pages\/1048\/revisions\/5535"}],"wp:attachment":[{"href":"https:\/\/creena.educacion.navarra.es\/web\/erasmus\/eu\/wp-json\/wp\/v2\/media?parent=1048"}],"curies":[{"name":"wp","href":"https:\/\/api.w.org\/{rel}","templated":true}]}}