{"id":1462,"date":"2022-10-20T11:56:01","date_gmt":"2022-10-20T11:56:01","guid":{"rendered":"https:\/\/creena.educacion.navarra.es\/web\/erasmusmovilidades\/?page_id=1462"},"modified":"2022-11-16T09:50:14","modified_gmt":"2022-11-16T09:50:14","slug":"alemania","status":"publish","type":"page","link":"https:\/\/creena.educacion.navarra.es\/web\/erasmusmovilidades\/informacion-sobre-movilidades\/ano-2022\/alemania\/","title":{"rendered":"Alemania"},"content":{"rendered":"\n<h1 class=\"has-text-align-center has-text-color\" style=\"color:#004499;font-style:normal;font-weight:100;letter-spacing:4px\">ALEMANIA<\/h1>\n\n\n\n<div style=\"height:100px\" aria-hidden=\"true\" class=\"wp-block-spacer\"><\/div>\n\n\n\n<p><a href=\"https:\/\/creena.educacion.navarra.es\/web\/erasmusmovilidades\/informacion-sobre-movilidades\/ano-2022\/\"><img loading=\"lazy\" width=\"512\" height=\"512\" class=\"wp-image-2383\" style=\"width: 40px\" src=\"https:\/\/creena.educacion.navarra.es\/web\/erasmusmovilidades\/wp-content\/uploads\/sites\/10\/2022\/10\/volver.png\" alt=\"\" srcset=\"https:\/\/creena.educacion.navarra.es\/web\/erasmusmovilidades\/wp-content\/uploads\/sites\/10\/2022\/10\/volver.png 512w, https:\/\/creena.educacion.navarra.es\/web\/erasmusmovilidades\/wp-content\/uploads\/sites\/10\/2022\/10\/volver-300x300.png 300w, https:\/\/creena.educacion.navarra.es\/web\/erasmusmovilidades\/wp-content\/uploads\/sites\/10\/2022\/10\/volver-150x150.png 150w\" sizes=\"(max-width: 512px) 100vw, 512px\" \/><\/a><\/p>\n\n\n\n<div class=\"wp-block-image\"><figure class=\"aligncenter size-thumbnail is-resized\"><img loading=\"lazy\" src=\"https:\/\/creena.educacion.navarra.es\/web\/erasmusmovilidades\/wp-content\/uploads\/sites\/10\/2022\/10\/alemania1-150x150.png\" alt=\"\" class=\"wp-image-1551\" width=\"38\" height=\"38\" srcset=\"https:\/\/creena.educacion.navarra.es\/web\/erasmusmovilidades\/wp-content\/uploads\/sites\/10\/2022\/10\/alemania1-150x150.png 150w, https:\/\/creena.educacion.navarra.es\/web\/erasmusmovilidades\/wp-content\/uploads\/sites\/10\/2022\/10\/alemania1-300x300.png 300w, https:\/\/creena.educacion.navarra.es\/web\/erasmusmovilidades\/wp-content\/uploads\/sites\/10\/2022\/10\/alemania1.png 512w\" sizes=\"(max-width: 38px) 100vw, 38px\" \/><\/figure><\/div>\n\n\n\n<div class=\"wp-block-columns\">\n<div class=\"wp-block-column has-background\" style=\"background-color:#004499\">\n<p><\/p>\n<\/div>\n<\/div>\n\n\n\n<p class=\"has-medium-font-size\" style=\"font-style:normal;font-weight:100;letter-spacing:1px\">Acudieron<strong> <\/strong>desde BASOKO a:<\/p>\n\n\n\n<ul class=\"has-text-color has-medium-font-size\" style=\"color:#004499;font-style:normal;font-weight:100;letter-spacing:1px\"><li>Gesamtschule Gelsenkirchen \u00dcckendorf<\/li><\/ul>\n\n\n\n<p class=\"has-medium-font-size\" style=\"font-style:normal;font-weight:100;letter-spacing:1px\">Desde el Colegio P\u00fablico Alfonso X el Sabio (San Adri\u00e1n) se han desplazado a:<\/p>\n\n\n\n<ul class=\"has-text-color has-medium-font-size\" style=\"color:#004499;font-style:normal;font-weight:100;letter-spacing:1px\"><li>Montessori GS Ferdinandstra\u00dfe, Colonia<\/li><\/ul>\n\n\n\n<div style=\"height:50px\" aria-hidden=\"true\" class=\"wp-block-spacer\"><\/div>\n\n\n\n<p class=\"has-medium-font-size\" style=\"font-style:normal;font-weight:100;letter-spacing:1px\"><strong>Puntos fuertes de Gesamtschule Gelsenkirchen \u00dcckendorf:<\/strong><\/p>\n\n\n\n<ul class=\"has-text-color has-medium-font-size\" style=\"color:#004499;font-style:normal;font-weight:100;letter-spacing:1px\"><li>Agrupamiento de los docentes por clases y no por departamentos.<\/li><li>Mismo tutor o tutora durante toda la Educaci\u00f3n Secundaria.<\/li><li>Existe un centro cient\u00edfico en la ciudad. Este centro cuenta con muchos y diversos recursos donde pod\u00edan acudir diferentes colegios o institutos.<\/li><li>No trabajan con pantallas antes de 1\u00ba de bachillerato.<\/li><li>No mandaban tareas para casa.Ten\u00edan 3 horas para ello dentro del horario lectivo.<\/li><\/ul>\n\n\n\n<div style=\"height:50px\" aria-hidden=\"true\" class=\"wp-block-spacer\"><\/div>\n\n\n\n<figure class=\"wp-block-gallery has-nested-images columns-default is-cropped\">\n<figure class=\"wp-block-image size-full\"><img loading=\"lazy\" width=\"750\" height=\"564\" data-id=\"2016\"  src=\"https:\/\/creena.educacion.navarra.es\/web\/erasmusmovilidades\/wp-content\/uploads\/sites\/10\/2022\/10\/alemania1.jpg\" alt=\"\" class=\"wp-image-2016\" srcset=\"https:\/\/creena.educacion.navarra.es\/web\/erasmusmovilidades\/wp-content\/uploads\/sites\/10\/2022\/10\/alemania1.jpg 750w, https:\/\/creena.educacion.navarra.es\/web\/erasmusmovilidades\/wp-content\/uploads\/sites\/10\/2022\/10\/alemania1-300x226.jpg 300w\" sizes=\"(max-width: 750px) 100vw, 750px\" \/><figcaption><em>Exterior del instituto<\/em><\/figcaption><\/figure>\n\n\n\n<figure class=\"wp-block-image size-full\"><img loading=\"lazy\" width=\"743\" height=\"599\" data-id=\"2070\"  src=\"https:\/\/creena.educacion.navarra.es\/web\/erasmusmovilidades\/wp-content\/uploads\/sites\/10\/2022\/10\/alemania1-1.jpg\" alt=\"\" class=\"wp-image-2070\" srcset=\"https:\/\/creena.educacion.navarra.es\/web\/erasmusmovilidades\/wp-content\/uploads\/sites\/10\/2022\/10\/alemania1-1.jpg 743w, https:\/\/creena.educacion.navarra.es\/web\/erasmusmovilidades\/wp-content\/uploads\/sites\/10\/2022\/10\/alemania1-1-300x242.jpg 300w\" sizes=\"(max-width: 743px) 100vw, 743px\" \/><figcaption><em>Presentaci\u00f3n <\/em><\/figcaption><\/figure>\n\n\n\n<figure class=\"wp-block-image size-full\"><img loading=\"lazy\" width=\"693\" height=\"523\" data-id=\"2013\"  src=\"https:\/\/creena.educacion.navarra.es\/web\/erasmusmovilidades\/wp-content\/uploads\/sites\/10\/2022\/10\/alemania.jpg\" alt=\"Parque de Ciencia y Tecnolog\u00eda de Gelsenkirchen \" class=\"wp-image-2013\" srcset=\"https:\/\/creena.educacion.navarra.es\/web\/erasmusmovilidades\/wp-content\/uploads\/sites\/10\/2022\/10\/alemania.jpg 693w, https:\/\/creena.educacion.navarra.es\/web\/erasmusmovilidades\/wp-content\/uploads\/sites\/10\/2022\/10\/alemania-300x226.jpg 300w\" sizes=\"(max-width: 693px) 100vw, 693px\" \/><figcaption><em>Parque de Ciencia y Tecnolog\u00eda de Gelsenkirchen<\/em><\/figcaption><\/figure>\n<\/figure>\n\n\n\n<div class=\"wp-block-columns\">\n<div class=\"wp-block-column has-background\" style=\"background-color:#004499\">\n<p><\/p>\n<\/div>\n<\/div>\n\n\n\n<div style=\"height:100px\" aria-hidden=\"true\" class=\"wp-block-spacer\"><\/div>\n\n\n\n<div class=\"wp-container-2 wp-block-group\"><div class=\"wp-block-group__inner-container\">\n<div class=\"wp-block-columns\">\n<div class=\"wp-block-column has-background\" style=\"background-color:#eff8fd\">\n<div class=\"wp-block-columns\">\n<div class=\"wp-block-column\">\n<p class=\"has-text-align-center has-vivid-cyan-blue-color has-text-color has-medium-font-size\"><strong>PROYECTO MOVILIDADES ERASMUS+<\/strong> <strong>Acreditaci\u00f3n 2021\/2027 CREENA<\/strong><\/p>\n<\/div>\n<\/div>\n\n\n\n<div class=\"wp-container-1 wp-block-group\"><div class=\"wp-block-group__inner-container\">\n<div class=\"wp-block-columns\">\n<div class=\"wp-block-column\">\n<p class=\"has-text-align-center has-black-color has-text-color\" style=\"font-style:normal;font-weight:300;letter-spacing:1px\"><img loading=\"lazy\" width=\"672\" height=\"980\" class=\"wp-image-786\" style=\"width: 20px\" src=\"https:\/\/creena.educacion.navarra.es\/web\/erasmusmovilidades\/wp-content\/uploads\/sites\/10\/2022\/10\/pngegg.png\" alt=\"\" srcset=\"https:\/\/creena.educacion.navarra.es\/web\/erasmusmovilidades\/wp-content\/uploads\/sites\/10\/2022\/10\/pngegg.png 672w, https:\/\/creena.educacion.navarra.es\/web\/erasmusmovilidades\/wp-content\/uploads\/sites\/10\/2022\/10\/pngegg-206x300.png 206w\" sizes=\"(max-width: 672px) 100vw, 672px\" \/> CREENA\/NHEBZ<br>Tajonar Kalea 14, 31006 Pamplona\/Iru\u00f1a (Navarra)<\/p>\n\n\n\n<p class=\"has-text-align-center has-text-color\" style=\"color:#004499;font-size:15px;font-style:normal;font-weight:300\">  <img loading=\"lazy\" width=\"512\" height=\"450\" class=\"wp-image-837\" style=\"width: 20px\" src=\"https:\/\/creena.educacion.navarra.es\/web\/erasmusmovilidades\/wp-content\/uploads\/sites\/10\/2022\/10\/email.png\" alt=\"\" srcset=\"https:\/\/creena.educacion.navarra.es\/web\/erasmusmovilidades\/wp-content\/uploads\/sites\/10\/2022\/10\/email.png 512w, https:\/\/creena.educacion.navarra.es\/web\/erasmusmovilidades\/wp-content\/uploads\/sites\/10\/2022\/10\/email-300x264.png 300w\" sizes=\"(max-width: 512px) 100vw, 512px\" \/> creena-erasmus@educacion.navarra.es<\/p>\n<\/div>\n<\/div>\n<\/div><\/div>\n\n\n\n<p class=\"has-text-align-center\">TFNO: 848 431230<\/p>\n\n\n\n<div class=\"wp-block-columns\">\n<div class=\"wp-block-column\">\n<p class=\"has-text-align-center\" style=\"font-size:18px;font-style:normal;font-weight:100;letter-spacing:2px\"><strong>\u00a1S\u00edguenos en nuestras redes sociales!<\/strong><\/p>\n\n\n\n<p class=\"has-text-align-center\"><a href=\"https:\/\/twitter.com\/CREENA_Navarra\"><img loading=\"lazy\" width=\"337\" height=\"343\" class=\"wp-image-904\" style=\"width: 40px;\" src=\"https:\/\/creena.educacion.navarra.es\/web\/erasmusmovilidades\/wp-content\/uploads\/sites\/10\/2022\/10\/twitter.png\" alt=\"\" srcset=\"https:\/\/creena.educacion.navarra.es\/web\/erasmusmovilidades\/wp-content\/uploads\/sites\/10\/2022\/10\/twitter.png 337w, https:\/\/creena.educacion.navarra.es\/web\/erasmusmovilidades\/wp-content\/uploads\/sites\/10\/2022\/10\/twitter-295x300.png 295w\" sizes=\"(max-width: 337px) 100vw, 337px\" \/><\/a><a href=\"https:\/\/www.instagram.com\/creena_navarra\/\"><img loading=\"lazy\" width=\"338\" height=\"343\" class=\"wp-image-907\" style=\"width: 40px;\" src=\"https:\/\/creena.educacion.navarra.es\/web\/erasmusmovilidades\/wp-content\/uploads\/sites\/10\/2022\/10\/indtagram.png\" alt=\"\" srcset=\"https:\/\/creena.educacion.navarra.es\/web\/erasmusmovilidades\/wp-content\/uploads\/sites\/10\/2022\/10\/indtagram.png 338w, https:\/\/creena.educacion.navarra.es\/web\/erasmusmovilidades\/wp-content\/uploads\/sites\/10\/2022\/10\/indtagram-296x300.png 296w\" sizes=\"(max-width: 338px) 100vw, 338px\" \/><\/a><\/p>\n<\/div>\n<\/div>\n\n\n\n<div class=\"wp-block-columns\">\n<div class=\"wp-block-column\">\n<div class=\"wp-block-image is-style-default\"><figure class=\"aligncenter size-full\"><a href=\"http:\/\/www.sepie.es\/\" target=\"_blank\" rel=\"noopener\"><img loading=\"lazy\" width=\"400\" height=\"148\" src=\"https:\/\/creena.educacion.navarra.es\/web\/erasmusmovilidades\/wp-content\/uploads\/sites\/10\/2024\/09\/SEPIE_erasmus_plus.gif\" alt=\"\" class=\"wp-image-4738\"\/><\/a><\/figure><\/div>\n<\/div>\n\n\n\n<div class=\"wp-block-column\">\n<div class=\"wp-block-image\"><figure class=\"aligncenter size-full\"><img loading=\"lazy\" width=\"300\" height=\"300\" src=\"https:\/\/creena.educacion.navarra.es\/web\/erasmusmovilidades\/wp-content\/uploads\/sites\/10\/2023\/04\/logo_creena_socios-300x300-2.png\" alt=\"\" class=\"wp-image-3166\" srcset=\"https:\/\/creena.educacion.navarra.es\/web\/erasmusmovilidades\/wp-content\/uploads\/sites\/10\/2023\/04\/logo_creena_socios-300x300-2.png 300w, https:\/\/creena.educacion.navarra.es\/web\/erasmusmovilidades\/wp-content\/uploads\/sites\/10\/2023\/04\/logo_creena_socios-300x300-2-150x150.png 150w\" sizes=\"(max-width: 300px) 100vw, 300px\" \/><\/figure><\/div>\n<\/div>\n\n\n\n<div class=\"wp-block-column\">\n<div class=\"wp-block-image\"><figure class=\"aligncenter size-medium is-resized\"><img loading=\"lazy\" src=\"https:\/\/creena.educacion.navarra.es\/web\/erasmusmovilidades\/wp-content\/uploads\/sites\/10\/2022\/10\/es_v_cofinanciado_por_la_union_europea_pos-296x300.png\" alt=\"Logotipo Uni\u00f3n Europea\" class=\"wp-image-347\" width=\"148\" height=\"150\" srcset=\"https:\/\/creena.educacion.navarra.es\/web\/erasmusmovilidades\/wp-content\/uploads\/sites\/10\/2022\/10\/es_v_cofinanciado_por_la_union_europea_pos-296x300.png 296w, https:\/\/creena.educacion.navarra.es\/web\/erasmusmovilidades\/wp-content\/uploads\/sites\/10\/2022\/10\/es_v_cofinanciado_por_la_union_europea_pos-768x778.png 768w, https:\/\/creena.educacion.navarra.es\/web\/erasmusmovilidades\/wp-content\/uploads\/sites\/10\/2022\/10\/es_v_cofinanciado_por_la_union_europea_pos.png 910w\" sizes=\"(max-width: 148px) 100vw, 148px\" \/><\/figure><\/div>\n<\/div>\n<\/div>\n\n\n\n<p class=\"has-text-align-center has-text-color\" style=\"color:#004499;font-size:15px\"><a rel=\"noreferrer noopener\" href=\"https:\/\/www.educacion.navarra.es\/web\/dpto\/aviso-legal\" target=\"_blank\">Aviso legal<\/a><\/p>\n<\/div>\n<\/div>\n<\/div><\/div>\n\n\n\n<hr class=\"wp-block-separator has-text-color has-background is-style-default\" style=\"background-color:#eff8fd;color:#eff8fd\"\/>\n","protected":false},"excerpt":{"rendered":"<p>ALEMANIA Acudieron desde BASOKO a: Gesamtschule Gelsenkirchen \u00dcckendorf Desde el Colegio P\u00fablico Alfonso X el Sabio (San Adri\u00e1n) se han desplazado a: Montessori GS Ferdinandstra\u00dfe, Colonia Puntos fuertes de Gesamtschule Gelsenkirchen \u00dcckendorf: Agrupamiento de los docentes por clases y no por departamentos. Mismo tutor o tutora durante toda la Educaci\u00f3n Secundaria. Existe un centro cient\u00edfico [&hellip;]<\/p>\n","protected":false},"author":11,"featured_media":0,"parent":1336,"menu_order":0,"comment_status":"closed","ping_status":"closed","template":"","meta":{"_genesis_hide_title":true,"_genesis_hide_breadcrumbs":false,"_genesis_hide_singular_image":false,"_genesis_hide_footer_widgets":false,"_genesis_custom_body_class":"","_genesis_custom_post_class":"","_genesis_layout":""},"_links":{"self":[{"href":"https:\/\/creena.educacion.navarra.es\/web\/erasmusmovilidades\/wp-json\/wp\/v2\/pages\/1462"}],"collection":[{"href":"https:\/\/creena.educacion.navarra.es\/web\/erasmusmovilidades\/wp-json\/wp\/v2\/pages"}],"about":[{"href":"https:\/\/creena.educacion.navarra.es\/web\/erasmusmovilidades\/wp-json\/wp\/v2\/types\/page"}],"author":[{"embeddable":true,"href":"https:\/\/creena.educacion.navarra.es\/web\/erasmusmovilidades\/wp-json\/wp\/v2\/users\/11"}],"replies":[{"embeddable":true,"href":"https:\/\/creena.educacion.navarra.es\/web\/erasmusmovilidades\/wp-json\/wp\/v2\/comments?post=1462"}],"version-history":[{"count":24,"href":"https:\/\/creena.educacion.navarra.es\/web\/erasmusmovilidades\/wp-json\/wp\/v2\/pages\/1462\/revisions"}],"predecessor-version":[{"id":2730,"href":"https:\/\/creena.educacion.navarra.es\/web\/erasmusmovilidades\/wp-json\/wp\/v2\/pages\/1462\/revisions\/2730"}],"up":[{"embeddable":true,"href":"https:\/\/creena.educacion.navarra.es\/web\/erasmusmovilidades\/wp-json\/wp\/v2\/pages\/1336"}],"wp:attachment":[{"href":"https:\/\/creena.educacion.navarra.es\/web\/erasmusmovilidades\/wp-json\/wp\/v2\/media?parent=1462"}],"curies":[{"name":"wp","href":"https:\/\/api.w.org\/{rel}","templated":true}]}}