{"id":15,"date":"2022-10-10T08:00:29","date_gmt":"2022-10-10T08:00:29","guid":{"rendered":"https:\/\/creena.educacion.navarra.es\/web\/erasmusmovilidades\/?page_id=15"},"modified":"2022-10-27T10:18:44","modified_gmt":"2022-10-27T10:18:44","slug":"tipos-de-movilidades","status":"publish","type":"page","link":"https:\/\/creena.educacion.navarra.es\/web\/erasmusmovilidades\/tipos-de-movilidades\/","title":{"rendered":"Tipos de movilidades"},"content":{"rendered":"\n<div class=\"wp-container-1 wp-block-buttons\"><\/div>\n\n\n\n<h2 class=\"has-text-align-center has-text-color\" style=\"color:#004499;font-style:normal;font-weight:100;letter-spacing:4px\"><strong>TIPOS DE MOVILIDADES<\/strong><\/h2>\n\n\n\n<div style=\"height:100px\" aria-hidden=\"true\" class=\"wp-block-spacer\"><\/div>\n\n\n\n<div class=\"wp-block-media-text alignfull has-media-on-the-right is-stacked-on-mobile is-vertically-aligned-center\" style=\"grid-template-columns:auto 62%\"><figure class=\"wp-block-media-text__media\"><img loading=\"lazy\" width=\"1024\" height=\"744\" src=\"https:\/\/creena.educacion.navarra.es\/web\/erasmusmovilidades\/wp-content\/uploads\/sites\/10\/2022\/10\/Infanzia-la-Madonnina12-1024x744.jpg\" alt=\"\" class=\"wp-image-1708 size-full\" srcset=\"https:\/\/creena.educacion.navarra.es\/web\/erasmusmovilidades\/wp-content\/uploads\/sites\/10\/2022\/10\/Infanzia-la-Madonnina12-1024x744.jpg 1024w, https:\/\/creena.educacion.navarra.es\/web\/erasmusmovilidades\/wp-content\/uploads\/sites\/10\/2022\/10\/Infanzia-la-Madonnina12-300x218.jpg 300w, https:\/\/creena.educacion.navarra.es\/web\/erasmusmovilidades\/wp-content\/uploads\/sites\/10\/2022\/10\/Infanzia-la-Madonnina12-768x558.jpg 768w, https:\/\/creena.educacion.navarra.es\/web\/erasmusmovilidades\/wp-content\/uploads\/sites\/10\/2022\/10\/Infanzia-la-Madonnina12-1536x1116.jpg 1536w, https:\/\/creena.educacion.navarra.es\/web\/erasmusmovilidades\/wp-content\/uploads\/sites\/10\/2022\/10\/Infanzia-la-Madonnina12-2048x1488.jpg 2048w\" sizes=\"(max-width: 1024px) 100vw, 1024px\" \/><\/figure><div class=\"wp-block-media-text__content\">\n<h4 class=\"has-text-align-center has-text-color\" style=\"color:#004499;font-style:normal;font-weight:100;letter-spacing:4px\"><img loading=\"lazy\" width=\"512\" height=\"512\" class=\"wp-image-1722\" style=\"width: 30px\" src=\"https:\/\/creena.educacion.navarra.es\/web\/erasmusmovilidades\/wp-content\/uploads\/sites\/10\/2022\/10\/lupa.png\" alt=\"\" srcset=\"https:\/\/creena.educacion.navarra.es\/web\/erasmusmovilidades\/wp-content\/uploads\/sites\/10\/2022\/10\/lupa.png 512w, https:\/\/creena.educacion.navarra.es\/web\/erasmusmovilidades\/wp-content\/uploads\/sites\/10\/2022\/10\/lupa-300x300.png 300w, https:\/\/creena.educacion.navarra.es\/web\/erasmusmovilidades\/wp-content\/uploads\/sites\/10\/2022\/10\/lupa-150x150.png 150w\" sizes=\"(max-width: 512px) 100vw, 512px\" \/> APRENDIZAJE POR OBSERVACI\u00d3N <\/h4>\n\n\n\n<p class=\"has-text-align-center has-medium-font-size\" style=\"letter-spacing:1px\">Consiste en acudir a otro centro educativo europeo y observar otras formas de trabajar.<\/p>\n<\/div><\/div>\n\n\n\n<div style=\"height:50px\" aria-hidden=\"true\" class=\"wp-block-spacer\"><\/div>\n\n\n\n<hr class=\"wp-block-separator has-text-color has-background\" style=\"background-color:#eeeeee;color:#eeeeee\" \/>\n\n\n\n<div style=\"height:50px\" aria-hidden=\"true\" class=\"wp-block-spacer\"><\/div>\n\n\n\n<div class=\"wp-block-media-text alignfull is-stacked-on-mobile is-vertically-aligned-center\" style=\"grid-template-columns:69% auto\"><figure class=\"wp-block-media-text__media\"><img loading=\"lazy\" width=\"1024\" height=\"768\" src=\"https:\/\/creena.educacion.navarra.es\/web\/erasmusmovilidades\/wp-content\/uploads\/sites\/10\/2022\/10\/2021_FOTO_05_PRIETO_MONTSERRAT_09315611J_comprension-lectora-de-un-cuento-1024x768.jpg\" alt=\"\" class=\"wp-image-1711 size-full\" srcset=\"https:\/\/creena.educacion.navarra.es\/web\/erasmusmovilidades\/wp-content\/uploads\/sites\/10\/2022\/10\/2021_FOTO_05_PRIETO_MONTSERRAT_09315611J_comprension-lectora-de-un-cuento-1024x768.jpg 1024w, https:\/\/creena.educacion.navarra.es\/web\/erasmusmovilidades\/wp-content\/uploads\/sites\/10\/2022\/10\/2021_FOTO_05_PRIETO_MONTSERRAT_09315611J_comprension-lectora-de-un-cuento-300x225.jpg 300w, https:\/\/creena.educacion.navarra.es\/web\/erasmusmovilidades\/wp-content\/uploads\/sites\/10\/2022\/10\/2021_FOTO_05_PRIETO_MONTSERRAT_09315611J_comprension-lectora-de-un-cuento-768x576.jpg 768w, https:\/\/creena.educacion.navarra.es\/web\/erasmusmovilidades\/wp-content\/uploads\/sites\/10\/2022\/10\/2021_FOTO_05_PRIETO_MONTSERRAT_09315611J_comprension-lectora-de-un-cuento-1536x1152.jpg 1536w, https:\/\/creena.educacion.navarra.es\/web\/erasmusmovilidades\/wp-content\/uploads\/sites\/10\/2022\/10\/2021_FOTO_05_PRIETO_MONTSERRAT_09315611J_comprension-lectora-de-un-cuento-2048x1536.jpg 2048w\" sizes=\"(max-width: 1024px) 100vw, 1024px\" \/><\/figure><div class=\"wp-block-media-text__content\">\n<h4 class=\"has-text-align-center has-text-color\" style=\"color:#004499;font-style:normal;font-weight:100;text-transform:uppercase;letter-spacing:4px\"><img loading=\"lazy\" width=\"512\" height=\"512\" class=\"wp-image-1726\" style=\"width: 40px\" src=\"https:\/\/creena.educacion.navarra.es\/web\/erasmusmovilidades\/wp-content\/uploads\/sites\/10\/2022\/10\/aprender.png\" alt=\"\" srcset=\"https:\/\/creena.educacion.navarra.es\/web\/erasmusmovilidades\/wp-content\/uploads\/sites\/10\/2022\/10\/aprender.png 512w, https:\/\/creena.educacion.navarra.es\/web\/erasmusmovilidades\/wp-content\/uploads\/sites\/10\/2022\/10\/aprender-300x300.png 300w, https:\/\/creena.educacion.navarra.es\/web\/erasmusmovilidades\/wp-content\/uploads\/sites\/10\/2022\/10\/aprender-150x150.png 150w\" sizes=\"(max-width: 512px) 100vw, 512px\" \/> Formaci\u00f3n <\/h4>\n\n\n\n<p class=\"has-text-align-center has-medium-font-size\" style=\"letter-spacing:1px\">Ofrece la oportunidad de realizar cursos de formaci\u00f3n en pa\u00edses europeos.<\/p>\n<\/div><\/div>\n\n\n\n<div style=\"height:50px\" aria-hidden=\"true\" class=\"wp-block-spacer\"><\/div>\n\n\n\n<hr class=\"wp-block-separator has-text-color has-background\" style=\"background-color:#eeeeee;color:#eeeeee\" \/>\n\n\n\n<div style=\"height:50px\" aria-hidden=\"true\" class=\"wp-block-spacer\"><\/div>\n\n\n\n<div class=\"wp-block-media-text alignfull has-media-on-the-right is-stacked-on-mobile is-vertically-aligned-center\" style=\"grid-template-columns:auto 66%\"><figure class=\"wp-block-media-text__media\"><img loading=\"lazy\" width=\"1024\" height=\"704\" src=\"https:\/\/creena.educacion.navarra.es\/web\/erasmusmovilidades\/wp-content\/uploads\/sites\/10\/2022\/10\/2021_FOTO_12_MUTILOA_YOLANDA1-1024x704.jpg\" alt=\"\" class=\"wp-image-1715 size-full\" srcset=\"https:\/\/creena.educacion.navarra.es\/web\/erasmusmovilidades\/wp-content\/uploads\/sites\/10\/2022\/10\/2021_FOTO_12_MUTILOA_YOLANDA1-1024x704.jpg 1024w, https:\/\/creena.educacion.navarra.es\/web\/erasmusmovilidades\/wp-content\/uploads\/sites\/10\/2022\/10\/2021_FOTO_12_MUTILOA_YOLANDA1-300x206.jpg 300w, https:\/\/creena.educacion.navarra.es\/web\/erasmusmovilidades\/wp-content\/uploads\/sites\/10\/2022\/10\/2021_FOTO_12_MUTILOA_YOLANDA1-768x528.jpg 768w, https:\/\/creena.educacion.navarra.es\/web\/erasmusmovilidades\/wp-content\/uploads\/sites\/10\/2022\/10\/2021_FOTO_12_MUTILOA_YOLANDA1-1536x1056.jpg 1536w, https:\/\/creena.educacion.navarra.es\/web\/erasmusmovilidades\/wp-content\/uploads\/sites\/10\/2022\/10\/2021_FOTO_12_MUTILOA_YOLANDA1-2048x1408.jpg 2048w\" sizes=\"(max-width: 1024px) 100vw, 1024px\" \/><\/figure><div class=\"wp-block-media-text__content\">\n<h4 class=\"has-text-align-center has-text-color\" style=\"color:#004499;font-style:normal;font-weight:100;text-transform:uppercase;letter-spacing:2px\"><img loading=\"lazy\" width=\"512\" height=\"512\" class=\"wp-image-1731\" style=\"width: 30px\" src=\"https:\/\/creena.educacion.navarra.es\/web\/erasmusmovilidades\/wp-content\/uploads\/sites\/10\/2022\/10\/maletin-azul.png\" alt=\"\" srcset=\"https:\/\/creena.educacion.navarra.es\/web\/erasmusmovilidades\/wp-content\/uploads\/sites\/10\/2022\/10\/maletin-azul.png 512w, https:\/\/creena.educacion.navarra.es\/web\/erasmusmovilidades\/wp-content\/uploads\/sites\/10\/2022\/10\/maletin-azul-300x300.png 300w, https:\/\/creena.educacion.navarra.es\/web\/erasmusmovilidades\/wp-content\/uploads\/sites\/10\/2022\/10\/maletin-azul-150x150.png 150w\" sizes=\"(max-width: 512px) 100vw, 512px\" \/> Visitas preparatorias <\/h4>\n\n\n\n<p class=\"has-text-align-center has-medium-font-size\" style=\"letter-spacing:1px\">Una gran oportunidad para conocer de primera mano centros referentes que pueden servir de destino para movilidades futuras.<\/p>\n<\/div><\/div>\n\n\n\n<div style=\"height:50px\" aria-hidden=\"true\" class=\"wp-block-spacer\"><\/div>\n\n\n\n<hr class=\"wp-block-separator has-text-color has-background\" style=\"background-color:#eeeeee;color:#eeeeee\" \/>\n\n\n\n<div style=\"height:50px\" aria-hidden=\"true\" class=\"wp-block-spacer\"><\/div>\n\n\n\n<div class=\"wp-block-media-text alignfull is-stacked-on-mobile is-vertically-aligned-center\" style=\"grid-template-columns:66% auto\"><figure class=\"wp-block-media-text__media\"><img loading=\"lazy\" width=\"1024\" height=\"768\" src=\"https:\/\/creena.educacion.navarra.es\/web\/erasmusmovilidades\/wp-content\/uploads\/sites\/10\/2022\/10\/IMG_20220421_11533911-1024x768.jpg\" alt=\"\" class=\"wp-image-1718 size-full\" srcset=\"https:\/\/creena.educacion.navarra.es\/web\/erasmusmovilidades\/wp-content\/uploads\/sites\/10\/2022\/10\/IMG_20220421_11533911-1024x768.jpg 1024w, https:\/\/creena.educacion.navarra.es\/web\/erasmusmovilidades\/wp-content\/uploads\/sites\/10\/2022\/10\/IMG_20220421_11533911-300x225.jpg 300w, https:\/\/creena.educacion.navarra.es\/web\/erasmusmovilidades\/wp-content\/uploads\/sites\/10\/2022\/10\/IMG_20220421_11533911-768x576.jpg 768w, https:\/\/creena.educacion.navarra.es\/web\/erasmusmovilidades\/wp-content\/uploads\/sites\/10\/2022\/10\/IMG_20220421_11533911.jpg 1280w\" sizes=\"(max-width: 1024px) 100vw, 1024px\" \/><\/figure><div class=\"wp-block-media-text__content\">\n<h4 class=\"has-text-align-center has-text-color\" style=\"color:#004499;font-style:normal;font-weight:100;text-transform:uppercase;letter-spacing:4px\"><img loading=\"lazy\" width=\"512\" height=\"512\" class=\"wp-image-1647\" style=\"width: 30px\" src=\"https:\/\/creena.educacion.navarra.es\/web\/erasmusmovilidades\/wp-content\/uploads\/sites\/10\/2022\/10\/mundo.png\" alt=\"\" srcset=\"https:\/\/creena.educacion.navarra.es\/web\/erasmusmovilidades\/wp-content\/uploads\/sites\/10\/2022\/10\/mundo.png 512w, https:\/\/creena.educacion.navarra.es\/web\/erasmusmovilidades\/wp-content\/uploads\/sites\/10\/2022\/10\/mundo-300x300.png 300w, https:\/\/creena.educacion.navarra.es\/web\/erasmusmovilidades\/wp-content\/uploads\/sites\/10\/2022\/10\/mundo-150x150.png 150w\" sizes=\"(max-width: 512px) 100vw, 512px\" \/> Personal Experto Invitado<\/h4>\n\n\n\n<p class=\"has-text-align-center has-medium-font-size\" style=\"letter-spacing:1px\">Personal experto de otros pa\u00edses pueden ser invitados a Navarra para llevar a cabo un curso, conferencia, taller,etc.<\/p>\n<\/div><\/div>\n\n\n\n<div style=\"height:50px\" aria-hidden=\"true\" class=\"wp-block-spacer\"><\/div>\n\n\n\n<hr class=\"wp-block-separator has-text-color has-background\" style=\"background-color:#eeeeee;color:#eeeeee\" \/>\n\n\n\n<div style=\"height:150px\" aria-hidden=\"true\" class=\"wp-block-spacer\"><\/div>\n\n\n\n<div class=\"wp-container-3 wp-block-group\"><div class=\"wp-block-group__inner-container\">\n<div class=\"wp-block-columns\">\n<div class=\"wp-block-column has-background\" style=\"background-color:#eff8fd\">\n<div class=\"wp-block-columns\">\n<div class=\"wp-block-column\">\n<p class=\"has-text-align-center has-vivid-cyan-blue-color has-text-color has-medium-font-size\"><strong>PROYECTO MOVILIDADES ERASMUS+<\/strong> <strong>Acreditaci\u00f3n 2021\/2027 CREENA<\/strong><\/p>\n<\/div>\n<\/div>\n\n\n\n<div class=\"wp-container-2 wp-block-group\"><div class=\"wp-block-group__inner-container\">\n<div class=\"wp-block-columns\">\n<div class=\"wp-block-column\">\n<p class=\"has-text-align-center has-black-color has-text-color\" style=\"font-style:normal;font-weight:300;letter-spacing:1px\"><img loading=\"lazy\" width=\"672\" height=\"980\" class=\"wp-image-786\" style=\"width: 20px\" src=\"https:\/\/creena.educacion.navarra.es\/web\/erasmusmovilidades\/wp-content\/uploads\/sites\/10\/2022\/10\/pngegg.png\" alt=\"\" srcset=\"https:\/\/creena.educacion.navarra.es\/web\/erasmusmovilidades\/wp-content\/uploads\/sites\/10\/2022\/10\/pngegg.png 672w, https:\/\/creena.educacion.navarra.es\/web\/erasmusmovilidades\/wp-content\/uploads\/sites\/10\/2022\/10\/pngegg-206x300.png 206w\" sizes=\"(max-width: 672px) 100vw, 672px\" \/> CREENA\/NHEBZ<br>Tajonar Kalea 14, 31006 Pamplona\/Iru\u00f1a (Navarra)<\/p>\n\n\n\n<p class=\"has-text-align-center has-text-color\" style=\"color:#004499;font-size:15px;font-style:normal;font-weight:300\">  <img loading=\"lazy\" width=\"512\" height=\"450\" class=\"wp-image-837\" style=\"width: 20px\" src=\"https:\/\/creena.educacion.navarra.es\/web\/erasmusmovilidades\/wp-content\/uploads\/sites\/10\/2022\/10\/email.png\" alt=\"\" srcset=\"https:\/\/creena.educacion.navarra.es\/web\/erasmusmovilidades\/wp-content\/uploads\/sites\/10\/2022\/10\/email.png 512w, https:\/\/creena.educacion.navarra.es\/web\/erasmusmovilidades\/wp-content\/uploads\/sites\/10\/2022\/10\/email-300x264.png 300w\" sizes=\"(max-width: 512px) 100vw, 512px\" \/> creena-erasmus@educacion.navarra.es<\/p>\n<\/div>\n<\/div>\n<\/div><\/div>\n\n\n\n<p class=\"has-text-align-center\">TFNO: 848 431230<\/p>\n\n\n\n<div class=\"wp-block-columns\">\n<div class=\"wp-block-column\">\n<p class=\"has-text-align-center\" style=\"font-size:18px;font-style:normal;font-weight:100;letter-spacing:2px\"><strong>\u00a1S\u00edguenos en nuestras redes sociales!<\/strong><\/p>\n\n\n\n<p class=\"has-text-align-center\"><a href=\"https:\/\/twitter.com\/CREENA_Navarra\"><img loading=\"lazy\" width=\"337\" height=\"343\" class=\"wp-image-904\" style=\"width: 40px;\" src=\"https:\/\/creena.educacion.navarra.es\/web\/erasmusmovilidades\/wp-content\/uploads\/sites\/10\/2022\/10\/twitter.png\" alt=\"\" srcset=\"https:\/\/creena.educacion.navarra.es\/web\/erasmusmovilidades\/wp-content\/uploads\/sites\/10\/2022\/10\/twitter.png 337w, https:\/\/creena.educacion.navarra.es\/web\/erasmusmovilidades\/wp-content\/uploads\/sites\/10\/2022\/10\/twitter-295x300.png 295w\" sizes=\"(max-width: 337px) 100vw, 337px\" \/><\/a><a href=\"https:\/\/www.instagram.com\/creena_navarra\/\"><img loading=\"lazy\" width=\"338\" height=\"343\" class=\"wp-image-907\" style=\"width: 40px;\" src=\"https:\/\/creena.educacion.navarra.es\/web\/erasmusmovilidades\/wp-content\/uploads\/sites\/10\/2022\/10\/indtagram.png\" alt=\"\" srcset=\"https:\/\/creena.educacion.navarra.es\/web\/erasmusmovilidades\/wp-content\/uploads\/sites\/10\/2022\/10\/indtagram.png 338w, https:\/\/creena.educacion.navarra.es\/web\/erasmusmovilidades\/wp-content\/uploads\/sites\/10\/2022\/10\/indtagram-296x300.png 296w\" sizes=\"(max-width: 338px) 100vw, 338px\" \/><\/a><\/p>\n<\/div>\n<\/div>\n\n\n\n<div class=\"wp-block-columns\">\n<div class=\"wp-block-column\">\n<div class=\"wp-block-image is-style-default\"><figure class=\"aligncenter size-full\"><a href=\"http:\/\/www.sepie.es\/\" target=\"_blank\" rel=\"noopener\"><img loading=\"lazy\" width=\"400\" height=\"148\" src=\"https:\/\/creena.educacion.navarra.es\/web\/erasmusmovilidades\/wp-content\/uploads\/sites\/10\/2024\/09\/SEPIE_erasmus_plus.gif\" alt=\"\" class=\"wp-image-4738\"\/><\/a><\/figure><\/div>\n<\/div>\n\n\n\n<div class=\"wp-block-column\">\n<div class=\"wp-block-image\"><figure class=\"aligncenter size-full\"><img loading=\"lazy\" width=\"300\" height=\"300\" src=\"https:\/\/creena.educacion.navarra.es\/web\/erasmusmovilidades\/wp-content\/uploads\/sites\/10\/2023\/04\/logo_creena_socios-300x300-2.png\" alt=\"\" class=\"wp-image-3166\" srcset=\"https:\/\/creena.educacion.navarra.es\/web\/erasmusmovilidades\/wp-content\/uploads\/sites\/10\/2023\/04\/logo_creena_socios-300x300-2.png 300w, https:\/\/creena.educacion.navarra.es\/web\/erasmusmovilidades\/wp-content\/uploads\/sites\/10\/2023\/04\/logo_creena_socios-300x300-2-150x150.png 150w\" sizes=\"(max-width: 300px) 100vw, 300px\" \/><\/figure><\/div>\n<\/div>\n\n\n\n<div class=\"wp-block-column\">\n<div class=\"wp-block-image\"><figure class=\"aligncenter size-medium is-resized\"><img loading=\"lazy\" src=\"https:\/\/creena.educacion.navarra.es\/web\/erasmusmovilidades\/wp-content\/uploads\/sites\/10\/2022\/10\/es_v_cofinanciado_por_la_union_europea_pos-296x300.png\" alt=\"Logotipo Uni\u00f3n Europea\" class=\"wp-image-347\" width=\"148\" height=\"150\" srcset=\"https:\/\/creena.educacion.navarra.es\/web\/erasmusmovilidades\/wp-content\/uploads\/sites\/10\/2022\/10\/es_v_cofinanciado_por_la_union_europea_pos-296x300.png 296w, https:\/\/creena.educacion.navarra.es\/web\/erasmusmovilidades\/wp-content\/uploads\/sites\/10\/2022\/10\/es_v_cofinanciado_por_la_union_europea_pos-768x778.png 768w, https:\/\/creena.educacion.navarra.es\/web\/erasmusmovilidades\/wp-content\/uploads\/sites\/10\/2022\/10\/es_v_cofinanciado_por_la_union_europea_pos.png 910w\" sizes=\"(max-width: 148px) 100vw, 148px\" \/><\/figure><\/div>\n<\/div>\n<\/div>\n\n\n\n<p class=\"has-text-align-center has-text-color\" style=\"color:#004499;font-size:15px\"><a rel=\"noreferrer noopener\" href=\"https:\/\/www.educacion.navarra.es\/web\/dpto\/aviso-legal\" target=\"_blank\">Aviso legal<\/a><\/p>\n<\/div>\n<\/div>\n<\/div><\/div>\n\n\n\n<hr class=\"wp-block-separator has-text-color has-background is-style-default\" style=\"background-color:#eff8fd;color:#eff8fd\"\/>\n","protected":false},"excerpt":{"rendered":"<p>TIPOS DE MOVILIDADES APRENDIZAJE POR OBSERVACI\u00d3N Consiste en acudir a otro centro educativo europeo y observar otras formas de trabajar. Formaci\u00f3n Ofrece la oportunidad de realizar cursos de formaci\u00f3n en pa\u00edses europeos. Visitas preparatorias Una gran oportunidad para conocer de primera mano centros referentes que pueden servir de destino para movilidades futuras. Personal Experto Invitado [&hellip;]<\/p>\n","protected":false},"author":1,"featured_media":0,"parent":0,"menu_order":0,"comment_status":"closed","ping_status":"closed","template":"","meta":{"_genesis_hide_title":true,"_genesis_hide_breadcrumbs":false,"_genesis_hide_singular_image":false,"_genesis_hide_footer_widgets":false,"_genesis_custom_body_class":"","_genesis_custom_post_class":"","_genesis_layout":"full-width-content"},"_links":{"self":[{"href":"https:\/\/creena.educacion.navarra.es\/web\/erasmusmovilidades\/wp-json\/wp\/v2\/pages\/15"}],"collection":[{"href":"https:\/\/creena.educacion.navarra.es\/web\/erasmusmovilidades\/wp-json\/wp\/v2\/pages"}],"about":[{"href":"https:\/\/creena.educacion.navarra.es\/web\/erasmusmovilidades\/wp-json\/wp\/v2\/types\/page"}],"author":[{"embeddable":true,"href":"https:\/\/creena.educacion.navarra.es\/web\/erasmusmovilidades\/wp-json\/wp\/v2\/users\/1"}],"replies":[{"embeddable":true,"href":"https:\/\/creena.educacion.navarra.es\/web\/erasmusmovilidades\/wp-json\/wp\/v2\/comments?post=15"}],"version-history":[{"count":81,"href":"https:\/\/creena.educacion.navarra.es\/web\/erasmusmovilidades\/wp-json\/wp\/v2\/pages\/15\/revisions"}],"predecessor-version":[{"id":2324,"href":"https:\/\/creena.educacion.navarra.es\/web\/erasmusmovilidades\/wp-json\/wp\/v2\/pages\/15\/revisions\/2324"}],"wp:attachment":[{"href":"https:\/\/creena.educacion.navarra.es\/web\/erasmusmovilidades\/wp-json\/wp\/v2\/media?parent=15"}],"curies":[{"name":"wp","href":"https:\/\/api.w.org\/{rel}","templated":true}]}}