{"id":5,"date":"2020-10-15T07:47:40","date_gmt":"2020-10-15T07:47:40","guid":{"rendered":"https:\/\/creena.educacion.navarra.es\/web\/estimulacion-lenguaje\/?page_id=5"},"modified":"2024-09-19T11:14:52","modified_gmt":"2024-09-19T11:14:52","slug":"conciencia-fonologica","status":"publish","type":"page","link":"https:\/\/creena.educacion.navarra.es\/web\/estimulacion-lenguaje\/conciencia-fonologica\/","title":{"rendered":"Conciencia fonol\u00f3gica"},"content":{"rendered":"\n<p><\/p>\n\n\n<p><a href=\"https:\/\/creena.educacion.navarra.es\/web\/estimulacion-lenguaje\/wp-content\/uploads\/sites\/8\/2021\/11\/Conciencia-fonologica.jpg\"><img loading=\"lazy\" class=\"alignleft wp-image-858\" src=\"https:\/\/creena.educacion.navarra.es\/web\/estimulacion-lenguaje\/wp-content\/uploads\/sites\/8\/2021\/11\/Conciencia-fonologica.jpg\" alt=\"\" width=\"200\" height=\"283\" srcset=\"https:\/\/creena.educacion.navarra.es\/web\/estimulacion-lenguaje\/wp-content\/uploads\/sites\/8\/2021\/11\/Conciencia-fonologica.jpg 1414w, https:\/\/creena.educacion.navarra.es\/web\/estimulacion-lenguaje\/wp-content\/uploads\/sites\/8\/2021\/11\/Conciencia-fonologica-212x300.jpg 212w, https:\/\/creena.educacion.navarra.es\/web\/estimulacion-lenguaje\/wp-content\/uploads\/sites\/8\/2021\/11\/Conciencia-fonologica-724x1024.jpg 724w, https:\/\/creena.educacion.navarra.es\/web\/estimulacion-lenguaje\/wp-content\/uploads\/sites\/8\/2021\/11\/Conciencia-fonologica-768x1086.jpg 768w, https:\/\/creena.educacion.navarra.es\/web\/estimulacion-lenguaje\/wp-content\/uploads\/sites\/8\/2021\/11\/Conciencia-fonologica-1086x1536.jpg 1086w\" sizes=\"(max-width: 200px) 100vw, 200px\" \/><\/a><\/p>\n<ul>\n<li><a href=\"https:\/\/creena.educacion.navarra.es\/web\/estimulacion-lenguaje\/conciencia-fonologica\/conciencia-fonologica-justificacion\/\"><span id=\"Justificacion\" style=\"color: #993300;\"><strong><span class=\"has-inline-color has-vivid-red-color\" data-rich-text-format-boundary=\"true\">Justificaci\u00f3n<\/span><\/strong><\/span><\/a><\/li>\n<li><a href=\"https:\/\/creena.educacion.navarra.es\/web\/estimulacion-lenguaje\/conciencia-fonologica\/conciencia-fonologica-contenidos-a-trabajar\/\"><span id=\"Contenidos_a_trabajar\" style=\"color: #993300;\"><strong><span class=\"has-inline-color has-vivid-red-color\" data-rich-text-format-boundary=\"true\">Contenidos a trabajar<\/span><\/strong><\/span><\/a><\/li>\n<li><a href=\"https:\/\/creena.educacion.navarra.es\/web\/estimulacion-lenguaje\/conciencia-fonologica\/conciencia-fonologica-aspectos-metodologicos\/\"><span id=\"Actividades_tipo\" style=\"color: #993300;\"><strong><span class=\"has-inline-color has-vivid-red-color\" data-rich-text-format-boundary=\"true\">Aspectos metodol\u00f3gicos<\/span><\/strong><\/span><\/a><\/li>\n<li><a href=\"https:\/\/creena.educacion.navarra.es\/web\/estimulacion-lenguaje\/conciencia-fonologica\/conciencia-fonologica-registros-de-evaluacion\/\"><span id=\"Registro_de_evaluacion\" style=\"color: #993300;\"><strong><span class=\"has-inline-color has-vivid-red-color\" data-rich-text-format-boundary=\"true\">Registro de evaluaci\u00f3n<\/span><\/strong><\/span><\/a><\/li>\n<li><a href=\"https:\/\/creena.educacion.navarra.es\/web\/estimulacion-lenguaje\/conciencia-fonologica\/conciencia-fonologica-recursos\/\"><span id=\"Recursos\" style=\"color: #993300;\"><strong><span class=\"has-inline-color has-vivid-red-color\" data-rich-text-format-boundary=\"true\">Recursos<\/span><\/strong><\/span><\/a><\/li>\n<\/ul>","protected":false},"excerpt":{"rendered":"<p>Justificaci\u00f3n Contenidos a trabajar Aspectos metodol\u00f3gicos Registro de evaluaci\u00f3n Recursos<\/p>\n","protected":false},"author":1,"featured_media":0,"parent":0,"menu_order":0,"comment_status":"closed","ping_status":"closed","template":"","meta":[],"_links":{"self":[{"href":"https:\/\/creena.educacion.navarra.es\/web\/estimulacion-lenguaje\/wp-json\/wp\/v2\/pages\/5"}],"collection":[{"href":"https:\/\/creena.educacion.navarra.es\/web\/estimulacion-lenguaje\/wp-json\/wp\/v2\/pages"}],"about":[{"href":"https:\/\/creena.educacion.navarra.es\/web\/estimulacion-lenguaje\/wp-json\/wp\/v2\/types\/page"}],"author":[{"embeddable":true,"href":"https:\/\/creena.educacion.navarra.es\/web\/estimulacion-lenguaje\/wp-json\/wp\/v2\/users\/1"}],"replies":[{"embeddable":true,"href":"https:\/\/creena.educacion.navarra.es\/web\/estimulacion-lenguaje\/wp-json\/wp\/v2\/comments?post=5"}],"version-history":[{"count":47,"href":"https:\/\/creena.educacion.navarra.es\/web\/estimulacion-lenguaje\/wp-json\/wp\/v2\/pages\/5\/revisions"}],"predecessor-version":[{"id":1017,"href":"https:\/\/creena.educacion.navarra.es\/web\/estimulacion-lenguaje\/wp-json\/wp\/v2\/pages\/5\/revisions\/1017"}],"wp:attachment":[{"href":"https:\/\/creena.educacion.navarra.es\/web\/estimulacion-lenguaje\/wp-json\/wp\/v2\/media?parent=5"}],"curies":[{"name":"wp","href":"https:\/\/api.w.org\/{rel}","templated":true}]}}