{"id":1647,"date":"2016-09-12T08:57:47","date_gmt":"2016-09-12T08:57:47","guid":{"rendered":"https:\/\/creenasensibilizacion.wordpress.com\/?page_id=1647"},"modified":"2021-03-25T08:48:52","modified_gmt":"2021-03-25T07:48:52","slug":"material-audiovisual","status":"publish","type":"page","link":"https:\/\/creena.educacion.navarra.es\/web\/guiasensibilizacion\/educacion-secundaria\/material-audiovisual\/","title":{"rendered":"Materiales audiovisuales"},"content":{"rendered":"<div class=\"indice_contenedor\">\n<ul>\n<li><a href=\"http:\/\/creena.educacion.navarra.es\/web\/guiasensibilizacion\/2019\/03\/08\/100-metros\/\"><strong>100 metros<\/strong><\/a><\/li>\n<li><a href=\"http:\/\/creena.educacion.navarra.es\/web\/guiasensibilizacion\/2016\/09\/12\/aprendiendo-a-vivir\/\"><strong>Aprendiendo a vivir<\/strong><\/a><\/li>\n<li><strong><a href=\"http:\/\/creena.educacion.navarra.es\/web\/guiasensibilizacion\/2019\/03\/08\/campeones\/\">Campeones<\/a><\/strong><\/li>\n<li><a href=\"http:\/\/creena.educacion.navarra.es\/web\/guiasensibilizacion\/2019\/03\/08\/con-todas-nuestras-fuerzas\/\"><strong>Con todas nuestras fuerzas<\/strong><\/a><\/li>\n<li><a href=\"http:\/\/creena.educacion.navarra.es\/web\/guiasensibilizacion\/2016\/09\/06\/discapacidad-estan-vivos\/\"><strong>Discapacidad&#8230; Est\u00e1n Vivos!!!!!<\/strong><\/a><\/li>\n<li><a href=\"http:\/\/creena.educacion.navarra.es\/web\/guiasensibilizacion\/2016\/09\/06\/el-cazo-de-lorenzo-2\/\"><strong>El cazo de Lorenzo<\/strong><\/a><\/li>\n<li><a href=\"http:\/\/creena.educacion.navarra.es\/web\/guiasensibilizacion\/2016\/09\/09\/el-color-de-las-flores\/\"><strong>El color de las flores<\/strong><\/a><\/li>\n<li><a href=\"http:\/\/creena.educacion.navarra.es\/web\/guiasensibilizacion\/2016\/09\/12\/el-milagro-de-ana-sullivan\/\"><strong>El milagro de Ana Sullivan<\/strong><\/a><\/li>\n<li><a href=\"https:\/\/creena.educacion.navarra.es\/web\/guiasensibilizacion\/2020\/06\/05\/el-sandwich-de-mariana\/\"><strong>El s\u00e1ndwich de Mariana<\/strong><\/a><\/li>\n<li><a href=\"http:\/\/creena.educacion.navarra.es\/web\/guiasensibilizacion\/2016\/09\/12\/el-truco-del-manco\/\"><strong>El truco del manco<\/strong><\/a><\/li>\n<li><a href=\"http:\/\/creena.educacion.navarra.es\/web\/guiasensibilizacion\/2016\/09\/12\/el-viaje-de-maria\/\"><strong>El viaje de Mar\u00eda <\/strong><\/a><\/li>\n<li><strong><a href=\"https:\/\/creena.educacion.navarra.es\/web\/guiasensibilizacion\/2020\/06\/04\/forrest-gump\/\">Forrest Gump<\/a><\/strong><\/li>\n<li><a href=\"http:\/\/creena.educacion.navarra.es\/web\/guiasensibilizacion\/2016\/09\/12\/gaby-una-historia-verdadera\/\"><strong>Gaby: una historia verdadera<\/strong><\/a><\/li>\n<li><a href=\"http:\/\/creena.educacion.navarra.es\/web\/guiasensibilizacion\/2016\/09\/09\/inclusion-educativa\/\"><strong>Inclusi\u00f3n educativa<\/strong><\/a><\/li>\n<li><a href=\"http:\/\/creena.educacion.navarra.es\/web\/guiasensibilizacion\/2016\/09\/12\/intocable\/\"><strong>Intocable\u00a0<\/strong><\/a><\/li>\n<li><a href=\"https:\/\/creena.educacion.navarra.es\/web\/guiasensibilizacion\/2020\/06\/04\/la-escafranda-y-la-mariposa\/\">La escafandra y la mariposa<\/a><\/li>\n<li><a href=\"http:\/\/creena.educacion.navarra.es\/web\/guiasensibilizacion\/2016\/09\/06\/la-gallina-clementina\/\"><strong>La gallina Clementina<\/strong><\/a><\/li>\n<li><a href=\"http:\/\/creena.educacion.navarra.es\/web\/guiasensibilizacion\/2019\/03\/08\/la-teoria-del-todo\/\"><strong>La teor\u00eda del todo<\/strong><\/a><\/li>\n<li><a href=\"http:\/\/creena.educacion.navarra.es\/web\/guiasensibilizacion\/2016\/09\/12\/leon-y-olvido\/\"><strong>Le\u00f3n y Olvido<\/strong><\/a><\/li>\n<li><strong><a href=\"http:\/\/creena.educacion.navarra.es\/web\/guiasensibilizacion\/2019\/03\/08\/lo-imposible-esta-en-la-mente-de-los-comodos\/\">Lo imposible est\u00e1 en la mente de los c\u00f3modos<\/a><\/strong><\/li>\n<li><a href=\"http:\/\/creena.educacion.navarra.es\/web\/guiasensibilizacion\/2016\/09\/12\/lo-que-un-autista-nos-pediria\/\"><strong>Lo que un autista nos pedir\u00eda<\/strong><\/a><\/li>\n<li><a href=\"http:\/\/creena.educacion.navarra.es\/web\/guiasensibilizacion\/2016\/09\/12\/maria-y-yo-2\/\"><strong>Mar\u00eda y yo<\/strong><\/a><\/li>\n<li><a href=\"http:\/\/creena.educacion.navarra.es\/web\/guiasensibilizacion\/2016\/09\/12\/mary-y-max\/\"><strong>Mary and\u00a0Max<\/strong><\/a><\/li>\n<li><a href=\"http:\/\/creena.educacion.navarra.es\/web\/guiasensibilizacion\/2016\/09\/12\/me-llaman-radio\/\"><strong>Me llaman Radio<\/strong><\/a><\/li>\n<li><a href=\"http:\/\/creena.educacion.navarra.es\/web\/guiasensibilizacion\/2016\/09\/06\/mensajes-del-agua\/\"><strong>Mensajes del agua<\/strong><\/a><\/li>\n<li><a href=\"http:\/\/creena.educacion.navarra.es\/web\/guiasensibilizacion\/2016\/09\/12\/mi-pie-izquierdo\/\"><strong>Mi pie izquierdo<\/strong><\/a><\/li>\n<li><a href=\"http:\/\/creena.educacion.navarra.es\/web\/guiasensibilizacion\/2016\/09\/06\/nene-nena-y-guau\/\"><strong>Nene, nena y guau..<\/strong><\/a><\/li>\n<li><a href=\"http:\/\/creena.educacion.navarra.es\/web\/guiasensibilizacion\/2019\/03\/08\/planta-4a\/\"><strong>Planta 4\u00aa<\/strong><\/a><\/li>\n<li><a href=\"http:\/\/creena.educacion.navarra.es\/web\/guiasensibilizacion\/2016\/09\/06\/por-cuatro-esquinitas-de-nada-3\/\"><strong>Por cuatro esquinitas de nada<\/strong><\/a><\/li>\n<li><a href=\"https:\/\/creena.educacion.navarra.es\/web\/guiasensibilizacion\/2020\/06\/04\/rain-man\/\">Rain Man<\/a><\/li>\n<li><a href=\"https:\/\/creena.educacion.navarra.es\/web\/guiasensibilizacion\/2020\/06\/05\/romans-scape\/\"><strong>Roman\u00b4s scape<\/strong><\/a><\/li>\n<li><a href=\"http:\/\/creena.educacion.navarra.es\/web\/guiasensibilizacion\/2016\/09\/06\/somos-la-banda-motxila-21\/\"><strong>Somos la banda Motxila 21<\/strong><\/a><\/li>\n<li><a href=\"http:\/\/creena.educacion.navarra.es\/web\/guiasensibilizacion\/2016\/09\/12\/soy-un-nino-discapacitado\/\"><strong>Soy un ni\u00f1o discapacitado<\/strong><\/a><\/li>\n<li><a href=\"http:\/\/creena.educacion.navarra.es\/web\/guiasensibilizacion\/2016\/09\/06\/todos-somos-diferentes-2\/\"><strong>Todos somos diferentes<\/strong><\/a><\/li>\n<li><a href=\"http:\/\/creena.educacion.navarra.es\/web\/guiasensibilizacion\/2016\/09\/12\/un-viaje-inesperado\/\"><strong>Un viaje inesperado<\/strong><\/a><\/li>\n<li><a href=\"http:\/\/creena.educacion.navarra.es\/web\/guiasensibilizacion\/2016\/09\/06\/una-mano-de-amigoslagunen-eskua\/\"><strong>Una Mano de Amigos\/Lagunen eskua<\/strong><\/a><\/li>\n<li><a href=\"http:\/\/creena.educacion.navarra.es\/web\/guiasensibilizacion\/2019\/02\/27\/wonder\/\" rel=\"noopener\"><strong>Wonder<\/strong><\/a><\/li>\n<li><a href=\"http:\/\/creena.educacion.navarra.es\/web\/guiasensibilizacion\/2016\/09\/06\/yo-estoy-muy-orgulloso\/\"><strong>Yo Estoy Muy Orgulloso<\/strong><\/a><\/li>\n<li><a href=\"http:\/\/creena.educacion.navarra.es\/web\/guiasensibilizacion\/2016\/09\/12\/yo-soy-sam\/\"><strong>Yo soy Sam<\/strong><\/a><\/li>\n<li><a href=\"http:\/\/creena.educacion.navarra.es\/web\/guiasensibilizacion\/2016\/09\/12\/yo-tambien\/\"><strong>Yo, tambi\u00e9n<\/strong><\/a><\/li>\n<li><a href=\"http:\/\/creena.educacion.navarra.es\/web\/guiasensibilizacion\/2016\/09\/09\/no-es-hora-de-hablar-de-inclusion\/\"><strong>\u00bfNo es hora de hablar de inclusi\u00f3n?<\/strong><\/a><\/li>\n<\/ul>\n<\/div>\n\n\n<p><\/p>\n","protected":false},"excerpt":{"rendered":"<p>100 metros Aprendiendo a vivir Campeones Con todas nuestras fuerzas Discapacidad&#8230; Est\u00e1n Vivos!!!!! El cazo de Lorenzo El color de las flores El milagro de Ana Sullivan El s\u00e1ndwich de Mariana El truco del manco El viaje de Mar\u00eda Forrest &hellip; <a href=\"https:\/\/creena.educacion.navarra.es\/web\/guiasensibilizacion\/educacion-secundaria\/material-audiovisual\/\">Sigue leyendo <span class=\"meta-nav\">&rarr;<\/span><\/a><\/p>\n","protected":false},"author":1,"featured_media":0,"parent":7,"menu_order":0,"comment_status":"closed","ping_status":"closed","template":"","meta":[],"_links":{"self":[{"href":"https:\/\/creena.educacion.navarra.es\/web\/guiasensibilizacion\/wp-json\/wp\/v2\/pages\/1647"}],"collection":[{"href":"https:\/\/creena.educacion.navarra.es\/web\/guiasensibilizacion\/wp-json\/wp\/v2\/pages"}],"about":[{"href":"https:\/\/creena.educacion.navarra.es\/web\/guiasensibilizacion\/wp-json\/wp\/v2\/types\/page"}],"author":[{"embeddable":true,"href":"https:\/\/creena.educacion.navarra.es\/web\/guiasensibilizacion\/wp-json\/wp\/v2\/users\/1"}],"replies":[{"embeddable":true,"href":"https:\/\/creena.educacion.navarra.es\/web\/guiasensibilizacion\/wp-json\/wp\/v2\/comments?post=1647"}],"version-history":[{"count":15,"href":"https:\/\/creena.educacion.navarra.es\/web\/guiasensibilizacion\/wp-json\/wp\/v2\/pages\/1647\/revisions"}],"predecessor-version":[{"id":2593,"href":"https:\/\/creena.educacion.navarra.es\/web\/guiasensibilizacion\/wp-json\/wp\/v2\/pages\/1647\/revisions\/2593"}],"up":[{"embeddable":true,"href":"https:\/\/creena.educacion.navarra.es\/web\/guiasensibilizacion\/wp-json\/wp\/v2\/pages\/7"}],"wp:attachment":[{"href":"https:\/\/creena.educacion.navarra.es\/web\/guiasensibilizacion\/wp-json\/wp\/v2\/media?parent=1647"}],"curies":[{"name":"wp","href":"https:\/\/api.w.org\/{rel}","templated":true}]}}