{"id":425,"date":"2017-09-08T10:10:20","date_gmt":"2017-09-08T10:10:20","guid":{"rendered":"http:\/\/creena.educacion.navarra.es\/web\/protocolos\/?page_id=425"},"modified":"2025-10-17T07:09:41","modified_gmt":"2025-10-17T07:09:41","slug":"1-capacidad-intelectual-y-aptitudes-diferenciales","status":"publish","type":"page","link":"https:\/\/creena.educacion.navarra.es\/web\/protocolos\/visuales\/1-capacidad-intelectual-y-aptitudes-diferenciales\/","title":{"rendered":"1. Capacidad intelectual y aptitudes diferenciales"},"content":{"rendered":"<h4><span style=\"color: #993300;\">Capacidad intelectual general y\/o nivel cognitivo general<\/span><\/h4>\n<h6><span style=\"color: #993300;\">Pruebas estandarizadas<\/span><\/h6>\n<ul>\n<li><strong>Escalas de Inteligencia de Wechsler<\/strong>\n<ul>\n<li><a href=\"http:\/\/www.pearsonclinical.es\/producto\/111\/wppsi-iv-escala-de-inteligencia-de-wechsler-para-preescolar-y-primaria#\" target=\"_blank\" rel=\"noopener\"><strong>WPPSI-IV<\/strong>\u00a0<\/a>(de 2 a\u00f1os y medio a 7 a\u00f1os y 7 meses)<\/li>\n<li><a href=\"http:\/\/www.pearsonclinical.es\/producto\/126\/wisc-v-escala-de-inteligencia-de-wechsler-para-ninos-v\" target=\"_blank\" rel=\"noopener\"><strong>WISC V<\/strong>\u00a0<\/a>(de 6 a\u00f1os a 16 a\u00f1os 11 meses)\u2663<\/li>\n<li><a href=\"http:\/\/www.pearsonclinical.es\/producto\/72\/wnv-escala-no-verbal-de-aptitud-intelectual-de-wechsler\" target=\"_blank\" rel=\"noopener\"><strong>WNV<\/strong><\/a>\u00a0Escala No Verbal de Aptitud Intelectual de Wechsler (de 5 a 21 a\u00f1os)\u00a0\u2663<\/li>\n<li><a href=\"http:\/\/www.pearsonclinical.es\/producto\/68\/wais-iv-escala-de-inteligencia-de-wechsler-para-adultos-iv\" target=\"_blank\" rel=\"noopener\"><strong>WAIS-IV<\/strong><\/a>.\u00a0Escala Wechsler de Inteligencia para Adultos\u00a0\u2663<\/li>\n<\/ul>\n<\/li>\n<li><a href=\"http:\/\/www.pearsonclinical.es\/producto\/63\/msca-escalas-mccarthy-de-aptitudes-y-psicomotricidad-para-ninos\" target=\"_blank\" rel=\"noopener\"><strong>MSCA.<\/strong><\/a>\u00a0Escalas McCarthy\u00a0 de Aptitudes y Psicomotricidad para ni\u00f1os (de 2 a\u00f1os y medio a 8 a\u00f1os y medio)\u00a0\u2663<\/li>\n<li><strong>CMSS.<\/strong> Escala de Madurez Mental de Columbia (de 3 a\u00f1os y 6 meses a 9 a\u00f1os y 11 meses)\u00a0\u2663<\/li>\n<li><strong>Test de inteligencia para ni\u00f1os ciegos o con defectos de visi\u00f3n de <\/strong>Williams (ciegos y deficientes visuales)(de 3 a\u00f1os y 5 meses a 16 a\u00f1os).\u2663<\/li>\n<\/ul>\n<h6><span style=\"color: #993300;\"><strong>Escalas<\/strong><strong> de Desarrollo<\/strong><\/span><\/h6>\n<ul>\n<li><strong><a href=\"http:\/\/www.once.es\/new\/servicios-especializados-en-discapacidad-visual\/publicaciones-sobre-discapacidad-visual\/nueva-estructura-revista-integracion\/copy_of_numeros-publicados\/numero-58\/copy18_of_asesoramiento-y-apoyo-a-la-familia-en-el-proceso\" target=\"_blank\" rel=\"noopener\">Proyecto Oreg\u00f3n <\/a>para ni\u00f1os preescolares ciegos o deficientes visuales. <\/strong>Evaluaci\u00f3n del desarrollo general y dise\u00f1o de programas de actuaci\u00f3n. (de 0 a 6 a\u00f1os).<\/li>\n<li><strong><a href=\"http:\/\/riberdis.cedd.net\/handle\/11181\/3410\" target=\"_blank\" rel=\"noopener\">Escala Leonhardt <\/a>de desarrollo para ni\u00f1os con ceguera<\/strong> (de 0 a 2 a\u00f1os) Leonhardt, M. (1992)<\/li>\n<li><strong>\u201c<a href=\"https:\/\/www.google.es\/url?sa=t&amp;rct=j&amp;q=&amp;esrc=s&amp;source=web&amp;cd=7&amp;cad=rja&amp;uact=8&amp;ved=0ahUKEwjdxIiTqJXWAhWDVxQKHTa_De4QFghMMAY&amp;url=http%3A%2F%2Fwww.once.es%2Fotros%2Fzapatos%2Findice.doc&amp;usg=AFQjCNGIiLfKZdjp4yYYXvCrr4cR-YnhQw\" target=\"_blank\" rel=\"noopener\">En los zapatos de los ni\u00f1os ciegos<\/a>\u201d. <\/strong>Gu\u00eda de desarrollo de 0 a 3 a\u00f1os. Lucerga, R. y Gast\u00f3n, E. (2004)<\/li>\n<li><strong>Gu\u00eda para la observaci\u00f3n cualitativa de la conducta en ni\u00f1os ciegos <\/strong>Rosa Lucerga (1993)<\/li>\n<li><strong>Escala de desarrollo para ni\u00f1os con d\u00e9ficit visuales <\/strong>(de 3 meses a 5 a\u00f1os).\u00a0 Reynell, J. y Zinkin, P. (1986)<\/li>\n<\/ul>\n<hr \/>\n<p>\u2663 Disponible en la biblioteca CREENA<\/p>\n","protected":false},"excerpt":{"rendered":"<p>Capacidad intelectual general y\/o nivel cognitivo general Pruebas estandarizadas Escalas de Inteligencia de Wechsler WPPSI-IV\u00a0(de 2 a\u00f1os y medio a 7 a\u00f1os y 7 meses) WISC V\u00a0(de 6 a\u00f1os a 16 a\u00f1os 11 meses)\u2663 WNV\u00a0Escala No Verbal de Aptitud Intelectual de Wechsler (de 5 a 21 a\u00f1os)\u00a0\u2663 WAIS-IV.\u00a0Escala Wechsler de Inteligencia para Adultos\u00a0\u2663 MSCA.\u00a0Escalas McCarthy\u00a0 [&hellip;]<\/p>\n","protected":false},"author":1,"featured_media":0,"parent":27,"menu_order":0,"comment_status":"closed","ping_status":"closed","template":"","meta":{"_genesis_hide_title":false,"_genesis_hide_breadcrumbs":false,"_genesis_hide_singular_image":false,"_genesis_hide_footer_widgets":false,"_genesis_custom_body_class":"","_genesis_custom_post_class":"","_genesis_layout":""},"_links":{"self":[{"href":"https:\/\/creena.educacion.navarra.es\/web\/protocolos\/wp-json\/wp\/v2\/pages\/425"}],"collection":[{"href":"https:\/\/creena.educacion.navarra.es\/web\/protocolos\/wp-json\/wp\/v2\/pages"}],"about":[{"href":"https:\/\/creena.educacion.navarra.es\/web\/protocolos\/wp-json\/wp\/v2\/types\/page"}],"author":[{"embeddable":true,"href":"https:\/\/creena.educacion.navarra.es\/web\/protocolos\/wp-json\/wp\/v2\/users\/1"}],"replies":[{"embeddable":true,"href":"https:\/\/creena.educacion.navarra.es\/web\/protocolos\/wp-json\/wp\/v2\/comments?post=425"}],"version-history":[{"count":7,"href":"https:\/\/creena.educacion.navarra.es\/web\/protocolos\/wp-json\/wp\/v2\/pages\/425\/revisions"}],"predecessor-version":[{"id":1185,"href":"https:\/\/creena.educacion.navarra.es\/web\/protocolos\/wp-json\/wp\/v2\/pages\/425\/revisions\/1185"}],"up":[{"embeddable":true,"href":"https:\/\/creena.educacion.navarra.es\/web\/protocolos\/wp-json\/wp\/v2\/pages\/27"}],"wp:attachment":[{"href":"https:\/\/creena.educacion.navarra.es\/web\/protocolos\/wp-json\/wp\/v2\/media?parent=425"}],"curies":[{"name":"wp","href":"https:\/\/api.w.org\/{rel}","templated":true}]}}