{"id":14,"date":"2015-11-03T14:56:36","date_gmt":"2015-11-03T13:56:36","guid":{"rendered":"http:\/\/creena.educacion.navarra.es\/web\/?page_id=14"},"modified":"2025-09-23T09:09:21","modified_gmt":"2025-09-23T07:09:21","slug":"gestion-informacion-y-medios","status":"publish","type":"page","link":"https:\/\/creena.educacion.navarra.es\/web\/gestion-informacion-y-medios\/","title":{"rendered":"Informaci\u00f3n y Medios"},"content":{"rendered":"<p><span style=\"color: #008000;\"><strong><a style=\"color: #008000;\" href=\"https:\/\/creena.educacion.navarra.es\/web\/gestion-informacion-y-medios\/biblioteca\/\"><span style=\"color: #008000;\"><span style=\"color: #003300;\">Biblioteca<\/span><\/span><br><\/a><\/strong><span style=\"color: #003300;\"><strong><a style=\"color: #003300;\" href=\"https:\/\/creena.educacion.navarra.es\/web\/gestion-informacion-y-medios\/nuevas-tecnologias\/\">Tecnolog\u00edas de la Informaci\u00f3n y la Comunicaci\u00f3n (TICs) <\/a><br><\/strong><strong><a style=\"color: #003300;\" href=\"https:\/\/creena.educacion.navarra.es\/web\/gestion-informacion-y-medios\/servicios-a-la-comunidad\/\">Servicios a la Comunidad<\/a><br><a style=\"color: #003300;\" href=\"https:\/\/creena.educacion.navarra.es\/web\/erasmusmovilidades\/\" target=\"_blank\" rel=\"noopener\">Erasmus Movilidades<\/a><\/strong><\/span><\/span><\/p>\n\n\n<p><\/p>\n","protected":false},"excerpt":{"rendered":"<p>BibliotecaTecnolog\u00edas de la Informaci\u00f3n y la Comunicaci\u00f3n (TICs) Servicios a la ComunidadErasmus Movilidades<\/p>\n","protected":false},"author":1,"featured_media":17702,"parent":0,"menu_order":10,"comment_status":"closed","ping_status":"closed","template":"","meta":{"_genesis_hide_title":true,"_genesis_hide_breadcrumbs":false,"_genesis_hide_singular_image":false,"_genesis_hide_footer_widgets":false,"_genesis_custom_body_class":"","_genesis_custom_post_class":"","_genesis_layout":""},"_links":{"self":[{"href":"https:\/\/creena.educacion.navarra.es\/web\/wp-json\/wp\/v2\/pages\/14"}],"collection":[{"href":"https:\/\/creena.educacion.navarra.es\/web\/wp-json\/wp\/v2\/pages"}],"about":[{"href":"https:\/\/creena.educacion.navarra.es\/web\/wp-json\/wp\/v2\/types\/page"}],"author":[{"embeddable":true,"href":"https:\/\/creena.educacion.navarra.es\/web\/wp-json\/wp\/v2\/users\/1"}],"replies":[{"embeddable":true,"href":"https:\/\/creena.educacion.navarra.es\/web\/wp-json\/wp\/v2\/comments?post=14"}],"version-history":[{"count":52,"href":"https:\/\/creena.educacion.navarra.es\/web\/wp-json\/wp\/v2\/pages\/14\/revisions"}],"predecessor-version":[{"id":19288,"href":"https:\/\/creena.educacion.navarra.es\/web\/wp-json\/wp\/v2\/pages\/14\/revisions\/19288"}],"wp:featuredmedia":[{"embeddable":true,"href":"https:\/\/creena.educacion.navarra.es\/web\/wp-json\/wp\/v2\/media\/17702"}],"wp:attachment":[{"href":"https:\/\/creena.educacion.navarra.es\/web\/wp-json\/wp\/v2\/media?parent=14"}],"curies":[{"name":"wp","href":"https:\/\/api.w.org\/{rel}","templated":true}]}}