{"id":15206,"date":"2021-06-10T11:15:30","date_gmt":"2021-06-10T09:15:30","guid":{"rendered":"https:\/\/creena.educacion.navarra.es\/web\/?page_id=15206"},"modified":"2024-10-17T10:32:21","modified_gmt":"2024-10-17T08:32:21","slug":"practicas-y-dual","status":"publish","type":"page","link":"https:\/\/creena.educacion.navarra.es\/web\/necesidades-educativas-especiales\/ciclos-de-formacion-profesional-especial\/practicas-y-dual\/","title":{"rendered":"FCT y Dual.-"},"content":{"rendered":"\n<div class=\"wp-block-image is-style-rounded\"><figure class=\"alignleft size-large is-resized\"><a href=\"https:\/\/creena.educacion.navarra.es\/web\/wp-content\/uploads\/2021\/06\/cfpp.jpg\"><img loading=\"lazy\" src=\"https:\/\/creena.educacion.navarra.es\/web\/wp-content\/uploads\/2021\/06\/cfpp.jpg\" alt=\"\" class=\"wp-image-15113\" width=\"222\" height=\"148\" srcset=\"https:\/\/creena.educacion.navarra.es\/web\/wp-content\/uploads\/2021\/06\/cfpp.jpg 626w, https:\/\/creena.educacion.navarra.es\/web\/wp-content\/uploads\/2021\/06\/cfpp-300x200.jpg 300w\" sizes=\"(max-width: 222px) 100vw, 222px\" \/><\/a><\/figure><\/div>\n\n\n\n<ul><li><a rel=\"noreferrer noopener\" href=\"https:\/\/drive.google.com\/open?id=1S2ftzJ_NIGggEmvE-tGvr3-s9_PcySye\" target=\"_blank\">Habilidades socio-laborales<\/a><a href=\"https:\/\/drive.google.com\/file\/d\/1L3OGiRl16V4nPhaazXC27GMNuTPO2q8E\/view?usp=sharing\"><\/a><\/li><li><a rel=\"noreferrer noopener\" href=\"https:\/\/drive.google.com\/open?id=0B0eiH-cLhm7IUGtxaWkzUjdmeG8\" target=\"_blank\">Pr\u00e1cticas&nbsp;<\/a><\/li><li><a href=\"https:\/\/creena.educacion.navarra.es\/web\/necesidades-educativas-especiales\/ciclos-de-formacion-profesional-especial\/formacion-dual\/\">Formaci\u00f3n dual&nbsp;<\/a><\/li><li><a rel=\"noreferrer noopener\" href=\"https:\/\/drive.google.com\/open?id=1KBTm2BYNDkU-XDj9rMFpvOhY63yTahD9\" target=\"_blank\">Empresas colaboradoras<\/a><\/li><li><a rel=\"noreferrer noopener\" href=\"https:\/\/drive.google.com\/open?id=0B0eiH-cLhm7Id0VWSW1nVGQ2NzQ\" target=\"_blank\">Ver tr\u00edptico<\/a><\/li><\/ul>\n\n\n\n<p><\/p>\n","protected":false},"excerpt":{"rendered":"<p>Habilidades socio-laborales Pr\u00e1cticas&nbsp; Formaci\u00f3n dual&nbsp; Empresas colaboradoras Ver tr\u00edptico<\/p>\n","protected":false},"author":1,"featured_media":0,"parent":15104,"menu_order":0,"comment_status":"closed","ping_status":"closed","template":"","meta":{"_genesis_hide_title":false,"_genesis_hide_breadcrumbs":false,"_genesis_hide_singular_image":false,"_genesis_hide_footer_widgets":false,"_genesis_custom_body_class":"","_genesis_custom_post_class":"","_genesis_layout":""},"_links":{"self":[{"href":"https:\/\/creena.educacion.navarra.es\/web\/wp-json\/wp\/v2\/pages\/15206"}],"collection":[{"href":"https:\/\/creena.educacion.navarra.es\/web\/wp-json\/wp\/v2\/pages"}],"about":[{"href":"https:\/\/creena.educacion.navarra.es\/web\/wp-json\/wp\/v2\/types\/page"}],"author":[{"embeddable":true,"href":"https:\/\/creena.educacion.navarra.es\/web\/wp-json\/wp\/v2\/users\/1"}],"replies":[{"embeddable":true,"href":"https:\/\/creena.educacion.navarra.es\/web\/wp-json\/wp\/v2\/comments?post=15206"}],"version-history":[{"count":12,"href":"https:\/\/creena.educacion.navarra.es\/web\/wp-json\/wp\/v2\/pages\/15206\/revisions"}],"predecessor-version":[{"id":15267,"href":"https:\/\/creena.educacion.navarra.es\/web\/wp-json\/wp\/v2\/pages\/15206\/revisions\/15267"}],"up":[{"embeddable":true,"href":"https:\/\/creena.educacion.navarra.es\/web\/wp-json\/wp\/v2\/pages\/15104"}],"wp:attachment":[{"href":"https:\/\/creena.educacion.navarra.es\/web\/wp-json\/wp\/v2\/media?parent=15206"}],"curies":[{"name":"wp","href":"https:\/\/api.w.org\/{rel}","templated":true}]}}