{"id":281,"date":"2015-11-17T10:41:39","date_gmt":"2015-11-17T09:41:39","guid":{"rendered":"http:\/\/creena.educacion.navarra.es\/web\/?page_id=281"},"modified":"2024-03-27T09:04:54","modified_gmt":"2024-03-27T08:04:54","slug":"composicion-del-equipo-atenciontemprana","status":"publish","type":"page","link":"https:\/\/creena.educacion.navarra.es\/web\/necesidades-educativas-especificas\/atencion-temprana\/informacion-general-atenciontemprana\/composicion-del-equipo-atenciontemprana\/","title":{"rendered":"Composici\u00f3n del Programa"},"content":{"rendered":"<p><strong>Programa de atenci\u00f3n temprana<\/strong>: detectar\u00e1, intervendr\u00e1 y propondr\u00e1 medidas de prevenci\u00f3n de dificultades en el desarrollo para garantizar la inclusi\u00f3n desde el primer ciclo de educaci\u00f3n infantil de alumnado con necesidades espec\u00edficas de apoyo educativo, facilitando la transici\u00f3n inclusiva al segundo ciclo de educaci\u00f3n infantil.<\/p>\n<ul class=\"has-background\">\n<li>Especialistas en Orientaci\u00f3n Escolar<\/li>\n<\/ul>\n","protected":false},"excerpt":{"rendered":"<p>Programa de atenci\u00f3n temprana: detectar\u00e1, intervendr\u00e1 y propondr\u00e1 medidas de prevenci\u00f3n de dificultades en el desarrollo para garantizar la inclusi\u00f3n desde el primer ciclo de educaci\u00f3n infantil de alumnado con necesidades espec\u00edficas de apoyo educativo, facilitando la transici\u00f3n inclusiva al segundo ciclo de educaci\u00f3n infantil. Especialistas en Orientaci\u00f3n Escolar<\/p>\n","protected":false},"author":1,"featured_media":0,"parent":279,"menu_order":0,"comment_status":"closed","ping_status":"closed","template":"","meta":{"_genesis_hide_title":false,"_genesis_hide_breadcrumbs":false,"_genesis_hide_singular_image":false,"_genesis_hide_footer_widgets":false,"_genesis_custom_body_class":"","_genesis_custom_post_class":"","_genesis_layout":"content-sidebar"},"_links":{"self":[{"href":"https:\/\/creena.educacion.navarra.es\/web\/wp-json\/wp\/v2\/pages\/281"}],"collection":[{"href":"https:\/\/creena.educacion.navarra.es\/web\/wp-json\/wp\/v2\/pages"}],"about":[{"href":"https:\/\/creena.educacion.navarra.es\/web\/wp-json\/wp\/v2\/types\/page"}],"author":[{"embeddable":true,"href":"https:\/\/creena.educacion.navarra.es\/web\/wp-json\/wp\/v2\/users\/1"}],"replies":[{"embeddable":true,"href":"https:\/\/creena.educacion.navarra.es\/web\/wp-json\/wp\/v2\/comments?post=281"}],"version-history":[{"count":7,"href":"https:\/\/creena.educacion.navarra.es\/web\/wp-json\/wp\/v2\/pages\/281\/revisions"}],"predecessor-version":[{"id":18079,"href":"https:\/\/creena.educacion.navarra.es\/web\/wp-json\/wp\/v2\/pages\/281\/revisions\/18079"}],"up":[{"embeddable":true,"href":"https:\/\/creena.educacion.navarra.es\/web\/wp-json\/wp\/v2\/pages\/279"}],"wp:attachment":[{"href":"https:\/\/creena.educacion.navarra.es\/web\/wp-json\/wp\/v2\/media?parent=281"}],"curies":[{"name":"wp","href":"https:\/\/api.w.org\/{rel}","templated":true}]}}