{"id":7073,"date":"2016-11-21T09:38:11","date_gmt":"2016-11-21T08:38:11","guid":{"rendered":"http:\/\/creena.educacion.navarra.es\/web\/?page_id=7073"},"modified":"2026-03-23T10:25:13","modified_gmt":"2026-03-23T09:25:13","slug":"atencion-educativa-domiciliaria","status":"publish","type":"page","link":"https:\/\/creena.educacion.navarra.es\/web\/gestion-informacion-y-medios\/equipo-hospitalaria\/atencion-educativa-domiciliaria\/","title":{"rendered":"Atenci\u00f3n educativa domiciliaria"},"content":{"rendered":"<div class=\"gmail_default\">\n<p><strong>CURSO 25-26<\/strong><\/p>\n<ul>\n<li><a href=\"https:\/\/bon.navarra.es\/es\/anuncio\/-\/texto\/2025\/119\/5\" target=\"_blank\" rel=\"noopener\" data-saferedirecturl=\"https:\/\/www.google.com\/url?q=https:\/\/bon.navarra.es\/es\/anuncio\/-\/texto\/2025\/119\/5&amp;source=gmail&amp;ust=1757146952471000&amp;usg=AOvVaw0kfVAOXEyZraZAV1C4Wzo7\">ATENCI\u00d3N EDUCATIVA DOMICILIARIA PARA ALUMNADO ESCOLARIZADO EN CENTROS P\u00daBLICOS<\/a><\/li>\n<li><a href=\"https:\/\/www.navarra.es\/eu\/tramiteak\/on\/-\/line\/atencion-educativa-domiciliaria-del-alumnado-enfermo-o-convaleciente-escolarizado-en-centros-concertados\" target=\"_blank\" rel=\"noopener\">ATENCI\u00d3N EDUCATIVA DOMICILIARIA PARA ALUMNADO ESCOLARIZADO EN CENTROS CONCERTADOS<\/a><\/li>\n<\/ul>\n<p>Documentaci\u00f3n:<\/p>\n<ul>\n<li><a href=\"https:\/\/www.navarra.es\/documents\/48192\/16534139\/Anexo+II+-Solicitud+familia.pdf\/7b917f1a-d379-8bf1-8f05-fe63845ccc37?t=1728981414925\" target=\"_blank\" rel=\"noopener\">Solicitud de la familia<\/a>&nbsp;(Anexo II)<\/li>\n<li><a href=\"https:\/\/www.navarra.es\/documents\/48192\/16534139\/Anexo+III+-Informe+m%C3%A9dico+.pdf\/09077b88-362b-ed7e-d5df-00f483a69d9d?t=1728981451839\" target=\"_blank\" rel=\"noopener\">Informe m\u00e9dico<\/a>&nbsp;(Anexo III)<\/li>\n<li><a href=\"https:\/\/www.navarra.es\/documents\/48192\/16534139\/Anexo+V+-Plan+de+trabajo.doc.pdf\/d2cb542e-3618-3abb-f512-38c7ebec6683?t=1728981498707\" target=\"_blank\" rel=\"noopener\">Plan de trabajo<\/a>&nbsp;(Anexo V)<\/li>\n<\/ul>\n<p>LA SOLICITUD DEBE HACERSE MEDIANTE EL <span style=\"color: #ff0000;\"><strong>EDUCA<\/strong><\/span><\/p>\n<p><strong><span style=\"color: #ff0000;\">AVISO IMPORTANTE:<\/span> <\/strong>La fecha l\u00edmite para la entrega de nuevas solicitudes de atenci\u00f3n educativa domiciliaria es el 22\/04\/2026<\/p>\n<\/div>\n<div class=\"redimension-tabla\">\n<div id=\"infoDocu\" class=\"panel-collapse collapse show\">\n<div class=\"panel-body\">&nbsp;<\/div>\n<\/div>\n<\/div>\n\n\n<p><strong>PREGUNTAS FRECUENTES:<\/strong><\/p>\n\n\n<div style=\"display:block\">\n<!-- FlowPaper PDF flipbook plugin v.2.0.6 wordpress.org\/plugins\/flowpaper\/ -->\n<iframe title=\"FlowPaper flipbook pdf viewer\" width=\"100%\" height=\"500\" scrolling=\"no\" class=\"flowpaper-class\" frameborder=\"0\" allowFullScreen=\"true\" lightbox=\"false\" cover id src = \"https:\/\/flowpaper.com\/flipbook\/?pdf=https:\/\/creena.educacion.navarra.es\/web\/wp-content\/uploads\/2025\/01\/QUEREMOS-ACTIVAR-EL-SERVICIO-DE-ATENCION-EDUCATIVA-DOMICILIARIA.pdf?wp-hosted=1&title=&header=&theme=&singlepage=&thumbs=1&modified=2603231025\" seamless=\"seamless\" style=\"margin-bottom:0;display:block;\">Your browser does not seem to support iframes. <a href=\"https:\/\/flowpaper.com\/flipbook\/?pdf=https:\/\/creena.educacion.navarra.es\/web\/wp-content\/uploads\/2025\/01\/QUEREMOS-ACTIVAR-EL-SERVICIO-DE-ATENCION-EDUCATIVA-DOMICILIARIA.pdf?wp-hosted=1\" target=\"_blank\">Click here to read this PDF<\/a>.<\/iframe>\n<div id=\"flowpaper-logo-bottom\" class=\"flowpaper-logo-bg\" style=\"background:linear-gradient(to right, rgba(0,0,0,0.65) 0%,rgba(0,0,0,0) 200px);width:100%;height:19px; padding-bottom: 1px; padding-left: 5px; padding-right: 10px; display: flex; align-items: center;z-index:9999\"><span style=\"height: 37px; padding-left: 6px;width:90%\"> <a id=\"flowpaper-link\" style=\"fill: #fff\" alt=\"FlowPaper logotype\" title=\"FlowPaper logotype\" href=\"https:\/\/flowpaper.com\" target=\"_blank\"> <img alt=\"Publish PDF flipbooks online\" style=\"height:17px;width:auto;margin-top:11px;\" src=\"https:\/\/creena.educacion.navarra.es\/web\/wp-content\/plugins\/flowpaper-lite-pdf-flipbook\/assets\/flowpaper-logo.png\" border=\"0\"> <\/a> <\/span><span style=\" float: right; right: 0; font-size: 10px; white-space: nowrap; opacity:0.8\"><a href=\"https:\/\/flowpaper.com\/flipbook-maker\/\" target=\"_new\" style=\"text-decoration:none;border-bottom:none;\">Created using FlowPaper Flipbook Maker &#8599;<\/a><\/span><\/div><\/div>\r\n                <script>\r\n                document.addEventListener(\"DOMContentLoaded\", function(){\r\n                    var target_element, iframe_element;\r\n                    iframe_element = document.querySelector(\"iframe.flowpaper-class\");\r\n                    target_element = document.querySelector(\"\");\r\n                    iframe_element.style.height = target_element.offsetHeight + \"px\";\r\n                });\r\n                <\/script>\r\n            \n","protected":false},"excerpt":{"rendered":"<p>CURSO 25-26 ATENCI\u00d3N EDUCATIVA DOMICILIARIA PARA ALUMNADO ESCOLARIZADO EN CENTROS P\u00daBLICOS ATENCI\u00d3N EDUCATIVA DOMICILIARIA PARA ALUMNADO ESCOLARIZADO EN CENTROS CONCERTADOS Documentaci\u00f3n: Solicitud de la familia&nbsp;(Anexo II) Informe m\u00e9dico&nbsp;(Anexo III) Plan de trabajo&nbsp;(Anexo V) LA SOLICITUD DEBE HACERSE MEDIANTE EL EDUCA AVISO IMPORTANTE: La fecha l\u00edmite para la entrega de nuevas solicitudes de atenci\u00f3n educativa domiciliaria [&hellip;]<\/p>\n","protected":false},"author":1,"featured_media":0,"parent":741,"menu_order":3,"comment_status":"closed","ping_status":"closed","template":"","meta":{"_genesis_hide_title":false,"_genesis_hide_breadcrumbs":false,"_genesis_hide_singular_image":false,"_genesis_hide_footer_widgets":false,"_genesis_custom_body_class":"","_genesis_custom_post_class":"","_genesis_layout":""},"_links":{"self":[{"href":"https:\/\/creena.educacion.navarra.es\/web\/wp-json\/wp\/v2\/pages\/7073"}],"collection":[{"href":"https:\/\/creena.educacion.navarra.es\/web\/wp-json\/wp\/v2\/pages"}],"about":[{"href":"https:\/\/creena.educacion.navarra.es\/web\/wp-json\/wp\/v2\/types\/page"}],"author":[{"embeddable":true,"href":"https:\/\/creena.educacion.navarra.es\/web\/wp-json\/wp\/v2\/users\/1"}],"replies":[{"embeddable":true,"href":"https:\/\/creena.educacion.navarra.es\/web\/wp-json\/wp\/v2\/comments?post=7073"}],"version-history":[{"count":125,"href":"https:\/\/creena.educacion.navarra.es\/web\/wp-json\/wp\/v2\/pages\/7073\/revisions"}],"predecessor-version":[{"id":19649,"href":"https:\/\/creena.educacion.navarra.es\/web\/wp-json\/wp\/v2\/pages\/7073\/revisions\/19649"}],"up":[{"embeddable":true,"href":"https:\/\/creena.educacion.navarra.es\/web\/wp-json\/wp\/v2\/pages\/741"}],"wp:attachment":[{"href":"https:\/\/creena.educacion.navarra.es\/web\/wp-json\/wp\/v2\/media?parent=7073"}],"curies":[{"name":"wp","href":"https:\/\/api.w.org\/{rel}","templated":true}]}}