{"id":8065,"date":"2017-04-05T11:05:39","date_gmt":"2017-04-05T09:05:39","guid":{"rendered":"http:\/\/creena.educacion.navarra.es\/web\/?page_id=8065\/"},"modified":"2017-04-05T11:27:11","modified_gmt":"2017-04-05T09:27:11","slug":"asociaciones-y-federaciones-relacionadas-con-tea","status":"publish","type":"page","link":"https:\/\/creena.educacion.navarra.es\/web\/necesidades-educativas-especiales\/trastornos-del-espectro-autista\/asociaciones-y-federaciones-relacionadas-con-tea\/","title":{"rendered":"Asociaciones y Federaciones relacionadas con TEA"},"content":{"rendered":"<h4><a href=\"http:\/\/creena.educacion.navarra.es\/web\/wp-content\/uploads\/2017\/04\/aetapi.png\"><img loading=\"lazy\" class=\" wp-image-8068 alignleft\" src=\"http:\/\/creena.educacion.navarra.es\/web\/wp-content\/uploads\/2017\/04\/aetapi.png\" alt=\"\" width=\"230\" height=\"58\" \/><\/a><a href=\"http:\/\/aetapi.org\/enlaces\/\" target=\"_blank\">AETAPI<\/a><\/h4>\n<p>Asociaci\u00f3n espa\u00f1ola de profesionales del autismo<\/p>\n<p>&nbsp;<\/p>\n<hr \/>\n<h4><a href=\"http:\/\/creena.educacion.navarra.es\/web\/wp-content\/uploads\/2017\/04\/ana.png\"><img loading=\"lazy\" class=\"wp-image-8070 alignleft\" src=\"http:\/\/creena.educacion.navarra.es\/web\/wp-content\/uploads\/2017\/04\/ana-300x88.png\" alt=\"\" width=\"229\" height=\"67\" srcset=\"https:\/\/creena.educacion.navarra.es\/web\/wp-content\/uploads\/2017\/04\/ana-300x88.png 300w, https:\/\/creena.educacion.navarra.es\/web\/wp-content\/uploads\/2017\/04\/ana-768x226.png 768w, https:\/\/creena.educacion.navarra.es\/web\/wp-content\/uploads\/2017\/04\/ana-1024x302.png 1024w, https:\/\/creena.educacion.navarra.es\/web\/wp-content\/uploads\/2017\/04\/ana.png 1160w\" sizes=\"(max-width: 229px) 100vw, 229px\" \/><\/a><a href=\"http:\/\/www.autismonavarra.com\/\" target=\"_blank\">ASOCIACI\u00d3N ANA<\/a><\/h4>\n<p>Asociaci\u00f3n sin \u00e1nimo de lucro creada por un grupo de padres de ni\u00f1os afectados de autismo en Enero de 2012 en Pamplona.<\/p>\n<hr \/>\n<h4><a href=\"http:\/\/creena.educacion.navarra.es\/web\/wp-content\/uploads\/2017\/04\/anfas.png\"><img loading=\"lazy\" class=\" wp-image-8074 alignleft\" src=\"http:\/\/creena.educacion.navarra.es\/web\/wp-content\/uploads\/2017\/04\/anfas-300x62.png\" alt=\"\" width=\"232\" height=\"48\" srcset=\"https:\/\/creena.educacion.navarra.es\/web\/wp-content\/uploads\/2017\/04\/anfas-300x62.png 300w, https:\/\/creena.educacion.navarra.es\/web\/wp-content\/uploads\/2017\/04\/anfas-768x158.png 768w, https:\/\/creena.educacion.navarra.es\/web\/wp-content\/uploads\/2017\/04\/anfas.png 975w\" sizes=\"(max-width: 232px) 100vw, 232px\" \/><\/a><a href=\"http:\/\/anfasnavarra.org\/\" target=\"_blank\">ANFAS NAVARRA<\/a><\/h4>\n<p>Asociaci\u00f3n de Navarra que, desde 1961, presta apoyos y defiende los derechos de las personas con discapacidad intelectual o del desarrollo y sus familias.<\/p>\n<hr \/>\n<h4><a href=\"http:\/\/creena.educacion.navarra.es\/web\/wp-content\/uploads\/2017\/04\/confea.png\"><img loading=\"lazy\" class=\" wp-image-8084 alignleft\" src=\"http:\/\/creena.educacion.navarra.es\/web\/wp-content\/uploads\/2017\/04\/confea.png\" alt=\"\" width=\"230\" height=\"75\" \/><\/a><a href=\"http:\/\/www.autismo.org.es\/\" target=\"_blank\">AUTISMO ESPA\u00d1A<\/a><\/h4>\n<p>Autismo Espa\u00f1a agrupa y representa a 75 entidades, presentes en 15 comunidades aut\u00f3nomas y en las dos ciudades aut\u00f3nomas de Ceuta y Melilla.<\/p>\n<hr \/>\n<h4><a href=\"http:\/\/creena.educacion.navarra.es\/web\/wp-content\/uploads\/2017\/04\/qautismo.png\"><img loading=\"lazy\" class=\" wp-image-8066 alignleft\" src=\"http:\/\/creena.educacion.navarra.es\/web\/wp-content\/uploads\/2017\/04\/qautismo-300x73.png\" alt=\"\" width=\"230\" height=\"56\" srcset=\"https:\/\/creena.educacion.navarra.es\/web\/wp-content\/uploads\/2017\/04\/qautismo-300x73.png 300w, https:\/\/creena.educacion.navarra.es\/web\/wp-content\/uploads\/2017\/04\/qautismo.png 560w\" sizes=\"(max-width: 230px) 100vw, 230px\" \/><\/a><a href=\"http:\/\/autismoaraba.org\/\" target=\"_blank\">AUTISMO ARABA<\/a><\/h4>\n<p>Asociaci\u00f3n alavesa de Trastornos del Espectro del Autismo.<\/p>\n<hr \/>\n<h4><a href=\"http:\/\/creena.educacion.navarra.es\/web\/wp-content\/uploads\/2017\/04\/autismoavila.png\"><img loading=\"lazy\" class=\" wp-image-8078 alignleft\" src=\"http:\/\/creena.educacion.navarra.es\/web\/wp-content\/uploads\/2017\/04\/autismoavila-300x211.png\" alt=\"\" width=\"230\" height=\"162\" srcset=\"https:\/\/creena.educacion.navarra.es\/web\/wp-content\/uploads\/2017\/04\/autismoavila-300x211.png 300w, https:\/\/creena.educacion.navarra.es\/web\/wp-content\/uploads\/2017\/04\/autismoavila.png 538w\" sizes=\"(max-width: 230px) 100vw, 230px\" \/><\/a><a href=\"http:\/\/www.autismoavila.org\/\" target=\"_blank\">AUTISMO \u00c1VILA<\/a><\/h4>\n<p>Asociaci\u00f3n de padres y familiares de personas con autismo<\/p>\n<p>&nbsp;<\/p>\n<p>&nbsp;<\/p>\n<p>&nbsp;<\/p>\n<hr \/>\n<h4><a href=\"http:\/\/creena.educacion.navarra.es\/web\/wp-content\/uploads\/2017\/04\/autismoburgos.png\"><img loading=\"lazy\" class=\" wp-image-8080 alignleft\" src=\"http:\/\/creena.educacion.navarra.es\/web\/wp-content\/uploads\/2017\/04\/autismoburgos-300x211.png\" alt=\"\" width=\"230\" height=\"162\" srcset=\"https:\/\/creena.educacion.navarra.es\/web\/wp-content\/uploads\/2017\/04\/autismoburgos-300x211.png 300w, https:\/\/creena.educacion.navarra.es\/web\/wp-content\/uploads\/2017\/04\/autismoburgos.png 476w\" sizes=\"(max-width: 230px) 100vw, 230px\" \/><\/a><a href=\"http:\/\/www.autismoburgos.es\/\" target=\"_blank\">AUTISMO BURGOS<\/a><\/h4>\n<p>La Asociaci\u00f3n Autismo Burgos es una entidad sin \u00e1nimo de lucro promovida por familiares de personas con trastornos del espectro del autismo.<\/p>\n<p>&nbsp;<\/p>\n<p>&nbsp;<\/p>\n<hr \/>\n<h4><strong><a href=\"http:\/\/creena.educacion.navarra.es\/web\/wp-content\/uploads\/2017\/04\/apnabi.png\"><img loading=\"lazy\" class=\" wp-image-8076 alignleft\" src=\"http:\/\/creena.educacion.navarra.es\/web\/wp-content\/uploads\/2017\/04\/apnabi.png\" alt=\"\" width=\"226\" height=\"163\" \/><\/a>APNABI<\/strong><\/h4>\n<p>Asociaci\u00f3n Autismo de Bizkaia<\/p>\n<p>&nbsp;<\/p>\n<p>&nbsp;<\/p>\n<p>&nbsp;<\/p>\n<hr \/>\n<h4><a href=\"http:\/\/creena.educacion.navarra.es\/web\/wp-content\/uploads\/2017\/04\/autismosevilla.png\"><img loading=\"lazy\" class=\" wp-image-8082 alignleft\" src=\"http:\/\/creena.educacion.navarra.es\/web\/wp-content\/uploads\/2017\/04\/autismosevilla-300x59.png\" alt=\"\" width=\"229\" height=\"45\" srcset=\"https:\/\/creena.educacion.navarra.es\/web\/wp-content\/uploads\/2017\/04\/autismosevilla-300x59.png 300w, https:\/\/creena.educacion.navarra.es\/web\/wp-content\/uploads\/2017\/04\/autismosevilla-768x152.png 768w, https:\/\/creena.educacion.navarra.es\/web\/wp-content\/uploads\/2017\/04\/autismosevilla.png 800w\" sizes=\"(max-width: 229px) 100vw, 229px\" \/><\/a><a href=\"http:\/\/www.autismosevilla.org\/es\/index.html\" target=\"_blank\">AUTISMO SEVILLA<\/a><\/h4>\n<p>Asociaci\u00f3n sin \u00e1nimo de lucro desde 1978.<\/p>\n<hr \/>\n<h4><a href=\"http:\/\/creena.educacion.navarra.es\/web\/wp-content\/uploads\/2017\/04\/anaif.png\"><img loading=\"lazy\" class=\" wp-image-8072 alignleft\" src=\"http:\/\/creena.educacion.navarra.es\/web\/wp-content\/uploads\/2017\/04\/anaif-300x300.png\" alt=\"\" width=\"224\" height=\"224\" srcset=\"https:\/\/creena.educacion.navarra.es\/web\/wp-content\/uploads\/2017\/04\/anaif-300x300.png 300w, https:\/\/creena.educacion.navarra.es\/web\/wp-content\/uploads\/2017\/04\/anaif-150x150.png 150w, https:\/\/creena.educacion.navarra.es\/web\/wp-content\/uploads\/2017\/04\/anaif.png 567w\" sizes=\"(max-width: 224px) 100vw, 224px\" \/><\/a><a href=\"http:\/\/www.anaif.org\/\" target=\"_blank\">ANAIF<\/a><\/h4>\n<p>Asociaci\u00f3n Navarra de Apoyo a la Infancia y a la Familia.<\/p>\n<p>&nbsp;<\/p>\n<p>&nbsp;<\/p>\n<p>&nbsp;<\/p>\n<p>&nbsp;<\/p>\n<hr \/>\n<h4><a href=\"http:\/\/creena.educacion.navarra.es\/web\/wp-content\/uploads\/2017\/04\/deletrea.png\"><img loading=\"lazy\" class=\" wp-image-8086 alignleft\" src=\"http:\/\/creena.educacion.navarra.es\/web\/wp-content\/uploads\/2017\/04\/deletrea-300x130.png\" alt=\"\" width=\"229\" height=\"99\" srcset=\"https:\/\/creena.educacion.navarra.es\/web\/wp-content\/uploads\/2017\/04\/deletrea-300x130.png 300w, https:\/\/creena.educacion.navarra.es\/web\/wp-content\/uploads\/2017\/04\/deletrea-768x332.png 768w, https:\/\/creena.educacion.navarra.es\/web\/wp-content\/uploads\/2017\/04\/deletrea.png 800w\" sizes=\"(max-width: 229px) 100vw, 229px\" \/><\/a><a href=\"http:\/\/www.deletrea.es\/\" target=\"_blank\">DELETREA<\/a><\/h4>\n<p>Centro de Psicolog\u00eda y Lenguaje que trabaja para mejorar la calidad de vida de las personas con Espectro Autista.<\/p>\n<p>&nbsp;<\/p>\n<hr \/>\n<h4><strong><a href=\"http:\/\/creena.educacion.navarra.es\/web\/wp-content\/uploads\/2017\/04\/fespau.png\"><img loading=\"lazy\" class=\" wp-image-8090 alignleft\" src=\"http:\/\/creena.educacion.navarra.es\/web\/wp-content\/uploads\/2017\/04\/fespau.png\" alt=\"\" width=\"230\" height=\"100\" \/><\/a>FESPAU<\/strong><\/h4>\n<p>Confederaci\u00f3n espa\u00f1ola de Autismo.<\/p>\n<p>&nbsp;<\/p>\n<hr \/>\n<h4><a href=\"http:\/\/creena.educacion.navarra.es\/web\/wp-content\/uploads\/2017\/04\/gautena.png\"><img loading=\"lazy\" class=\" wp-image-8092 alignleft\" src=\"http:\/\/creena.educacion.navarra.es\/web\/wp-content\/uploads\/2017\/04\/gautena-300x276.png\" alt=\"\" width=\"229\" height=\"211\" srcset=\"https:\/\/creena.educacion.navarra.es\/web\/wp-content\/uploads\/2017\/04\/gautena-300x276.png 300w, https:\/\/creena.educacion.navarra.es\/web\/wp-content\/uploads\/2017\/04\/gautena.png 623w\" sizes=\"(max-width: 229px) 100vw, 229px\" \/><\/a><a href=\"http:\/\/www.gautena.org\/intro\/intro.php\" target=\"_blank\">GAUTENA<\/a><\/h4>\n<p>Asociaci\u00f3n guipuzcoana de autismo.<\/p>\n<p>&nbsp;<\/p>\n<p>&nbsp;<\/p>\n<p>&nbsp;<\/p>\n<p>&nbsp;<\/p>\n<hr \/>\n<h4><a href=\"http:\/\/creena.educacion.navarra.es\/web\/wp-content\/uploads\/2017\/04\/juanmartos.png\"><img loading=\"lazy\" class=\" wp-image-8094 alignleft\" src=\"http:\/\/creena.educacion.navarra.es\/web\/wp-content\/uploads\/2017\/04\/juanmartos-300x169.png\" alt=\"\" width=\"231\" height=\"130\" srcset=\"https:\/\/creena.educacion.navarra.es\/web\/wp-content\/uploads\/2017\/04\/juanmartos-300x169.png 300w, https:\/\/creena.educacion.navarra.es\/web\/wp-content\/uploads\/2017\/04\/juanmartos.png 334w\" sizes=\"(max-width: 231px) 100vw, 231px\" \/><\/a><a href=\"http:\/\/www.centrojuanmartos.com\/\" target=\"_blank\">CEE JUAN MARTOS<\/a><\/h4>\n<p>Centro de Educaci\u00f3n Especial para personas con Trastorno del Espectro Autista.<\/p>\n<p>&nbsp;<\/p>\n<hr \/>\n<h4><a href=\"http:\/\/creena.educacion.navarra.es\/web\/wp-content\/uploads\/2017\/04\/fa.png\"><img loading=\"lazy\" class=\" wp-image-8088 alignleft\" src=\"http:\/\/creena.educacion.navarra.es\/web\/wp-content\/uploads\/2017\/04\/fa.png\" alt=\"\" width=\"230\" height=\"143\" \/><\/a><a href=\"http:\/\/www.asperger.es\/asociaciones.php\" target=\"_blank\">FA&#8230;<\/a><\/h4>\n<p>Federaci\u00f3n que agrupa a Asociaciones de S\u00cdNDROME DE ASPERGER de \u00e1mbito nacional y auton\u00f3mico.<\/p>\n<p>&nbsp;<\/p>\n<p>&nbsp;<\/p>\n<hr \/>\n<h4><a href=\"http:\/\/creena.educacion.navarra.es\/web\/wp-content\/uploads\/2017\/04\/luciernaga.png\"><img loading=\"lazy\" class=\" wp-image-8096 alignleft\" src=\"http:\/\/creena.educacion.navarra.es\/web\/wp-content\/uploads\/2017\/04\/luciernaga.png\" alt=\"\" width=\"230\" height=\"179\" \/><\/a><a href=\"http:\/\/www.asociacionluci\u00e9rnaga.es\/index.html\" target=\"_blank\">ASOCIACI\u00d3N LUCI\u00c9RNAGA<\/a><\/h4>\n<p>Asociaci\u00f3n de familias con personas con S\u00edndrome de Asperger y TGD de Navarra.<\/p>\n","protected":false},"excerpt":{"rendered":"<p>AETAPI Asociaci\u00f3n espa\u00f1ola de profesionales del autismo &nbsp; ASOCIACI\u00d3N ANA Asociaci\u00f3n sin \u00e1nimo de lucro creada por un grupo de padres de ni\u00f1os afectados de autismo en Enero de 2012 en Pamplona. ANFAS NAVARRA Asociaci\u00f3n de Navarra que, desde 1961, presta apoyos y defiende los derechos de las personas con discapacidad intelectual o del desarrollo [&hellip;]<\/p>\n","protected":false},"author":1,"featured_media":0,"parent":7592,"menu_order":5,"comment_status":"closed","ping_status":"closed","template":"","meta":{"_genesis_hide_title":false,"_genesis_hide_breadcrumbs":false,"_genesis_hide_singular_image":false,"_genesis_hide_footer_widgets":false,"_genesis_custom_body_class":"","_genesis_custom_post_class":"","_genesis_layout":""},"_links":{"self":[{"href":"https:\/\/creena.educacion.navarra.es\/web\/wp-json\/wp\/v2\/pages\/8065"}],"collection":[{"href":"https:\/\/creena.educacion.navarra.es\/web\/wp-json\/wp\/v2\/pages"}],"about":[{"href":"https:\/\/creena.educacion.navarra.es\/web\/wp-json\/wp\/v2\/types\/page"}],"author":[{"embeddable":true,"href":"https:\/\/creena.educacion.navarra.es\/web\/wp-json\/wp\/v2\/users\/1"}],"replies":[{"embeddable":true,"href":"https:\/\/creena.educacion.navarra.es\/web\/wp-json\/wp\/v2\/comments?post=8065"}],"version-history":[{"count":3,"href":"https:\/\/creena.educacion.navarra.es\/web\/wp-json\/wp\/v2\/pages\/8065\/revisions"}],"predecessor-version":[{"id":8100,"href":"https:\/\/creena.educacion.navarra.es\/web\/wp-json\/wp\/v2\/pages\/8065\/revisions\/8100"}],"up":[{"embeddable":true,"href":"https:\/\/creena.educacion.navarra.es\/web\/wp-json\/wp\/v2\/pages\/7592"}],"wp:attachment":[{"href":"https:\/\/creena.educacion.navarra.es\/web\/wp-json\/wp\/v2\/media?parent=8065"}],"curies":[{"name":"wp","href":"https:\/\/api.w.org\/{rel}","templated":true}]}}