{"id":8110,"date":"2017-04-05T11:47:16","date_gmt":"2017-04-05T09:47:16","guid":{"rendered":"http:\/\/creena.educacion.navarra.es\/web\/?page_id=8110\/"},"modified":"2024-10-15T11:25:20","modified_gmt":"2024-10-15T09:25:20","slug":"asociaciones-relacionadas-con-la-discapacidad-intelectural","status":"publish","type":"page","link":"https:\/\/creena.educacion.navarra.es\/web\/necesidades-educativas-especiales\/equipo-de-psiquicos\/discapacidad-intelectualp\/asociaciones-relacionadas-con-la-discapacidad-intelectural\/","title":{"rendered":"Asociaciones relacionadas con la discapacidad intelectual"},"content":{"rendered":"<h4><a href=\"http:\/\/creena.educacion.navarra.es\/web\/wp-content\/uploads\/2017\/04\/anfas.png\"><img loading=\"lazy\" class=\"alignleft wp-image-8074\" src=\"http:\/\/creena.educacion.navarra.es\/web\/wp-content\/uploads\/2017\/04\/anfas-300x62.png\" alt=\"\" width=\"256\" height=\"53\" srcset=\"https:\/\/creena.educacion.navarra.es\/web\/wp-content\/uploads\/2017\/04\/anfas-300x62.png 300w, https:\/\/creena.educacion.navarra.es\/web\/wp-content\/uploads\/2017\/04\/anfas-768x158.png 768w, https:\/\/creena.educacion.navarra.es\/web\/wp-content\/uploads\/2017\/04\/anfas.png 975w\" sizes=\"(max-width: 256px) 100vw, 256px\" \/><\/a><a href=\"http:\/\/anfasnavarra.org\/\" target=\"_blank\" rel=\"noopener noreferrer\">ANFAS<\/a><\/h4>\n<p>Asociaci\u00f3n Navarra a favor de las personas con discapacidad.<\/p>\n<hr \/>\n<h4><a href=\"http:\/\/creena.educacion.navarra.es\/web\/wp-content\/uploads\/2017\/04\/apdema.png\"><img loading=\"lazy\" class=\"alignleft wp-image-8111\" src=\"http:\/\/creena.educacion.navarra.es\/web\/wp-content\/uploads\/2017\/04\/apdema.png\" alt=\"\" width=\"231\" height=\"105\" \/><\/a><a href=\"http:\/\/www.apdema.org\/\" target=\"_blank\" rel=\"noopener noreferrer\">APDEMA<\/a><\/h4>\n<p><strong>\u00a0<\/strong>Asociaci\u00f3n a favor de las personas con discapacidad intelectual en \u00c1lava<\/p>\n<p>.<\/p>\n<hr \/>\n<h4><a href=\"https:\/\/creena.educacion.navarra.es\/web\/wp-content\/uploads\/2024\/03\/aspace.png\"><img loading=\"lazy\" class=\"alignleft wp-image-17993 size-full\" src=\"https:\/\/creena.educacion.navarra.es\/web\/wp-content\/uploads\/2024\/03\/aspace.png\" alt=\"\" width=\"292\" height=\"98\" \/><\/a><a href=\"https:\/\/aspacenavarra.org\/\" target=\"_blank\" rel=\"noopener\">ASPACE<\/a><\/h4>\n<p><strong>\u00a0<\/strong>Entidad sin \u00e1nimo de lucro. Desde el\u00a0 a\u00f1o 2003 son tres sus l\u00edneas de actuaci\u00f3n: programas para personas con par\u00e1lisis cerebral. Programas para las familias y programas en la sociedad. <strong>\u00a0<\/strong><\/p>\n<hr \/>\n<h4><a href=\"http:\/\/creena.educacion.navarra.es\/web\/wp-content\/uploads\/2017\/04\/atena.png\"><img loading=\"lazy\" class=\"alignleft wp-image-8115\" src=\"http:\/\/creena.educacion.navarra.es\/web\/wp-content\/uploads\/2017\/04\/atena.png\" alt=\"\" width=\"173\" height=\"200\" \/><\/a><a href=\"http:\/\/www.fundacionatena.org\/\" target=\"_blank\" rel=\"noopener noreferrer\">ATENA<\/a><\/h4>\n<p>La fundaci\u00f3n Atena promueve y fomenta el desarrollo integral de las personas con discapacidad a trav\u00e9s del arte<\/p>\n<p>.<\/p>\n<hr \/>\n<h4><a href=\"http:\/\/creena.educacion.navarra.es\/web\/wp-content\/uploads\/2017\/04\/bidean.png\"><img loading=\"lazy\" class=\"alignleft wp-image-8117\" src=\"http:\/\/creena.educacion.navarra.es\/web\/wp-content\/uploads\/2017\/04\/bidean-300x101.png\" alt=\"\" width=\"232\" height=\"78\" srcset=\"https:\/\/creena.educacion.navarra.es\/web\/wp-content\/uploads\/2017\/04\/bidean-300x100.png 300w, https:\/\/creena.educacion.navarra.es\/web\/wp-content\/uploads\/2017\/04\/bidean.png 331w\" sizes=\"(max-width: 232px) 100vw, 232px\" \/><\/a><a href=\"http:\/\/www.bidean.es\/\" target=\"_blank\" rel=\"noopener noreferrer\">BIDEAN<\/a><\/h4>\n<p>La asociaci\u00f3n Bidean es un centro especial de empleo.<\/p>\n<hr \/>\n<h4><a href=\"http:\/\/creena.educacion.navarra.es\/web\/wp-content\/uploads\/2017\/04\/cermin.png\"><img loading=\"lazy\" class=\"alignleft wp-image-8119\" src=\"http:\/\/creena.educacion.navarra.es\/web\/wp-content\/uploads\/2017\/04\/cermin-300x86.png\" alt=\"\" width=\"230\" height=\"66\" srcset=\"https:\/\/creena.educacion.navarra.es\/web\/wp-content\/uploads\/2017\/04\/cermin-300x86.png 300w, https:\/\/creena.educacion.navarra.es\/web\/wp-content\/uploads\/2017\/04\/cermin.png 350w\" sizes=\"(max-width: 230px) 100vw, 230px\" \/><\/a><a href=\"http:\/\/www.discapacidadnavarra.org\/\" target=\"_blank\" rel=\"noopener noreferrer\">CERMIN<\/a><\/h4>\n<p><strong>\u00a0<\/strong>Comit\u00e9 de Entidades Representantes de Personas con Discapacidad de Navarra.<\/p>\n<hr \/>\n<h4><a href=\"http:\/\/creena.educacion.navarra.es\/web\/wp-content\/uploads\/2017\/04\/down.png\"><img loading=\"lazy\" class=\"alignleft wp-image-8121\" src=\"http:\/\/creena.educacion.navarra.es\/web\/wp-content\/uploads\/2017\/04\/down.png\" alt=\"\" width=\"232\" height=\"73\" \/><\/a><a href=\"http:\/\/www.sindromedownnavarra.org\/\" target=\"_blank\" rel=\"noopener noreferrer\">DOWN NAVARRA<\/a><\/h4>\n<p>Asociaci\u00f3n S\u00edndrome de Down de Navarra es una entidad que trabaja desde 1990 por las personas con S\u00edndrome de Down.<\/p>\n<hr \/>\n<h4><a href=\"http:\/\/creena.educacion.navarra.es\/web\/wp-content\/uploads\/2017\/04\/plenain.png\"><img loading=\"lazy\" class=\"alignleft wp-image-8123\" src=\"http:\/\/creena.educacion.navarra.es\/web\/wp-content\/uploads\/2017\/04\/plenain.png\" alt=\"\" width=\"232\" height=\"81\" \/><\/a><a href=\"http:\/\/www.plenainclusion.org\/\" target=\"_blank\" rel=\"noopener noreferrer\">PLENA INCLUSI\u00d3N<\/a><\/h4>\n<p><strong>\u00a0<\/strong>Organizaci\u00f3n que representa en Espa\u00f1a a las personas con discapacidad intelectual o del desarrollo.<\/p>\n<hr \/>\n<h4><a href=\"http:\/\/creena.educacion.navarra.es\/web\/wp-content\/uploads\/2017\/04\/plenaeusk.png\"><img loading=\"lazy\" class=\" wp-image-8558 alignleft\" src=\"http:\/\/creena.educacion.navarra.es\/web\/wp-content\/uploads\/2017\/04\/plenaeusk.png\" alt=\"\" width=\"232\" height=\"126\" \/><\/a><a href=\"http:\/\/fevas.org\/eu\/\" target=\"_blank\" rel=\"noopener noreferrer\">PLENA INCLUSI\u00d3N EUSKADI<\/a><\/h4>\n<p>Federaci\u00f3n de entidades que trabaja por los derechos de las personas con discapacidad intelectual o del desarrollo y de sus familias<\/p>\n<p>.<\/p>\n<hr \/>\n<h4><a href=\"http:\/\/creena.educacion.navarra.es\/web\/wp-content\/uploads\/2017\/04\/plenana.png\"><img loading=\"lazy\" class=\" wp-image-8127 alignleft\" src=\"http:\/\/creena.educacion.navarra.es\/web\/wp-content\/uploads\/2017\/04\/plenana.png\" alt=\"\" width=\"233\" height=\"121\" \/><\/a><a href=\"http:\/\/www.feapsnavarra.org\/\" target=\"_blank\" rel=\"noopener noreferrer\">PLENA INCLUSI\u00d3N NAVARRA<\/a><\/h4>\n<p>Federaci\u00f3n de asociaciones y entidades navarras a favor de las personas con discapacidad intelectual o del desarrollo y de sus familias.<\/p>\n<p>.<\/p>\n<hr \/>\n<h4><a href=\"http:\/\/creena.educacion.navarra.es\/web\/wp-content\/uploads\/2017\/04\/gorabide.png\"><img loading=\"lazy\" class=\" wp-image-8129 alignleft\" src=\"http:\/\/creena.educacion.navarra.es\/web\/wp-content\/uploads\/2017\/04\/gorabide.png\" alt=\"\" width=\"222\" height=\"222\" srcset=\"https:\/\/creena.educacion.navarra.es\/web\/wp-content\/uploads\/2017\/04\/gorabide.png 225w, https:\/\/creena.educacion.navarra.es\/web\/wp-content\/uploads\/2017\/04\/gorabide-150x150.png 150w\" sizes=\"(max-width: 222px) 100vw, 222px\" \/><\/a><a href=\"http:\/\/www.gorabide.com\/\" target=\"_blank\" rel=\"noopener noreferrer\">GORABIDE<\/a><\/h4>\n<p><strong>\u00a0<\/strong>Asociaci\u00f3n vizca\u00edna en defensa de las personas con discapacidad intelectual.<\/p>\n<p><strong>\u00a0<\/strong><\/p>\n","protected":false},"excerpt":{"rendered":"<p>ANFAS Asociaci\u00f3n Navarra a favor de las personas con discapacidad. APDEMA \u00a0Asociaci\u00f3n a favor de las personas con discapacidad intelectual en \u00c1lava . ASPACE \u00a0Entidad sin \u00e1nimo de lucro. Desde el\u00a0 a\u00f1o 2003 son tres sus l\u00edneas de actuaci\u00f3n: programas para personas con par\u00e1lisis cerebral. Programas para las familias y programas en la sociedad. \u00a0 [&hellip;]<\/p>\n","protected":false},"author":1,"featured_media":0,"parent":7590,"menu_order":1,"comment_status":"closed","ping_status":"closed","template":"","meta":{"_genesis_hide_title":false,"_genesis_hide_breadcrumbs":false,"_genesis_hide_singular_image":false,"_genesis_hide_footer_widgets":false,"_genesis_custom_body_class":"","_genesis_custom_post_class":"","_genesis_layout":""},"_links":{"self":[{"href":"https:\/\/creena.educacion.navarra.es\/web\/wp-json\/wp\/v2\/pages\/8110"}],"collection":[{"href":"https:\/\/creena.educacion.navarra.es\/web\/wp-json\/wp\/v2\/pages"}],"about":[{"href":"https:\/\/creena.educacion.navarra.es\/web\/wp-json\/wp\/v2\/types\/page"}],"author":[{"embeddable":true,"href":"https:\/\/creena.educacion.navarra.es\/web\/wp-json\/wp\/v2\/users\/1"}],"replies":[{"embeddable":true,"href":"https:\/\/creena.educacion.navarra.es\/web\/wp-json\/wp\/v2\/comments?post=8110"}],"version-history":[{"count":16,"href":"https:\/\/creena.educacion.navarra.es\/web\/wp-json\/wp\/v2\/pages\/8110\/revisions"}],"predecessor-version":[{"id":18513,"href":"https:\/\/creena.educacion.navarra.es\/web\/wp-json\/wp\/v2\/pages\/8110\/revisions\/18513"}],"up":[{"embeddable":true,"href":"https:\/\/creena.educacion.navarra.es\/web\/wp-json\/wp\/v2\/pages\/7590"}],"wp:attachment":[{"href":"https:\/\/creena.educacion.navarra.es\/web\/wp-json\/wp\/v2\/media?parent=8110"}],"curies":[{"name":"wp","href":"https:\/\/api.w.org\/{rel}","templated":true}]}}